{"id":105807,"date":"2023-05-19T15:17:27","date_gmt":"2023-05-19T19:17:27","guid":{"rendered":"https:\/\/adf-magazine.com\/?page_id=105807"},"modified":"2024-11-20T10:14:12","modified_gmt":"2024-11-20T15:14:12","slug":"noticias-diaries","status":"publish","type":"page","link":"https:\/\/adf-magazine.com\/pt-pt\/noticias-diaries\/","title":{"rendered":"Not\u00edcias diaries"},"content":{"rendered":"\t\t<div data-elementor-type=\"wp-page\" data-elementor-id=\"105807\" class=\"elementor elementor-105807 elementor-105800\">\n\t\t\t\t\t\t<section class=\"elementor-section elementor-top-section elementor-element elementor-element-ed1434d elementor-section-boxed elementor-section-height-default elementor-section-height-default\" data-id=\"ed1434d\" data-element_type=\"section\" data-e-type=\"section\">\n\t\t\t\t\t\t<div class=\"elementor-container elementor-column-gap-default\">\n\t\t\t\t\t<div class=\"elementor-column elementor-col-100 elementor-top-column elementor-element elementor-element-bffb971\" data-id=\"bffb971\" data-element_type=\"column\" data-e-type=\"column\">\n\t\t\t<div class=\"elementor-widget-wrap elementor-element-populated\">\n\t\t\t\t\t\t<div class=\"elementor-element elementor-element-e059d77 elementor-widget elementor-widget-smartmag-featgrid\" data-id=\"e059d77\" data-element_type=\"widget\" data-e-type=\"widget\" data-widget_type=\"smartmag-featgrid.default\">\n\t\t\t\t<div class=\"elementor-widget-container\">\n\t\t\t\t\t\t\t<section class=\"block-wrap block-feat-grid block-sc\" data-id=\"1\">\n\n\t\t\t\t\t\t\t\t\n\t\t\t\t\t\t\t\n\t\t\t\t<div class=\"block-head block-head-ac block-head-c is-left\">\n\n\t\t\t\t\t<h4 class=\"heading\">NOT\u00cdCIAS DIARIES<\/h4>\t\t\t\t\t\n\t\t\t\t\t\t\t\t\t<\/div>\n\t\t\t\t\n\t\t\t\n\t\t\t\n\t\t\t<div class=\"block-content\">\n\t\t\t\t\t\n<section class=\"feat-grid feat-grid-a slider common-slider arrow-hover feat-grid-ratio\">\n\n\t<div class=\"slides\" data-parallax data-slider=\"feat-grid\" data-scroll-num=\"1\" data-scroll-num-md=\"1\">\n\t\n\t\n\t\t\t\t\t<div class=\"items-wrap slide-wrap\">\n\t\t\t\t\t\n\t\t\t\t\t\t\t\n\t\t\t\t<div class=\"item item-large item-main item-1 pos-bot\">\n\n\t\t\t\t\t\n<article class=\"l-post grid-overlay grid-overlay-a hover-zoom\">\n\n\t\n\t\t\t<div class=\"media\">\n\n\t\t\n\t\t\t<a href=\"https:\/\/adf-magazine.com\/pt-pt\/2026\/09\/is-pretende-estabelecer-bastioes-em-mocambique\/\" class=\"image-link\" title=\"IS Pretende Estabelecer Basti\u00f5es em Mo\u00e7ambique\"><img fetchpriority=\"high\" decoding=\"async\" width=\"768\" height=\"562\" src=\"https:\/\/adf-magazine.com\/wp-content\/uploads\/2026\/09\/ISM-STRONGHOLD1-768x562.webp\" class=\"attachment-bunyad-768 size-bunyad-768 wp-post-image\" alt=\"\" sizes=\"(max-width: 634px) 100vw, 634px\" title=\"IS Pretende Estabelecer Basti\u00f5es em Mo\u00e7ambique\" srcset=\"https:\/\/adf-magazine.com\/wp-content\/uploads\/2026\/09\/ISM-STRONGHOLD1-768x562.webp 768w, https:\/\/adf-magazine.com\/wp-content\/uploads\/2026\/09\/ISM-STRONGHOLD1-300x220.webp 300w, https:\/\/adf-magazine.com\/wp-content\/uploads\/2026\/09\/ISM-STRONGHOLD1-1024x750.webp 1024w, https:\/\/adf-magazine.com\/wp-content\/uploads\/2026\/09\/ISM-STRONGHOLD1-150x110.webp 150w, https:\/\/adf-magazine.com\/wp-content\/uploads\/2026\/09\/ISM-STRONGHOLD1-450x330.webp 450w, https:\/\/adf-magazine.com\/wp-content\/uploads\/2026\/09\/ISM-STRONGHOLD1.webp 1080w\" \/><\/a>\t\t\t\n\t\t\t\n\t\t\t\n\t\t\t\n\t\t\n\t\t<\/div>\n\t\n\n\t\t\t<div class=\"content-wrap\">\n\t\n\t\t<div class=\"content\">\n\n\t\t\t<div class=\"post-meta post-meta-a meta-contrast has-below\"><div class=\"post-meta-items meta-above\"><span class=\"meta-item cat-labels\">\n\t\t\t\t\t\t\n\t\t\t\t\t\t<a href=\"https:\/\/adf-magazine.com\/pt-pt\/category\/melhores-historias\/\" class=\"category term-color-363\" rel=\"category\" tabindex=\"-1\">Not\u00edcias diaries<\/a>\n\t\t\t\t\t<\/span>\n\t\t\t\t\t<\/div><h2 class=\"is-title post-title\"><a href=\"https:\/\/adf-magazine.com\/pt-pt\/2026\/09\/is-pretende-estabelecer-bastioes-em-mocambique\/\">IS Pretende Estabelecer Basti\u00f5es em Mo\u00e7ambique<\/a><\/h2><div class=\"post-meta-items meta-below\"><span class=\"meta-item post-author\"><a href=\"https:\/\/adf-magazine.com\/pt-pt\/author\/adf\/\" rel=\"author\" class=\"molongui-author-link\" data-author-id=\"1\">ADF<\/a><\/span><span class=\"meta-item date\"><span class=\"date-link\"><time class=\"post-date\" datetime=\"2026-09-01T14:02:48-04:00\">1 de Setembro, 2026<\/time><\/span><\/span><\/div><\/div>\t\t\t\n\t\t\t\n\t\t\t\n\t\t<\/div>\n\n\t\t\t<\/div>\n\t\n<\/article>\n\t\t\t\t<\/div>\n\t\t\t\t\t\t\t\n\t\t\t\t\t\t\t\n\t\t\t\t<div class=\"item item-small item-2 pos-bot\">\n\n\t\t\t\t\t\n<article class=\"l-post grid-overlay grid-overlay-a hover-zoom\">\n\n\t\n\t\t\t<div class=\"media\">\n\n\t\t\n\t\t\t<a href=\"https:\/\/adf-magazine.com\/pt-pt\/2026\/09\/ia-ajuda-grupos-terroristas-a-planear-e-executar-ataques\/\" class=\"image-link\" title=\"IA Ajuda Grupos Terroristas a Planear e Executar Ataques\"><img decoding=\"async\" width=\"450\" height=\"300\" src=\"https:\/\/adf-magazine.com\/wp-content\/uploads\/2026\/09\/JIHAD-AI-1-450x300.webp\" class=\"attachment-bunyad-medium size-bunyad-medium wp-post-image\" alt=\"\" sizes=\"(max-width: 768px) 50vw, 316px\" title=\"IA Ajuda Grupos Terroristas a Planear e Executar Ataques\" srcset=\"https:\/\/adf-magazine.com\/wp-content\/uploads\/2026\/09\/JIHAD-AI-1-450x300.webp 450w, https:\/\/adf-magazine.com\/wp-content\/uploads\/2026\/09\/JIHAD-AI-1-300x200.webp 300w, https:\/\/adf-magazine.com\/wp-content\/uploads\/2026\/09\/JIHAD-AI-1-1024x683.webp 1024w, https:\/\/adf-magazine.com\/wp-content\/uploads\/2026\/09\/JIHAD-AI-1-768x512.webp 768w, https:\/\/adf-magazine.com\/wp-content\/uploads\/2026\/09\/JIHAD-AI-1-150x100.webp 150w, https:\/\/adf-magazine.com\/wp-content\/uploads\/2026\/09\/JIHAD-AI-1.webp 1080w\" \/><\/a>\t\t\t\n\t\t\t\n\t\t\t\n\t\t\t\n\t\t\n\t\t<\/div>\n\t\n\n\t\t\t<div class=\"content-wrap\">\n\t\n\t\t<div class=\"content\">\n\n\t\t\t<div class=\"post-meta post-meta-a meta-contrast has-below\"><div class=\"post-meta-items meta-above\"><span class=\"meta-item cat-labels\">\n\t\t\t\t\t\t\n\t\t\t\t\t\t<a href=\"https:\/\/adf-magazine.com\/pt-pt\/category\/melhores-historias\/\" class=\"category term-color-363\" rel=\"category\" tabindex=\"-1\">Not\u00edcias diaries<\/a>\n\t\t\t\t\t<\/span>\n\t\t\t\t\t<\/div><h2 class=\"is-title post-title\"><a href=\"https:\/\/adf-magazine.com\/pt-pt\/2026\/09\/ia-ajuda-grupos-terroristas-a-planear-e-executar-ataques\/\">IA Ajuda Grupos Terroristas a Planear e Executar Ataques<\/a><\/h2><div class=\"post-meta-items meta-below\"><span class=\"meta-item post-author\"><a href=\"https:\/\/adf-magazine.com\/pt-pt\/author\/adf\/\" rel=\"author\" class=\"molongui-author-link\" data-author-id=\"1\">ADF<\/a><\/span><span class=\"meta-item date\"><span class=\"date-link\"><time class=\"post-date\" datetime=\"2026-09-01T13:48:40-04:00\">1 de Setembro, 2026<\/time><\/span><\/span><\/div><\/div>\t\t\t\n\t\t\t\n\t\t\t\n\t\t<\/div>\n\n\t\t\t<\/div>\n\t\n<\/article>\n\t\t\t\t<\/div>\n\t\t\t\t\t\t\t\n\t\t\t\t\t\t\t\n\t\t\t\t<div class=\"item item-small item-3 pos-bot\">\n\n\t\t\t\t\t\n<article class=\"l-post grid-overlay grid-overlay-a hover-zoom\">\n\n\t\n\t\t\t<div class=\"media\">\n\n\t\t\n\t\t\t<a href=\"https:\/\/adf-magazine.com\/pt-pt\/2026\/09\/terroristas-recorrem-ao-tiktok-na-nigeria\/\" class=\"image-link\" title=\"Terroristas Recorrem ao TikTok na Nig\u00e9ria\"><img decoding=\"async\" width=\"450\" height=\"300\" src=\"https:\/\/adf-magazine.com\/wp-content\/uploads\/2026\/09\/JIHADI-TIKTOK3-450x300.webp\" class=\"attachment-bunyad-medium size-bunyad-medium wp-post-image\" alt=\"\" sizes=\"(max-width: 768px) 50vw, 316px\" title=\"Terroristas Recorrem ao TikTok na Nig\u00e9ria\" srcset=\"https:\/\/adf-magazine.com\/wp-content\/uploads\/2026\/09\/JIHADI-TIKTOK3-450x300.webp 450w, https:\/\/adf-magazine.com\/wp-content\/uploads\/2026\/09\/JIHADI-TIKTOK3-300x200.webp 300w, https:\/\/adf-magazine.com\/wp-content\/uploads\/2026\/09\/JIHADI-TIKTOK3-1024x683.webp 1024w, https:\/\/adf-magazine.com\/wp-content\/uploads\/2026\/09\/JIHADI-TIKTOK3-768x512.webp 768w, https:\/\/adf-magazine.com\/wp-content\/uploads\/2026\/09\/JIHADI-TIKTOK3-150x100.webp 150w, https:\/\/adf-magazine.com\/wp-content\/uploads\/2026\/09\/JIHADI-TIKTOK3.webp 1080w\" \/><\/a>\t\t\t\n\t\t\t\n\t\t\t\n\t\t\t\n\t\t\n\t\t<\/div>\n\t\n\n\t\t\t<div class=\"content-wrap\">\n\t\n\t\t<div class=\"content\">\n\n\t\t\t<div class=\"post-meta post-meta-a meta-contrast has-below\"><div class=\"post-meta-items meta-above\"><span class=\"meta-item cat-labels\">\n\t\t\t\t\t\t\n\t\t\t\t\t\t<a href=\"https:\/\/adf-magazine.com\/pt-pt\/category\/melhores-historias\/\" class=\"category term-color-363\" rel=\"category\" tabindex=\"-1\">Not\u00edcias diaries<\/a>\n\t\t\t\t\t<\/span>\n\t\t\t\t\t<\/div><h2 class=\"is-title post-title\"><a href=\"https:\/\/adf-magazine.com\/pt-pt\/2026\/09\/terroristas-recorrem-ao-tiktok-na-nigeria\/\">Terroristas Recorrem ao TikTok na Nig\u00e9ria<\/a><\/h2><div class=\"post-meta-items meta-below\"><span class=\"meta-item post-author\"><a href=\"https:\/\/adf-magazine.com\/pt-pt\/author\/adf\/\" rel=\"author\" class=\"molongui-author-link\" data-author-id=\"1\">ADF<\/a><\/span><span class=\"meta-item date\"><span class=\"date-link\"><time class=\"post-date\" datetime=\"2026-09-01T13:40:45-04:00\">1 de Setembro, 2026<\/time><\/span><\/span><\/div><\/div>\t\t\t\n\t\t\t\n\t\t\t\n\t\t<\/div>\n\n\t\t\t<\/div>\n\t\n<\/article>\n\t\t\t\t<\/div>\n\t\t\t\t\t\t\t\n\t\t\t\t\t\t\t\n\t\t\t\t<div class=\"item item-small item-4 pos-bot\">\n\n\t\t\t\t\t\n<article class=\"l-post grid-overlay grid-overlay-a hover-zoom\">\n\n\t\n\t\t\t<div class=\"media\">\n\n\t\t\n\t\t\t<a href=\"https:\/\/adf-magazine.com\/pt-pt\/2026\/09\/frota-sombra-da-russia-esconde-se-nos-registos-de-navegacao-africanos\/\" class=\"image-link\" title=\"\u2018Frota Sombra\u2019 da R\u00fassia Esconde-se nos Registos de Navega\u00e7\u00e3o Africanos\"><img loading=\"lazy\" decoding=\"async\" width=\"450\" height=\"300\" src=\"https:\/\/adf-magazine.com\/wp-content\/uploads\/2026\/09\/SEA-COVER-ONE-450x300.webp\" class=\"attachment-bunyad-medium size-bunyad-medium wp-post-image\" alt=\"\" sizes=\"(max-width: 768px) 50vw, 316px\" title=\"\u2018Frota Sombra\u2019 da R\u00fassia Esconde-se nos Registos de Navega\u00e7\u00e3o Africanos\" srcset=\"https:\/\/adf-magazine.com\/wp-content\/uploads\/2026\/09\/SEA-COVER-ONE-450x300.webp 450w, https:\/\/adf-magazine.com\/wp-content\/uploads\/2026\/09\/SEA-COVER-ONE-300x200.webp 300w, https:\/\/adf-magazine.com\/wp-content\/uploads\/2026\/09\/SEA-COVER-ONE-1024x683.webp 1024w, https:\/\/adf-magazine.com\/wp-content\/uploads\/2026\/09\/SEA-COVER-ONE-768x512.webp 768w, https:\/\/adf-magazine.com\/wp-content\/uploads\/2026\/09\/SEA-COVER-ONE-150x100.webp 150w, https:\/\/adf-magazine.com\/wp-content\/uploads\/2026\/09\/SEA-COVER-ONE.webp 1080w\" \/><\/a>\t\t\t\n\t\t\t\n\t\t\t\n\t\t\t\n\t\t\n\t\t<\/div>\n\t\n\n\t\t\t<div class=\"content-wrap\">\n\t\n\t\t<div class=\"content\">\n\n\t\t\t<div class=\"post-meta post-meta-a meta-contrast has-below\"><div class=\"post-meta-items meta-above\"><span class=\"meta-item cat-labels\">\n\t\t\t\t\t\t\n\t\t\t\t\t\t<a href=\"https:\/\/adf-magazine.com\/pt-pt\/category\/melhores-historias\/\" class=\"category term-color-363\" rel=\"category\" tabindex=\"-1\">Not\u00edcias diaries<\/a>\n\t\t\t\t\t<\/span>\n\t\t\t\t\t<\/div><h2 class=\"is-title post-title\"><a href=\"https:\/\/adf-magazine.com\/pt-pt\/2026\/09\/frota-sombra-da-russia-esconde-se-nos-registos-de-navegacao-africanos\/\">\u2018Frota Sombra\u2019 da R\u00fassia Esconde-se nos Registos de Navega\u00e7\u00e3o Africanos<\/a><\/h2><div class=\"post-meta-items meta-below\"><span class=\"meta-item post-author\"><a href=\"https:\/\/adf-magazine.com\/pt-pt\/author\/adf\/\" rel=\"author\" class=\"molongui-author-link\" data-author-id=\"1\">ADF<\/a><\/span><span class=\"meta-item date\"><span class=\"date-link\"><time class=\"post-date\" datetime=\"2026-09-01T13:35:37-04:00\">1 de Setembro, 2026<\/time><\/span><\/span><\/div><\/div>\t\t\t\n\t\t\t\n\t\t\t\n\t\t<\/div>\n\n\t\t\t<\/div>\n\t\n<\/article>\n\t\t\t\t<\/div>\n\t\t\t\t\t\t\t\n\t\t\t\t\t\t\t\n\t\t\t\t<div class=\"item item-small item-5 pos-bot\">\n\n\t\t\t\t\t\n<article class=\"l-post grid-overlay grid-overlay-a hover-zoom\">\n\n\t\n\t\t\t<div class=\"media\">\n\n\t\t\n\t\t\t<a href=\"https:\/\/adf-magazine.com\/pt-pt\/2026\/09\/embarcacoes-pequenas-e-nao-registadas-facilitam-a-pratica-de-crimes-no-mar\/\" class=\"image-link\" title=\"Embarca\u00e7\u00f5es Pequenas e N\u00e3o Registadas Facilitam a Pr\u00e1tica de Crimes no Mar\"><img loading=\"lazy\" decoding=\"async\" width=\"450\" height=\"300\" src=\"https:\/\/adf-magazine.com\/wp-content\/uploads\/2026\/09\/SMALL-VESSELS-I-450x300.webp\" class=\"attachment-bunyad-medium size-bunyad-medium wp-post-image\" alt=\"\" sizes=\"(max-width: 768px) 50vw, 316px\" title=\"Embarca\u00e7\u00f5es Pequenas e N\u00e3o Registadas Facilitam a Pr\u00e1tica de Crimes no Mar\" srcset=\"https:\/\/adf-magazine.com\/wp-content\/uploads\/2026\/09\/SMALL-VESSELS-I-450x300.webp 450w, https:\/\/adf-magazine.com\/wp-content\/uploads\/2026\/09\/SMALL-VESSELS-I-300x200.webp 300w, https:\/\/adf-magazine.com\/wp-content\/uploads\/2026\/09\/SMALL-VESSELS-I-1024x683.webp 1024w, https:\/\/adf-magazine.com\/wp-content\/uploads\/2026\/09\/SMALL-VESSELS-I-768x512.webp 768w, https:\/\/adf-magazine.com\/wp-content\/uploads\/2026\/09\/SMALL-VESSELS-I-150x100.webp 150w, https:\/\/adf-magazine.com\/wp-content\/uploads\/2026\/09\/SMALL-VESSELS-I.webp 1080w\" \/><\/a>\t\t\t\n\t\t\t\n\t\t\t\n\t\t\t\n\t\t\n\t\t<\/div>\n\t\n\n\t\t\t<div class=\"content-wrap\">\n\t\n\t\t<div class=\"content\">\n\n\t\t\t<div class=\"post-meta post-meta-a meta-contrast has-below\"><div class=\"post-meta-items meta-above\"><span class=\"meta-item cat-labels\">\n\t\t\t\t\t\t\n\t\t\t\t\t\t<a href=\"https:\/\/adf-magazine.com\/pt-pt\/category\/melhores-historias\/\" class=\"category term-color-363\" rel=\"category\" tabindex=\"-1\">Not\u00edcias diaries<\/a>\n\t\t\t\t\t<\/span>\n\t\t\t\t\t<\/div><h2 class=\"is-title post-title\"><a href=\"https:\/\/adf-magazine.com\/pt-pt\/2026\/09\/embarcacoes-pequenas-e-nao-registadas-facilitam-a-pratica-de-crimes-no-mar\/\">Embarca\u00e7\u00f5es Pequenas e N\u00e3o Registadas Facilitam a Pr\u00e1tica de Crimes no Mar<\/a><\/h2><div class=\"post-meta-items meta-below\"><span class=\"meta-item post-author\"><a href=\"https:\/\/adf-magazine.com\/pt-pt\/author\/adf\/\" rel=\"author\" class=\"molongui-author-link\" data-author-id=\"1\">ADF<\/a><\/span><span class=\"meta-item date\"><span class=\"date-link\"><time class=\"post-date\" datetime=\"2026-09-01T13:17:05-04:00\">1 de Setembro, 2026<\/time><\/span><\/span><\/div><\/div>\t\t\t\n\t\t\t\n\t\t\t\n\t\t<\/div>\n\n\t\t\t<\/div>\n\t\n<\/article>\n\t\t\t\t<\/div>\n\t\t\t\t\t\t\t\n\t\t\t\t\t\t\t\n\t\t\t\t\t<\/div>\n\t\t\n\t\n\t\t\t\t\t<div class=\"items-wrap slide-wrap\">\n\t\t\t\t\t\n\t\t\t\t\t\t\t\n\t\t\t\t<div class=\"item item-large item-main item-1 pos-bot\">\n\n\t\t\t\t\t\n<article class=\"l-post grid-overlay grid-overlay-a hover-zoom\">\n\n\t\n\t\t\t<div class=\"media\">\n\n\t\t\n\t\t\t<a href=\"https:\/\/adf-magazine.com\/pt-pt\/2026\/08\/africa-cria-um-escudo-contra-ameacas-cbrn\/\" class=\"image-link\" title=\"\u00c1frica Cria um Escudo Contra Amea\u00e7as CBRN\"><img loading=\"lazy\" decoding=\"async\" width=\"768\" height=\"432\" src=\"https:\/\/adf-magazine.com\/wp-content\/uploads\/2026\/08\/WRONG-HANDS1-1-768x432.jpg\" class=\"attachment-bunyad-768 size-bunyad-768 wp-post-image\" alt=\"\" sizes=\"(max-width: 634px) 100vw, 634px\" title=\"\u00c1frica Cria um Escudo Contra Amea\u00e7as CBRN\" srcset=\"https:\/\/adf-magazine.com\/wp-content\/uploads\/2026\/08\/WRONG-HANDS1-1-768x432.jpg 768w, https:\/\/adf-magazine.com\/wp-content\/uploads\/2026\/08\/WRONG-HANDS1-1-1024x576.jpg 1024w, https:\/\/adf-magazine.com\/wp-content\/uploads\/2026\/08\/WRONG-HANDS1-1.jpg 1080w\" \/><\/a>\t\t\t\n\t\t\t\n\t\t\t\n\t\t\t\n\t\t\n\t\t<\/div>\n\t\n\n\t\t\t<div class=\"content-wrap\">\n\t\n\t\t<div class=\"content\">\n\n\t\t\t<div class=\"post-meta post-meta-a meta-contrast has-below\"><div class=\"post-meta-items meta-above\"><span class=\"meta-item cat-labels\">\n\t\t\t\t\t\t\n\t\t\t\t\t\t<a href=\"https:\/\/adf-magazine.com\/pt-pt\/category\/melhores-historias\/\" class=\"category term-color-363\" rel=\"category\" tabindex=\"-1\">Not\u00edcias diaries<\/a>\n\t\t\t\t\t<\/span>\n\t\t\t\t\t<\/div><h2 class=\"is-title post-title\"><a href=\"https:\/\/adf-magazine.com\/pt-pt\/2026\/08\/africa-cria-um-escudo-contra-ameacas-cbrn\/\">\u00c1frica Cria um Escudo Contra Amea\u00e7as CBRN<\/a><\/h2><div class=\"post-meta-items meta-below\"><span class=\"meta-item post-author\"><a href=\"https:\/\/adf-magazine.com\/pt-pt\/author\/adf\/\" rel=\"author\" class=\"molongui-author-link\" data-author-id=\"1\">ADF<\/a><\/span><span class=\"meta-item date\"><span class=\"date-link\"><time class=\"post-date\" datetime=\"2026-08-25T15:01:37-04:00\">25 de Agosto, 2026<\/time><\/span><\/span><\/div><\/div>\t\t\t\n\t\t\t\n\t\t\t\n\t\t<\/div>\n\n\t\t\t<\/div>\n\t\n<\/article>\n\t\t\t\t<\/div>\n\t\t\t\t\t\t\t\n\t\t\t\t\t\t\t\n\t\t\t\t<div class=\"item item-small item-2 pos-bot\">\n\n\t\t\t\t\t\n<article class=\"l-post grid-overlay grid-overlay-a hover-zoom\">\n\n\t\n\t\t\t<div class=\"media\">\n\n\t\t\n\t\t\t<a href=\"https:\/\/adf-magazine.com\/pt-pt\/2026\/08\/turquia-cria-lacos-atraves-da-formacao\/\" class=\"image-link\" title=\"Turquia Cria La\u00e7os Atrav\u00e9s da Forma\u00e7\u00e3o\"><img loading=\"lazy\" decoding=\"async\" width=\"450\" height=\"282\" src=\"https:\/\/adf-magazine.com\/wp-content\/uploads\/2026\/08\/TURKEY-TRAINS-1-1-450x282.jpg\" class=\"attachment-bunyad-medium size-bunyad-medium wp-post-image\" alt=\"\" sizes=\"(max-width: 768px) 50vw, 316px\" title=\"Turquia Cria La\u00e7os Atrav\u00e9s da Forma\u00e7\u00e3o\" srcset=\"https:\/\/adf-magazine.com\/wp-content\/uploads\/2026\/08\/TURKEY-TRAINS-1-1-450x282.jpg 450w, https:\/\/adf-magazine.com\/wp-content\/uploads\/2026\/08\/TURKEY-TRAINS-1-1-300x188.jpg 300w, https:\/\/adf-magazine.com\/wp-content\/uploads\/2026\/08\/TURKEY-TRAINS-1-1-1024x641.jpg 1024w, https:\/\/adf-magazine.com\/wp-content\/uploads\/2026\/08\/TURKEY-TRAINS-1-1-768x481.jpg 768w, https:\/\/adf-magazine.com\/wp-content\/uploads\/2026\/08\/TURKEY-TRAINS-1-1-150x94.jpg 150w, https:\/\/adf-magazine.com\/wp-content\/uploads\/2026\/08\/TURKEY-TRAINS-1-1.jpg 1080w\" \/><\/a>\t\t\t\n\t\t\t\n\t\t\t\n\t\t\t\n\t\t\n\t\t<\/div>\n\t\n\n\t\t\t<div class=\"content-wrap\">\n\t\n\t\t<div class=\"content\">\n\n\t\t\t<div class=\"post-meta post-meta-a meta-contrast has-below\"><div class=\"post-meta-items meta-above\"><span class=\"meta-item cat-labels\">\n\t\t\t\t\t\t\n\t\t\t\t\t\t<a href=\"https:\/\/adf-magazine.com\/pt-pt\/category\/melhores-historias\/\" class=\"category term-color-363\" rel=\"category\" tabindex=\"-1\">Not\u00edcias diaries<\/a>\n\t\t\t\t\t<\/span>\n\t\t\t\t\t<\/div><h2 class=\"is-title post-title\"><a href=\"https:\/\/adf-magazine.com\/pt-pt\/2026\/08\/turquia-cria-lacos-atraves-da-formacao\/\">Turquia Cria La\u00e7os Atrav\u00e9s da Forma\u00e7\u00e3o<\/a><\/h2><div class=\"post-meta-items meta-below\"><span class=\"meta-item post-author\"><a href=\"https:\/\/adf-magazine.com\/pt-pt\/author\/adf\/\" rel=\"author\" class=\"molongui-author-link\" data-author-id=\"1\">ADF<\/a><\/span><span class=\"meta-item date\"><span class=\"date-link\"><time class=\"post-date\" datetime=\"2026-08-25T14:51:05-04:00\">25 de Agosto, 2026<\/time><\/span><\/span><\/div><\/div>\t\t\t\n\t\t\t\n\t\t\t\n\t\t<\/div>\n\n\t\t\t<\/div>\n\t\n<\/article>\n\t\t\t\t<\/div>\n\t\t\t\t\t\t\t\n\t\t\t\t\t\t\t\n\t\t\t\t<div class=\"item item-small item-3 pos-bot\">\n\n\t\t\t\t\t\n<article class=\"l-post grid-overlay grid-overlay-a hover-zoom\">\n\n\t\n\t\t\t<div class=\"media\">\n\n\t\t\n\t\t\t<a href=\"https:\/\/adf-magazine.com\/pt-pt\/2026\/08\/gana-enfrenta-uma-crise-iminente-ao-evitar-o-conflito-com-o-jnim\/\" class=\"image-link\" title=\"Gana Enfrenta Uma \u2018Crise Iminente\u2019 ao Evitar o Conflito Com o JNIM\"><img loading=\"lazy\" decoding=\"async\" width=\"450\" height=\"300\" src=\"https:\/\/adf-magazine.com\/wp-content\/uploads\/2026\/08\/SOVEREIGN-GAP-1-1-450x300.jpg\" class=\"attachment-bunyad-medium size-bunyad-medium wp-post-image\" alt=\"\" sizes=\"(max-width: 768px) 50vw, 316px\" title=\"Gana Enfrenta Uma \u2018Crise Iminente\u2019 ao Evitar o Conflito Com o JNIM\" srcset=\"https:\/\/adf-magazine.com\/wp-content\/uploads\/2026\/08\/SOVEREIGN-GAP-1-1-450x300.jpg 450w, https:\/\/adf-magazine.com\/wp-content\/uploads\/2026\/08\/SOVEREIGN-GAP-1-1-300x200.jpg 300w, https:\/\/adf-magazine.com\/wp-content\/uploads\/2026\/08\/SOVEREIGN-GAP-1-1-1024x683.jpg 1024w, https:\/\/adf-magazine.com\/wp-content\/uploads\/2026\/08\/SOVEREIGN-GAP-1-1-768x512.jpg 768w, https:\/\/adf-magazine.com\/wp-content\/uploads\/2026\/08\/SOVEREIGN-GAP-1-1-150x100.jpg 150w, https:\/\/adf-magazine.com\/wp-content\/uploads\/2026\/08\/SOVEREIGN-GAP-1-1.jpg 1080w\" \/><\/a>\t\t\t\n\t\t\t\n\t\t\t\n\t\t\t\n\t\t\n\t\t<\/div>\n\t\n\n\t\t\t<div class=\"content-wrap\">\n\t\n\t\t<div class=\"content\">\n\n\t\t\t<div class=\"post-meta post-meta-a meta-contrast has-below\"><div class=\"post-meta-items meta-above\"><span class=\"meta-item cat-labels\">\n\t\t\t\t\t\t\n\t\t\t\t\t\t<a href=\"https:\/\/adf-magazine.com\/pt-pt\/category\/melhores-historias\/\" class=\"category term-color-363\" rel=\"category\" tabindex=\"-1\">Not\u00edcias diaries<\/a>\n\t\t\t\t\t<\/span>\n\t\t\t\t\t<\/div><h2 class=\"is-title post-title\"><a href=\"https:\/\/adf-magazine.com\/pt-pt\/2026\/08\/gana-enfrenta-uma-crise-iminente-ao-evitar-o-conflito-com-o-jnim\/\">Gana Enfrenta Uma \u2018Crise Iminente\u2019 ao Evitar o Conflito Com o JNIM<\/a><\/h2><div class=\"post-meta-items meta-below\"><span class=\"meta-item post-author\"><a href=\"https:\/\/adf-magazine.com\/pt-pt\/author\/adf\/\" rel=\"author\" class=\"molongui-author-link\" data-author-id=\"1\">ADF<\/a><\/span><span class=\"meta-item date\"><span class=\"date-link\"><time class=\"post-date\" datetime=\"2026-08-25T14:43:59-04:00\">25 de Agosto, 2026<\/time><\/span><\/span><\/div><\/div>\t\t\t\n\t\t\t\n\t\t\t\n\t\t<\/div>\n\n\t\t\t<\/div>\n\t\n<\/article>\n\t\t\t\t<\/div>\n\t\t\t\t\t\t\t\n\t\t\t\t\t\t\t\n\t\t\t\t<div class=\"item item-small item-4 pos-bot\">\n\n\t\t\t\t\t\n<article class=\"l-post grid-overlay grid-overlay-a hover-zoom\">\n\n\t\n\t\t\t<div class=\"media\">\n\n\t\t\n\t\t\t<a href=\"https:\/\/adf-magazine.com\/pt-pt\/2026\/08\/russia-visa-a-costa-da-africa-ocidental-com-a-perda-de-terreno-no-sahel\/\" class=\"image-link\" title=\"R\u00fassia Visa a Costa da \u00c1frica Ocidental Com a Perda de Terreno no Sahel\"><img loading=\"lazy\" decoding=\"async\" width=\"450\" height=\"253\" src=\"https:\/\/adf-magazine.com\/wp-content\/uploads\/2026\/08\/NEW-FRONTIER1-1-450x253.jpg\" class=\"attachment-bunyad-medium size-bunyad-medium wp-post-image\" alt=\"\" sizes=\"(max-width: 768px) 50vw, 316px\" title=\"R\u00fassia Visa a Costa da \u00c1frica Ocidental Com a Perda de Terreno no Sahel\" srcset=\"https:\/\/adf-magazine.com\/wp-content\/uploads\/2026\/08\/NEW-FRONTIER1-1-450x253.jpg 450w, https:\/\/adf-magazine.com\/wp-content\/uploads\/2026\/08\/NEW-FRONTIER1-1-1024x576.jpg 1024w, https:\/\/adf-magazine.com\/wp-content\/uploads\/2026\/08\/NEW-FRONTIER1-1-768x432.jpg 768w, https:\/\/adf-magazine.com\/wp-content\/uploads\/2026\/08\/NEW-FRONTIER1-1.jpg 1080w\" \/><\/a>\t\t\t\n\t\t\t\n\t\t\t\n\t\t\t\n\t\t\n\t\t<\/div>\n\t\n\n\t\t\t<div class=\"content-wrap\">\n\t\n\t\t<div class=\"content\">\n\n\t\t\t<div class=\"post-meta post-meta-a meta-contrast has-below\"><div class=\"post-meta-items meta-above\"><span class=\"meta-item cat-labels\">\n\t\t\t\t\t\t\n\t\t\t\t\t\t<a href=\"https:\/\/adf-magazine.com\/pt-pt\/category\/melhores-historias\/\" class=\"category term-color-363\" rel=\"category\" tabindex=\"-1\">Not\u00edcias diaries<\/a>\n\t\t\t\t\t<\/span>\n\t\t\t\t\t<\/div><h2 class=\"is-title post-title\"><a href=\"https:\/\/adf-magazine.com\/pt-pt\/2026\/08\/russia-visa-a-costa-da-africa-ocidental-com-a-perda-de-terreno-no-sahel\/\">R\u00fassia Visa a Costa da \u00c1frica Ocidental Com a Perda de Terreno no Sahel<\/a><\/h2><div class=\"post-meta-items meta-below\"><span class=\"meta-item post-author\"><a href=\"https:\/\/adf-magazine.com\/pt-pt\/author\/adf\/\" rel=\"author\" class=\"molongui-author-link\" data-author-id=\"1\">ADF<\/a><\/span><span class=\"meta-item date\"><span class=\"date-link\"><time class=\"post-date\" datetime=\"2026-08-25T14:36:57-04:00\">25 de Agosto, 2026<\/time><\/span><\/span><\/div><\/div>\t\t\t\n\t\t\t\n\t\t\t\n\t\t<\/div>\n\n\t\t\t<\/div>\n\t\n<\/article>\n\t\t\t\t<\/div>\n\t\t\t\t\t\t\t\n\t\t\t\t\t\t\t\n\t\t\t\t<div class=\"item item-small item-5 pos-bot\">\n\n\t\t\t\t\t\n<article class=\"l-post grid-overlay grid-overlay-a hover-zoom\">\n\n\t\n\t\t\t<div class=\"media\">\n\n\t\t\n\t\t\t<a href=\"https:\/\/adf-magazine.com\/pt-pt\/2026\/08\/ameaca-da-galamsey-vai-alem-das-fronteiras-do-gana\/\" class=\"image-link\" title=\"Amea\u00e7a da Galamsey Vai Al\u00e9m das Fronteiras do Gana\"><img loading=\"lazy\" decoding=\"async\" width=\"450\" height=\"338\" src=\"https:\/\/adf-magazine.com\/wp-content\/uploads\/2026\/08\/GALAMSEY-THREAT2-1-450x338.jpg\" class=\"attachment-bunyad-medium size-bunyad-medium wp-post-image\" alt=\"\" sizes=\"(max-width: 768px) 50vw, 316px\" title=\"Amea\u00e7a da Galamsey Vai Al\u00e9m das Fronteiras do Gana\" srcset=\"https:\/\/adf-magazine.com\/wp-content\/uploads\/2026\/08\/GALAMSEY-THREAT2-1-450x338.jpg 450w, https:\/\/adf-magazine.com\/wp-content\/uploads\/2026\/08\/GALAMSEY-THREAT2-1-300x225.jpg 300w, https:\/\/adf-magazine.com\/wp-content\/uploads\/2026\/08\/GALAMSEY-THREAT2-1-1024x768.jpg 1024w, https:\/\/adf-magazine.com\/wp-content\/uploads\/2026\/08\/GALAMSEY-THREAT2-1-768x576.jpg 768w, https:\/\/adf-magazine.com\/wp-content\/uploads\/2026\/08\/GALAMSEY-THREAT2-1-150x113.jpg 150w, https:\/\/adf-magazine.com\/wp-content\/uploads\/2026\/08\/GALAMSEY-THREAT2-1.jpg 1080w\" \/><\/a>\t\t\t\n\t\t\t\n\t\t\t\n\t\t\t\n\t\t\n\t\t<\/div>\n\t\n\n\t\t\t<div class=\"content-wrap\">\n\t\n\t\t<div class=\"content\">\n\n\t\t\t<div class=\"post-meta post-meta-a meta-contrast has-below\"><div class=\"post-meta-items meta-above\"><span class=\"meta-item cat-labels\">\n\t\t\t\t\t\t\n\t\t\t\t\t\t<a href=\"https:\/\/adf-magazine.com\/pt-pt\/category\/melhores-historias\/\" class=\"category term-color-363\" rel=\"category\" tabindex=\"-1\">Not\u00edcias diaries<\/a>\n\t\t\t\t\t<\/span>\n\t\t\t\t\t<\/div><h2 class=\"is-title post-title\"><a href=\"https:\/\/adf-magazine.com\/pt-pt\/2026\/08\/ameaca-da-galamsey-vai-alem-das-fronteiras-do-gana\/\">Amea\u00e7a da Galamsey Vai Al\u00e9m das Fronteiras do Gana<\/a><\/h2><div class=\"post-meta-items meta-below\"><span class=\"meta-item post-author\"><a href=\"https:\/\/adf-magazine.com\/pt-pt\/author\/adf\/\" rel=\"author\" class=\"molongui-author-link\" data-author-id=\"1\">ADF<\/a><\/span><span class=\"meta-item date\"><span class=\"date-link\"><time class=\"post-date\" datetime=\"2026-08-25T14:29:33-04:00\">25 de Agosto, 2026<\/time><\/span><\/span><\/div><\/div>\t\t\t\n\t\t\t\n\t\t\t\n\t\t<\/div>\n\n\t\t\t<\/div>\n\t\n<\/article>\n\t\t\t\t<\/div>\n\t\t\t\t\t\t\t\n\t\t\t\t\t\t\t\n\t\t\t\t\t<\/div>\n\t\t\n\t\n\t\t\t\t\t<div class=\"items-wrap slide-wrap\">\n\t\t\t\t\t\n\t\t\t\t\t\t\t\n\t\t\t\t<div class=\"item item-large item-main item-1 pos-bot\">\n\n\t\t\t\t\t\n<article class=\"l-post grid-overlay grid-overlay-a hover-zoom\">\n\n\t\n\t\t\t<div class=\"media\">\n\n\t\t\n\t\t\t<a href=\"https:\/\/adf-magazine.com\/pt-pt\/2026\/08\/carteis-mexicanos-enviam-fabricantes-de-metanfetamina-para-africa\/\" class=\"image-link\" title=\"Cart\u00e9is Mexicanos Enviam Fabricantes de Metanfetamina para \u00c1frica\"><img loading=\"lazy\" decoding=\"async\" width=\"768\" height=\"585\" src=\"https:\/\/adf-magazine.com\/wp-content\/uploads\/2026\/08\/EXPERT-SPREAD-1-768x585.jpg\" class=\"attachment-bunyad-768 size-bunyad-768 wp-post-image\" alt=\"\" sizes=\"(max-width: 634px) 100vw, 634px\" title=\"Cart\u00e9is Mexicanos Enviam Fabricantes de Metanfetamina para \u00c1frica\" srcset=\"https:\/\/adf-magazine.com\/wp-content\/uploads\/2026\/08\/EXPERT-SPREAD-1-768x585.jpg 768w, https:\/\/adf-magazine.com\/wp-content\/uploads\/2026\/08\/EXPERT-SPREAD-1-300x229.jpg 300w, https:\/\/adf-magazine.com\/wp-content\/uploads\/2026\/08\/EXPERT-SPREAD-1-1024x780.jpg 1024w, https:\/\/adf-magazine.com\/wp-content\/uploads\/2026\/08\/EXPERT-SPREAD-1-150x114.jpg 150w, https:\/\/adf-magazine.com\/wp-content\/uploads\/2026\/08\/EXPERT-SPREAD-1-450x343.jpg 450w, https:\/\/adf-magazine.com\/wp-content\/uploads\/2026\/08\/EXPERT-SPREAD-1.jpg 1080w\" \/><\/a>\t\t\t\n\t\t\t\n\t\t\t\n\t\t\t\n\t\t\n\t\t<\/div>\n\t\n\n\t\t\t<div class=\"content-wrap\">\n\t\n\t\t<div class=\"content\">\n\n\t\t\t<div class=\"post-meta post-meta-a meta-contrast has-below\"><div class=\"post-meta-items meta-above\"><span class=\"meta-item cat-labels\">\n\t\t\t\t\t\t\n\t\t\t\t\t\t<a href=\"https:\/\/adf-magazine.com\/pt-pt\/category\/melhores-historias\/\" class=\"category term-color-363\" rel=\"category\" tabindex=\"-1\">Not\u00edcias diaries<\/a>\n\t\t\t\t\t<\/span>\n\t\t\t\t\t<\/div><h2 class=\"is-title post-title\"><a href=\"https:\/\/adf-magazine.com\/pt-pt\/2026\/08\/carteis-mexicanos-enviam-fabricantes-de-metanfetamina-para-africa\/\">Cart\u00e9is Mexicanos Enviam Fabricantes de Metanfetamina para \u00c1frica<\/a><\/h2><div class=\"post-meta-items meta-below\"><span class=\"meta-item post-author\"><a href=\"https:\/\/adf-magazine.com\/pt-pt\/author\/adf\/\" rel=\"author\" class=\"molongui-author-link\" data-author-id=\"1\">ADF<\/a><\/span><span class=\"meta-item date\"><span class=\"date-link\"><time class=\"post-date\" datetime=\"2026-08-25T14:22:43-04:00\">25 de Agosto, 2026<\/time><\/span><\/span><\/div><\/div>\t\t\t\n\t\t\t\n\t\t\t\n\t\t<\/div>\n\n\t\t\t<\/div>\n\t\n<\/article>\n\t\t\t\t<\/div>\n\t\t\t\t\t\t\t\n\t\t\t\t\t\t\t\n\t\t\t\t<div class=\"item item-small item-2 pos-bot\">\n\n\t\t\t\t\t\n<article class=\"l-post grid-overlay grid-overlay-a hover-zoom\">\n\n\t\n\t\t\t<div class=\"media\">\n\n\t\t\n\t\t\t<a href=\"https:\/\/adf-magazine.com\/pt-pt\/2026\/08\/vidas-de-coaccao-e-privacao\/\" class=\"image-link\" title=\"Vidas de Coac\u00e7\u00e3o e Priva\u00e7\u00e3o\"><img loading=\"lazy\" decoding=\"async\" width=\"450\" height=\"300\" src=\"https:\/\/adf-magazine.com\/wp-content\/uploads\/2026\/08\/BRIDE1a-1-450x300.jpg\" class=\"attachment-bunyad-medium size-bunyad-medium wp-post-image\" alt=\"\" sizes=\"(max-width: 768px) 50vw, 316px\" title=\"Vidas de Coac\u00e7\u00e3o e Priva\u00e7\u00e3o\" srcset=\"https:\/\/adf-magazine.com\/wp-content\/uploads\/2026\/08\/BRIDE1a-1-450x300.jpg 450w, https:\/\/adf-magazine.com\/wp-content\/uploads\/2026\/08\/BRIDE1a-1-300x200.jpg 300w, https:\/\/adf-magazine.com\/wp-content\/uploads\/2026\/08\/BRIDE1a-1-1024x683.jpg 1024w, https:\/\/adf-magazine.com\/wp-content\/uploads\/2026\/08\/BRIDE1a-1-768x512.jpg 768w, https:\/\/adf-magazine.com\/wp-content\/uploads\/2026\/08\/BRIDE1a-1-150x100.jpg 150w, https:\/\/adf-magazine.com\/wp-content\/uploads\/2026\/08\/BRIDE1a-1.jpg 1080w\" \/><\/a>\t\t\t\n\t\t\t\n\t\t\t\n\t\t\t\n\t\t\n\t\t<\/div>\n\t\n\n\t\t\t<div class=\"content-wrap\">\n\t\n\t\t<div class=\"content\">\n\n\t\t\t<div class=\"post-meta post-meta-a meta-contrast has-below\"><div class=\"post-meta-items meta-above\"><span class=\"meta-item cat-labels\">\n\t\t\t\t\t\t\n\t\t\t\t\t\t<a href=\"https:\/\/adf-magazine.com\/pt-pt\/category\/melhores-historias\/\" class=\"category term-color-363\" rel=\"category\" tabindex=\"-1\">Not\u00edcias diaries<\/a>\n\t\t\t\t\t<\/span>\n\t\t\t\t\t<\/div><h2 class=\"is-title post-title\"><a href=\"https:\/\/adf-magazine.com\/pt-pt\/2026\/08\/vidas-de-coaccao-e-privacao\/\">Vidas de Coac\u00e7\u00e3o e Priva\u00e7\u00e3o<\/a><\/h2><div class=\"post-meta-items meta-below\"><span class=\"meta-item post-author\"><a href=\"https:\/\/adf-magazine.com\/pt-pt\/author\/adf\/\" rel=\"author\" class=\"molongui-author-link\" data-author-id=\"1\">ADF<\/a><\/span><span class=\"meta-item date\"><span class=\"date-link\"><time class=\"post-date\" datetime=\"2026-08-25T14:14:28-04:00\">25 de Agosto, 2026<\/time><\/span><\/span><\/div><\/div>\t\t\t\n\t\t\t\n\t\t\t\n\t\t<\/div>\n\n\t\t\t<\/div>\n\t\n<\/article>\n\t\t\t\t<\/div>\n\t\t\t\t\t\t\t\n\t\t\t\t\t\t\t\n\t\t\t\t<div class=\"item item-small item-3 pos-bot\">\n\n\t\t\t\t\t\n<article class=\"l-post grid-overlay grid-overlay-a hover-zoom\">\n\n\t\n\t\t\t<div class=\"media\">\n\n\t\t\n\t\t\t<a href=\"https:\/\/adf-magazine.com\/pt-pt\/2026\/08\/ia-usada-para-propagar-e-combater-o-odio\/\" class=\"image-link\" title=\"IA Usada para Propagar e Combater o \u00d3dio\"><img loading=\"lazy\" decoding=\"async\" width=\"450\" height=\"300\" src=\"https:\/\/adf-magazine.com\/wp-content\/uploads\/2026\/08\/AI-PROPAGANDA-1-450x300.jpg\" class=\"attachment-bunyad-medium size-bunyad-medium wp-post-image\" alt=\"\" sizes=\"(max-width: 768px) 50vw, 316px\" title=\"IA Usada para Propagar e Combater o \u00d3dio\" srcset=\"https:\/\/adf-magazine.com\/wp-content\/uploads\/2026\/08\/AI-PROPAGANDA-1-450x300.jpg 450w, https:\/\/adf-magazine.com\/wp-content\/uploads\/2026\/08\/AI-PROPAGANDA-1-300x200.jpg 300w, https:\/\/adf-magazine.com\/wp-content\/uploads\/2026\/08\/AI-PROPAGANDA-1-1024x683.jpg 1024w, https:\/\/adf-magazine.com\/wp-content\/uploads\/2026\/08\/AI-PROPAGANDA-1-768x512.jpg 768w, https:\/\/adf-magazine.com\/wp-content\/uploads\/2026\/08\/AI-PROPAGANDA-1-150x100.jpg 150w, https:\/\/adf-magazine.com\/wp-content\/uploads\/2026\/08\/AI-PROPAGANDA-1.jpg 1080w\" \/><\/a>\t\t\t\n\t\t\t\n\t\t\t\n\t\t\t\n\t\t\n\t\t<\/div>\n\t\n\n\t\t\t<div class=\"content-wrap\">\n\t\n\t\t<div class=\"content\">\n\n\t\t\t<div class=\"post-meta post-meta-a meta-contrast has-below\"><div class=\"post-meta-items meta-above\"><span class=\"meta-item cat-labels\">\n\t\t\t\t\t\t\n\t\t\t\t\t\t<a href=\"https:\/\/adf-magazine.com\/pt-pt\/category\/melhores-historias\/\" class=\"category term-color-363\" rel=\"category\" tabindex=\"-1\">Not\u00edcias diaries<\/a>\n\t\t\t\t\t<\/span>\n\t\t\t\t\t<\/div><h2 class=\"is-title post-title\"><a href=\"https:\/\/adf-magazine.com\/pt-pt\/2026\/08\/ia-usada-para-propagar-e-combater-o-odio\/\">IA Usada para Propagar e Combater o \u00d3dio<\/a><\/h2><div class=\"post-meta-items meta-below\"><span class=\"meta-item post-author\"><a href=\"https:\/\/adf-magazine.com\/pt-pt\/author\/adf\/\" rel=\"author\" class=\"molongui-author-link\" data-author-id=\"1\">ADF<\/a><\/span><span class=\"meta-item date\"><span class=\"date-link\"><time class=\"post-date\" datetime=\"2026-08-25T13:31:02-04:00\">25 de Agosto, 2026<\/time><\/span><\/span><\/div><\/div>\t\t\t\n\t\t\t\n\t\t\t\n\t\t<\/div>\n\n\t\t\t<\/div>\n\t\n<\/article>\n\t\t\t\t<\/div>\n\t\t\t\t\t\t\t\n\t\t\t\t\t\t\t\n\t\t\t\t<div class=\"item item-small item-4 pos-bot\">\n\n\t\t\t\t\t\n<article class=\"l-post grid-overlay grid-overlay-a hover-zoom\">\n\n\t\n\t\t\t<div class=\"media\">\n\n\t\t\n\t\t\t<a href=\"https:\/\/adf-magazine.com\/pt-pt\/2026\/08\/camaroes-combatem-abuso-de-registos-de-navios\/\" class=\"image-link\" title=\"Camar\u00f5es Combatem Abuso de Registos de Navios\"><img loading=\"lazy\" decoding=\"async\" width=\"450\" height=\"300\" src=\"https:\/\/adf-magazine.com\/wp-content\/uploads\/2026\/08\/CAM-FLAG1-450x300.webp\" class=\"attachment-bunyad-medium size-bunyad-medium wp-post-image\" alt=\"\" sizes=\"(max-width: 768px) 50vw, 316px\" title=\"Camar\u00f5es Combatem Abuso de Registos de Navios\" srcset=\"https:\/\/adf-magazine.com\/wp-content\/uploads\/2026\/08\/CAM-FLAG1-450x300.webp 450w, https:\/\/adf-magazine.com\/wp-content\/uploads\/2026\/08\/CAM-FLAG1-300x200.webp 300w, https:\/\/adf-magazine.com\/wp-content\/uploads\/2026\/08\/CAM-FLAG1-1024x683.webp 1024w, https:\/\/adf-magazine.com\/wp-content\/uploads\/2026\/08\/CAM-FLAG1-768x512.webp 768w, https:\/\/adf-magazine.com\/wp-content\/uploads\/2026\/08\/CAM-FLAG1-150x100.webp 150w, https:\/\/adf-magazine.com\/wp-content\/uploads\/2026\/08\/CAM-FLAG1.webp 1080w\" \/><\/a>\t\t\t\n\t\t\t\n\t\t\t\n\t\t\t\n\t\t\n\t\t<\/div>\n\t\n\n\t\t\t<div class=\"content-wrap\">\n\t\n\t\t<div class=\"content\">\n\n\t\t\t<div class=\"post-meta post-meta-a meta-contrast has-below\"><div class=\"post-meta-items meta-above\"><span class=\"meta-item cat-labels\">\n\t\t\t\t\t\t\n\t\t\t\t\t\t<a href=\"https:\/\/adf-magazine.com\/pt-pt\/category\/melhores-historias\/\" class=\"category term-color-363\" rel=\"category\" tabindex=\"-1\">Not\u00edcias diaries<\/a>\n\t\t\t\t\t<\/span>\n\t\t\t\t\t<\/div><h2 class=\"is-title post-title\"><a href=\"https:\/\/adf-magazine.com\/pt-pt\/2026\/08\/camaroes-combatem-abuso-de-registos-de-navios\/\">Camar\u00f5es Combatem Abuso de Registos de Navios<\/a><\/h2><div class=\"post-meta-items meta-below\"><span class=\"meta-item post-author\"><a href=\"https:\/\/adf-magazine.com\/pt-pt\/author\/adf\/\" rel=\"author\" class=\"molongui-author-link\" data-author-id=\"1\">ADF<\/a><\/span><span class=\"meta-item date\"><span class=\"date-link\"><time class=\"post-date\" datetime=\"2026-08-18T15:20:56-04:00\">18 de Agosto, 2026<\/time><\/span><\/span><\/div><\/div>\t\t\t\n\t\t\t\n\t\t\t\n\t\t<\/div>\n\n\t\t\t<\/div>\n\t\n<\/article>\n\t\t\t\t<\/div>\n\t\t\t\t\t\t\t\n\t\t\t\t\t\t\t\n\t\t\t\t<div class=\"item item-small item-5 pos-bot\">\n\n\t\t\t\t\t\n<article class=\"l-post grid-overlay grid-overlay-a hover-zoom\">\n\n\t\n\t\t\t<div class=\"media\">\n\n\t\t\n\t\t\t<a href=\"https:\/\/adf-magazine.com\/pt-pt\/2026\/08\/forcas-armadas-ficam-para-tras-na-tecnologia-de-combate-a-drones\/\" class=\"image-link\" title=\"For\u00e7as Armadas Ficam Para Tr\u00e1s na Tecnologia de Combate a Drones\"><img loading=\"lazy\" decoding=\"async\" width=\"450\" height=\"300\" src=\"https:\/\/adf-magazine.com\/wp-content\/uploads\/2026\/08\/DRONE-DEFENSE-1-450x300.webp\" class=\"attachment-bunyad-medium size-bunyad-medium wp-post-image\" alt=\"\" sizes=\"(max-width: 768px) 50vw, 316px\" title=\"For\u00e7as Armadas Ficam Para Tr\u00e1s na Tecnologia de Combate a Drones\" srcset=\"https:\/\/adf-magazine.com\/wp-content\/uploads\/2026\/08\/DRONE-DEFENSE-1-450x300.webp 450w, https:\/\/adf-magazine.com\/wp-content\/uploads\/2026\/08\/DRONE-DEFENSE-1-300x200.webp 300w, https:\/\/adf-magazine.com\/wp-content\/uploads\/2026\/08\/DRONE-DEFENSE-1-1024x683.webp 1024w, https:\/\/adf-magazine.com\/wp-content\/uploads\/2026\/08\/DRONE-DEFENSE-1-768x512.webp 768w, https:\/\/adf-magazine.com\/wp-content\/uploads\/2026\/08\/DRONE-DEFENSE-1-150x100.webp 150w, https:\/\/adf-magazine.com\/wp-content\/uploads\/2026\/08\/DRONE-DEFENSE-1.webp 1080w\" \/><\/a>\t\t\t\n\t\t\t\n\t\t\t\n\t\t\t\n\t\t\n\t\t<\/div>\n\t\n\n\t\t\t<div class=\"content-wrap\">\n\t\n\t\t<div class=\"content\">\n\n\t\t\t<div class=\"post-meta post-meta-a meta-contrast has-below\"><div class=\"post-meta-items meta-above\"><span class=\"meta-item cat-labels\">\n\t\t\t\t\t\t\n\t\t\t\t\t\t<a href=\"https:\/\/adf-magazine.com\/pt-pt\/category\/melhores-historias\/\" class=\"category term-color-363\" rel=\"category\" tabindex=\"-1\">Not\u00edcias diaries<\/a>\n\t\t\t\t\t<\/span>\n\t\t\t\t\t<\/div><h2 class=\"is-title post-title\"><a href=\"https:\/\/adf-magazine.com\/pt-pt\/2026\/08\/forcas-armadas-ficam-para-tras-na-tecnologia-de-combate-a-drones\/\">For\u00e7as Armadas Ficam Para Tr\u00e1s na Tecnologia de Combate a Drones<\/a><\/h2><div class=\"post-meta-items meta-below\"><span class=\"meta-item post-author\"><a href=\"https:\/\/adf-magazine.com\/pt-pt\/author\/adf\/\" rel=\"author\" class=\"molongui-author-link\" data-author-id=\"1\">ADF<\/a><\/span><span class=\"meta-item date\"><span class=\"date-link\"><time class=\"post-date\" datetime=\"2026-08-18T15:17:03-04:00\">18 de Agosto, 2026<\/time><\/span><\/span><\/div><\/div>\t\t\t\n\t\t\t\n\t\t\t\n\t\t<\/div>\n\n\t\t\t<\/div>\n\t\n<\/article>\n\t\t\t\t<\/div>\n\t\t\t\t\t\t\t\n\t\t\t\t\t\t\t\n\t\t\t\t\t<\/div>\n\t\t\n\t\n\t\t\t\t\t<div class=\"items-wrap slide-wrap\">\n\t\t\t\t\t\n\t\t\t\t\t\t\t\n\t\t\t\t<div class=\"item item-large item-main item-1 pos-bot\">\n\n\t\t\t\t\t\n<article class=\"l-post grid-overlay grid-overlay-a hover-zoom\">\n\n\t\n\t\t\t<div class=\"media\">\n\n\t\t\n\t\t\t<a href=\"https:\/\/adf-magazine.com\/pt-pt\/2026\/08\/corrida-ao-ouro-abre-portas-aos-terroristas-na-africa-austral\/\" class=\"image-link\" title=\"Corrida ao Ouro Abre Portas aos Terroristas na \u00c1frica Austral\"><img loading=\"lazy\" decoding=\"async\" width=\"768\" height=\"513\" src=\"https:\/\/adf-magazine.com\/wp-content\/uploads\/2026\/08\/JIHADI-GOLD1-768x513.webp\" class=\"attachment-bunyad-768 size-bunyad-768 wp-post-image\" alt=\"\" sizes=\"(max-width: 634px) 100vw, 634px\" title=\"Corrida ao Ouro Abre Portas aos Terroristas na \u00c1frica Austral\" srcset=\"https:\/\/adf-magazine.com\/wp-content\/uploads\/2026\/08\/JIHADI-GOLD1-768x513.webp 768w, https:\/\/adf-magazine.com\/wp-content\/uploads\/2026\/08\/JIHADI-GOLD1-1024x685.webp 1024w, https:\/\/adf-magazine.com\/wp-content\/uploads\/2026\/08\/JIHADI-GOLD1.webp 1080w\" \/><\/a>\t\t\t\n\t\t\t\n\t\t\t\n\t\t\t\n\t\t\n\t\t<\/div>\n\t\n\n\t\t\t<div class=\"content-wrap\">\n\t\n\t\t<div class=\"content\">\n\n\t\t\t<div class=\"post-meta post-meta-a meta-contrast has-below\"><div class=\"post-meta-items meta-above\"><span class=\"meta-item cat-labels\">\n\t\t\t\t\t\t\n\t\t\t\t\t\t<a href=\"https:\/\/adf-magazine.com\/pt-pt\/category\/melhores-historias\/\" class=\"category term-color-363\" rel=\"category\" tabindex=\"-1\">Not\u00edcias diaries<\/a>\n\t\t\t\t\t<\/span>\n\t\t\t\t\t<\/div><h2 class=\"is-title post-title\"><a href=\"https:\/\/adf-magazine.com\/pt-pt\/2026\/08\/corrida-ao-ouro-abre-portas-aos-terroristas-na-africa-austral\/\">Corrida ao Ouro Abre Portas aos Terroristas na \u00c1frica Austral<\/a><\/h2><div class=\"post-meta-items meta-below\"><span class=\"meta-item post-author\"><a href=\"https:\/\/adf-magazine.com\/pt-pt\/author\/adf\/\" rel=\"author\" class=\"molongui-author-link\" data-author-id=\"1\">ADF<\/a><\/span><span class=\"meta-item date\"><span class=\"date-link\"><time class=\"post-date\" datetime=\"2026-08-18T15:13:02-04:00\">18 de Agosto, 2026<\/time><\/span><\/span><\/div><\/div>\t\t\t\n\t\t\t\n\t\t\t\n\t\t<\/div>\n\n\t\t\t<\/div>\n\t\n<\/article>\n\t\t\t\t<\/div>\n\t\t\t\t\t\t\t\n\t\t\t\t\t\t\t\n\t\t\t\t<div class=\"item item-small item-2 pos-bot\">\n\n\t\t\t\t\t\n<article class=\"l-post grid-overlay grid-overlay-a hover-zoom\">\n\n\t\n\t\t\t<div class=\"media\">\n\n\t\t\n\t\t\t<a href=\"https:\/\/adf-magazine.com\/pt-pt\/2026\/08\/dominio-terrorista-no-mali-ameaca-abalar-a-regiao\/\" class=\"image-link\" title=\"Dom\u00ednio Terrorista no Mali Amea\u00e7a Abalar a Regi\u00e3o\"><img loading=\"lazy\" decoding=\"async\" width=\"450\" height=\"300\" src=\"https:\/\/adf-magazine.com\/wp-content\/uploads\/2026\/08\/JNIM-RISK-2-450x300.webp\" class=\"attachment-bunyad-medium size-bunyad-medium wp-post-image\" alt=\"\" sizes=\"(max-width: 768px) 50vw, 316px\" title=\"Dom\u00ednio Terrorista no Mali Amea\u00e7a Abalar a Regi\u00e3o\" srcset=\"https:\/\/adf-magazine.com\/wp-content\/uploads\/2026\/08\/JNIM-RISK-2-450x300.webp 450w, https:\/\/adf-magazine.com\/wp-content\/uploads\/2026\/08\/JNIM-RISK-2-300x200.webp 300w, https:\/\/adf-magazine.com\/wp-content\/uploads\/2026\/08\/JNIM-RISK-2-1024x683.webp 1024w, https:\/\/adf-magazine.com\/wp-content\/uploads\/2026\/08\/JNIM-RISK-2-768x512.webp 768w, https:\/\/adf-magazine.com\/wp-content\/uploads\/2026\/08\/JNIM-RISK-2-150x100.webp 150w, https:\/\/adf-magazine.com\/wp-content\/uploads\/2026\/08\/JNIM-RISK-2.webp 1080w\" \/><\/a>\t\t\t\n\t\t\t\n\t\t\t\n\t\t\t\n\t\t\n\t\t<\/div>\n\t\n\n\t\t\t<div class=\"content-wrap\">\n\t\n\t\t<div class=\"content\">\n\n\t\t\t<div class=\"post-meta post-meta-a meta-contrast has-below\"><div class=\"post-meta-items meta-above\"><span class=\"meta-item cat-labels\">\n\t\t\t\t\t\t\n\t\t\t\t\t\t<a href=\"https:\/\/adf-magazine.com\/pt-pt\/category\/melhores-historias\/\" class=\"category term-color-363\" rel=\"category\" tabindex=\"-1\">Not\u00edcias diaries<\/a>\n\t\t\t\t\t<\/span>\n\t\t\t\t\t<\/div><h2 class=\"is-title post-title\"><a href=\"https:\/\/adf-magazine.com\/pt-pt\/2026\/08\/dominio-terrorista-no-mali-ameaca-abalar-a-regiao\/\">Dom\u00ednio Terrorista no Mali Amea\u00e7a Abalar a Regi\u00e3o<\/a><\/h2><div class=\"post-meta-items meta-below\"><span class=\"meta-item post-author\"><a href=\"https:\/\/adf-magazine.com\/pt-pt\/author\/adf\/\" rel=\"author\" class=\"molongui-author-link\" data-author-id=\"1\">ADF<\/a><\/span><span class=\"meta-item date\"><span class=\"date-link\"><time class=\"post-date\" datetime=\"2026-08-18T15:09:00-04:00\">18 de Agosto, 2026<\/time><\/span><\/span><\/div><\/div>\t\t\t\n\t\t\t\n\t\t\t\n\t\t<\/div>\n\n\t\t\t<\/div>\n\t\n<\/article>\n\t\t\t\t<\/div>\n\t\t\t\t\t\t\t\n\t\t\t\t\t\t\t\n\t\t\t\t<div class=\"item item-small item-3 pos-bot\">\n\n\t\t\t\t\t\n<article class=\"l-post grid-overlay grid-overlay-a hover-zoom\">\n\n\t\n\t\t\t<div class=\"media\">\n\n\t\t\n\t\t\t<a href=\"https:\/\/adf-magazine.com\/pt-pt\/2026\/08\/armas-chinesas-alimentam-ambos-os-lados-do-conflito-na-rdc\/\" class=\"image-link\" title=\"Armas Chinesas Alimentam Ambos os Lados do Conflito na RDC\"><img loading=\"lazy\" decoding=\"async\" width=\"450\" height=\"338\" src=\"https:\/\/adf-magazine.com\/wp-content\/uploads\/2026\/08\/KIVU-WEAPONS1-450x338.webp\" class=\"attachment-bunyad-medium size-bunyad-medium wp-post-image\" alt=\"\" sizes=\"(max-width: 768px) 50vw, 316px\" title=\"Armas Chinesas Alimentam Ambos os Lados do Conflito na RDC\" srcset=\"https:\/\/adf-magazine.com\/wp-content\/uploads\/2026\/08\/KIVU-WEAPONS1-450x338.webp 450w, https:\/\/adf-magazine.com\/wp-content\/uploads\/2026\/08\/KIVU-WEAPONS1-300x225.webp 300w, https:\/\/adf-magazine.com\/wp-content\/uploads\/2026\/08\/KIVU-WEAPONS1-1024x768.webp 1024w, https:\/\/adf-magazine.com\/wp-content\/uploads\/2026\/08\/KIVU-WEAPONS1-768x576.webp 768w, https:\/\/adf-magazine.com\/wp-content\/uploads\/2026\/08\/KIVU-WEAPONS1-150x113.webp 150w, https:\/\/adf-magazine.com\/wp-content\/uploads\/2026\/08\/KIVU-WEAPONS1.webp 1080w\" \/><\/a>\t\t\t\n\t\t\t\n\t\t\t\n\t\t\t\n\t\t\n\t\t<\/div>\n\t\n\n\t\t\t<div class=\"content-wrap\">\n\t\n\t\t<div class=\"content\">\n\n\t\t\t<div class=\"post-meta post-meta-a meta-contrast has-below\"><div class=\"post-meta-items meta-above\"><span class=\"meta-item cat-labels\">\n\t\t\t\t\t\t\n\t\t\t\t\t\t<a href=\"https:\/\/adf-magazine.com\/pt-pt\/category\/melhores-historias\/\" class=\"category term-color-363\" rel=\"category\" tabindex=\"-1\">Not\u00edcias diaries<\/a>\n\t\t\t\t\t<\/span>\n\t\t\t\t\t<\/div><h2 class=\"is-title post-title\"><a href=\"https:\/\/adf-magazine.com\/pt-pt\/2026\/08\/armas-chinesas-alimentam-ambos-os-lados-do-conflito-na-rdc\/\">Armas Chinesas Alimentam Ambos os Lados do Conflito na RDC<\/a><\/h2><div class=\"post-meta-items meta-below\"><span class=\"meta-item post-author\"><a href=\"https:\/\/adf-magazine.com\/pt-pt\/author\/adf\/\" rel=\"author\" class=\"molongui-author-link\" data-author-id=\"1\">ADF<\/a><\/span><span class=\"meta-item date\"><span class=\"date-link\"><time class=\"post-date\" datetime=\"2026-08-18T15:04:09-04:00\">18 de Agosto, 2026<\/time><\/span><\/span><\/div><\/div>\t\t\t\n\t\t\t\n\t\t\t\n\t\t<\/div>\n\n\t\t\t<\/div>\n\t\n<\/article>\n\t\t\t\t<\/div>\n\t\t\t\t\t\t\t\n\t\t\t\t\t\t\t\n\t\t\t\t<div class=\"item item-small item-4 pos-bot\">\n\n\t\t\t\t\t\n<article class=\"l-post grid-overlay grid-overlay-a hover-zoom\">\n\n\t\n\t\t\t<div class=\"media\">\n\n\t\t\n\t\t\t<a href=\"https:\/\/adf-magazine.com\/pt-pt\/2026\/08\/operacao-corredor-seguro-mantem-a-porta-aberta-a-rendicao\/\" class=\"image-link\" title=\"Opera\u00e7\u00e3o Corredor Seguro \u2018Mant\u00e9m a Porta Aberta\u2019 \u00e0 Rendi\u00e7\u00e3o\"><img loading=\"lazy\" decoding=\"async\" width=\"450\" height=\"253\" src=\"https:\/\/adf-magazine.com\/wp-content\/uploads\/2026\/08\/NGR-DDR1-450x253.webp\" class=\"attachment-bunyad-medium size-bunyad-medium wp-post-image\" alt=\"\" sizes=\"(max-width: 768px) 50vw, 316px\" title=\"Opera\u00e7\u00e3o Corredor Seguro \u2018Mant\u00e9m a Porta Aberta\u2019 \u00e0 Rendi\u00e7\u00e3o\" srcset=\"https:\/\/adf-magazine.com\/wp-content\/uploads\/2026\/08\/NGR-DDR1-450x253.webp 450w, https:\/\/adf-magazine.com\/wp-content\/uploads\/2026\/08\/NGR-DDR1-768x432.webp 768w, https:\/\/adf-magazine.com\/wp-content\/uploads\/2026\/08\/NGR-DDR1.webp 1008w\" \/><\/a>\t\t\t\n\t\t\t\n\t\t\t\n\t\t\t\n\t\t\n\t\t<\/div>\n\t\n\n\t\t\t<div class=\"content-wrap\">\n\t\n\t\t<div class=\"content\">\n\n\t\t\t<div class=\"post-meta post-meta-a meta-contrast has-below\"><div class=\"post-meta-items meta-above\"><span class=\"meta-item cat-labels\">\n\t\t\t\t\t\t\n\t\t\t\t\t\t<a href=\"https:\/\/adf-magazine.com\/pt-pt\/category\/melhores-historias\/\" class=\"category term-color-363\" rel=\"category\" tabindex=\"-1\">Not\u00edcias diaries<\/a>\n\t\t\t\t\t<\/span>\n\t\t\t\t\t<\/div><h2 class=\"is-title post-title\"><a href=\"https:\/\/adf-magazine.com\/pt-pt\/2026\/08\/operacao-corredor-seguro-mantem-a-porta-aberta-a-rendicao\/\">Opera\u00e7\u00e3o Corredor Seguro \u2018Mant\u00e9m a Porta Aberta\u2019 \u00e0 Rendi\u00e7\u00e3o<\/a><\/h2><div class=\"post-meta-items meta-below\"><span class=\"meta-item post-author\"><a href=\"https:\/\/adf-magazine.com\/pt-pt\/author\/adf\/\" rel=\"author\" class=\"molongui-author-link\" data-author-id=\"1\">ADF<\/a><\/span><span class=\"meta-item date\"><span class=\"date-link\"><time class=\"post-date\" datetime=\"2026-08-18T14:38:08-04:00\">18 de Agosto, 2026<\/time><\/span><\/span><\/div><\/div>\t\t\t\n\t\t\t\n\t\t\t\n\t\t<\/div>\n\n\t\t\t<\/div>\n\t\n<\/article>\n\t\t\t\t<\/div>\n\t\t\t\t\t\t\t\n\t\t\t\t\t\t\t\n\t\t\t\t<div class=\"item item-small item-5 pos-bot\">\n\n\t\t\t\t\t\n<article class=\"l-post grid-overlay grid-overlay-a hover-zoom\">\n\n\t\n\t\t\t<div class=\"media\">\n\n\t\t\n\t\t\t<a href=\"https:\/\/adf-magazine.com\/pt-pt\/2026\/08\/combatentes-do-grupo-wagner-dirigem-enorme-rede-de-trafico-de-drogas-na-rca\/\" class=\"image-link\" title=\"Combatentes do Grupo Wagner Dirigem Enorme Rede de Tr\u00e1fico de Drogas na RCA\"><img loading=\"lazy\" decoding=\"async\" width=\"450\" height=\"300\" src=\"https:\/\/adf-magazine.com\/wp-content\/uploads\/2026\/08\/OPIOID1-450x300.webp\" class=\"attachment-bunyad-medium size-bunyad-medium wp-post-image\" alt=\"\" sizes=\"(max-width: 768px) 50vw, 316px\" title=\"Combatentes do Grupo Wagner Dirigem Enorme Rede de Tr\u00e1fico de Drogas na RCA\" srcset=\"https:\/\/adf-magazine.com\/wp-content\/uploads\/2026\/08\/OPIOID1-450x300.webp 450w, https:\/\/adf-magazine.com\/wp-content\/uploads\/2026\/08\/OPIOID1-300x200.webp 300w, https:\/\/adf-magazine.com\/wp-content\/uploads\/2026\/08\/OPIOID1-1024x683.webp 1024w, https:\/\/adf-magazine.com\/wp-content\/uploads\/2026\/08\/OPIOID1-768x512.webp 768w, https:\/\/adf-magazine.com\/wp-content\/uploads\/2026\/08\/OPIOID1-150x100.webp 150w, https:\/\/adf-magazine.com\/wp-content\/uploads\/2026\/08\/OPIOID1.webp 1080w\" \/><\/a>\t\t\t\n\t\t\t\n\t\t\t\n\t\t\t\n\t\t\n\t\t<\/div>\n\t\n\n\t\t\t<div class=\"content-wrap\">\n\t\n\t\t<div class=\"content\">\n\n\t\t\t<div class=\"post-meta post-meta-a meta-contrast has-below\"><div class=\"post-meta-items meta-above\"><span class=\"meta-item cat-labels\">\n\t\t\t\t\t\t\n\t\t\t\t\t\t<a href=\"https:\/\/adf-magazine.com\/pt-pt\/category\/melhores-historias\/\" class=\"category term-color-363\" rel=\"category\" tabindex=\"-1\">Not\u00edcias diaries<\/a>\n\t\t\t\t\t<\/span>\n\t\t\t\t\t<\/div><h2 class=\"is-title post-title\"><a href=\"https:\/\/adf-magazine.com\/pt-pt\/2026\/08\/combatentes-do-grupo-wagner-dirigem-enorme-rede-de-trafico-de-drogas-na-rca\/\">Combatentes do Grupo Wagner Dirigem Enorme Rede de Tr\u00e1fico de Drogas na RCA<\/a><\/h2><div class=\"post-meta-items meta-below\"><span class=\"meta-item post-author\"><a href=\"https:\/\/adf-magazine.com\/pt-pt\/author\/adf\/\" rel=\"author\" class=\"molongui-author-link\" data-author-id=\"1\">ADF<\/a><\/span><span class=\"meta-item date\"><span class=\"date-link\"><time class=\"post-date\" datetime=\"2026-08-18T14:33:57-04:00\">18 de Agosto, 2026<\/time><\/span><\/span><\/div><\/div>\t\t\t\n\t\t\t\n\t\t\t\n\t\t<\/div>\n\n\t\t\t<\/div>\n\t\n<\/article>\n\t\t\t\t<\/div>\n\t\t\t\t\t\t\t\n\t\t\t\t\t\t\t\n\t\t\t\t\t<\/div>\n\t\t\n\t\t<\/div>\n\n<\/section>\n\t\t\t<\/div>\n\n\t\t<\/section>\n\t\t\t\t\t\t<\/div>\n\t\t\t\t<\/div>\n\t\t\t\t<div class=\"elementor-element elementor-element-53ae0f2 elementor-widget elementor-widget-smartmag-postssmall\" data-id=\"53ae0f2\" data-element_type=\"widget\" data-e-type=\"widget\" data-widget_type=\"smartmag-postssmall.default\">\n\t\t\t\t<div class=\"elementor-widget-container\">\n\t\t\t\t\t\t\t<section class=\"block-wrap block-posts-small block-sc\" data-id=\"2\" data-block=\"{&quot;id&quot;:&quot;posts-small&quot;,&quot;props&quot;:{&quot;cat_labels&quot;:false,&quot;cat_labels_pos&quot;:&quot;bot-left&quot;,&quot;reviews&quot;:&quot;bars&quot;,&quot;post_formats_pos&quot;:&quot;center&quot;,&quot;load_more_style&quot;:&quot;a&quot;,&quot;meta_cat_style&quot;:&quot;text&quot;,&quot;media_style_shadow&quot;:0,&quot;meta_sponsor&quot;:1,&quot;meta_sponsor_logo&quot;:0,&quot;meta_sponsor_label&quot;:&quot;Sponsor: {sponsor}&quot;,&quot;meta_above&quot;:[],&quot;meta_below&quot;:[&quot;date&quot;],&quot;meta_sponsor_above&quot;:[],&quot;meta_sponsor_below&quot;:[&quot;sponsor&quot;,&quot;date&quot;],&quot;media_ratio&quot;:&quot;&quot;,&quot;media_ratio_custom&quot;:&quot;&quot;,&quot;media_width&quot;:&quot;&quot;,&quot;excerpts&quot;:false,&quot;excerpt_length&quot;:0,&quot;read_more&quot;:&quot;&quot;,&quot;posts&quot;:12,&quot;pagination&quot;:&quot;1&quot;,&quot;pagination_type&quot;:&quot;load-more&quot;,&quot;columns&quot;:&quot;3&quot;,&quot;container_width&quot;:100,&quot;terms&quot;:[&quot;327&quot;],&quot;offset&quot;:5,&quot;meta_sponsor_items_default&quot;:true,&quot;query_type&quot;:&quot;custom&quot;,&quot;sort_days&quot;:null,&quot;carousel_dots&quot;:null,&quot;is_sc_call&quot;:true,&quot;meta_items_default&quot;:true}}\">\n\n\t\t\t\t\n\t\t\t<div class=\"block-content\">\n\t\t\t\t\n\t<div class=\"loop loop-small loop-small- loop-sep loop-small-sep grid grid-3 md:grid-2 sm:grid-2 xs:grid-1\">\n\n\t\t\t\t\t\n<article class=\"l-post small-post m-pos-left\">\n\n\t\n\t\t\t<div class=\"media\">\n\n\t\t\n\t\t\t<a href=\"https:\/\/adf-magazine.com\/pt-pt\/2026\/08\/africa-cria-um-escudo-contra-ameacas-cbrn\/\" class=\"image-link media-ratio ar-bunyad-thumb\" title=\"\u00c1frica Cria um Escudo Contra Amea\u00e7as CBRN\"><img loading=\"lazy\" decoding=\"async\" width=\"119\" height=\"82\" src=\"https:\/\/adf-magazine.com\/wp-content\/uploads\/2026\/08\/WRONG-HANDS1-1-300x169.jpg\" class=\"attachment-medium size-medium wp-post-image\" alt=\"\" sizes=\"(max-width: 119px) 100vw, 119px\" title=\"\u00c1frica Cria um Escudo Contra Amea\u00e7as CBRN\" srcset=\"https:\/\/adf-magazine.com\/wp-content\/uploads\/2026\/08\/WRONG-HANDS1-1-300x169.jpg 300w, https:\/\/adf-magazine.com\/wp-content\/uploads\/2026\/08\/WRONG-HANDS1-1-1024x576.jpg 1024w, https:\/\/adf-magazine.com\/wp-content\/uploads\/2026\/08\/WRONG-HANDS1-1-768x432.jpg 768w, https:\/\/adf-magazine.com\/wp-content\/uploads\/2026\/08\/WRONG-HANDS1-1-150x84.jpg 150w, https:\/\/adf-magazine.com\/wp-content\/uploads\/2026\/08\/WRONG-HANDS1-1-450x253.jpg 450w, https:\/\/adf-magazine.com\/wp-content\/uploads\/2026\/08\/WRONG-HANDS1-1.jpg 1080w\" \/><\/a>\t\t\t\n\t\t\t\n\t\t\t\n\t\t\t\n\t\t\n\t\t<\/div>\n\t\n\n\t\n\t\t<div class=\"content\">\n\n\t\t\t<div class=\"post-meta post-meta-a post-meta-left has-below\"><h4 class=\"is-title post-title\"><a href=\"https:\/\/adf-magazine.com\/pt-pt\/2026\/08\/africa-cria-um-escudo-contra-ameacas-cbrn\/\">\u00c1frica Cria um Escudo Contra Amea\u00e7as CBRN<\/a><\/h4><div class=\"post-meta-items meta-below\"><span class=\"meta-item date\"><span class=\"date-link\"><time class=\"post-date\" datetime=\"2026-08-25T15:01:37-04:00\">25 de Agosto, 2026<\/time><\/span><\/span><\/div><\/div>\t\t\t\n\t\t\t\n\t\t\t\n\t\t<\/div>\n\n\t\n<\/article>\t\n\t\t\t\t\t\n<article class=\"l-post small-post m-pos-left\">\n\n\t\n\t\t\t<div class=\"media\">\n\n\t\t\n\t\t\t<a href=\"https:\/\/adf-magazine.com\/pt-pt\/2026\/08\/turquia-cria-lacos-atraves-da-formacao\/\" class=\"image-link media-ratio ar-bunyad-thumb\" title=\"Turquia Cria La\u00e7os Atrav\u00e9s da Forma\u00e7\u00e3o\"><img loading=\"lazy\" decoding=\"async\" width=\"119\" height=\"82\" src=\"https:\/\/adf-magazine.com\/wp-content\/uploads\/2026\/08\/TURKEY-TRAINS-1-1-300x188.jpg\" class=\"attachment-medium size-medium wp-post-image\" alt=\"\" sizes=\"(max-width: 119px) 100vw, 119px\" title=\"Turquia Cria La\u00e7os Atrav\u00e9s da Forma\u00e7\u00e3o\" srcset=\"https:\/\/adf-magazine.com\/wp-content\/uploads\/2026\/08\/TURKEY-TRAINS-1-1-300x188.jpg 300w, https:\/\/adf-magazine.com\/wp-content\/uploads\/2026\/08\/TURKEY-TRAINS-1-1-1024x641.jpg 1024w, https:\/\/adf-magazine.com\/wp-content\/uploads\/2026\/08\/TURKEY-TRAINS-1-1-768x481.jpg 768w, https:\/\/adf-magazine.com\/wp-content\/uploads\/2026\/08\/TURKEY-TRAINS-1-1-150x94.jpg 150w, https:\/\/adf-magazine.com\/wp-content\/uploads\/2026\/08\/TURKEY-TRAINS-1-1-450x282.jpg 450w, https:\/\/adf-magazine.com\/wp-content\/uploads\/2026\/08\/TURKEY-TRAINS-1-1.jpg 1080w\" \/><\/a>\t\t\t\n\t\t\t\n\t\t\t\n\t\t\t\n\t\t\n\t\t<\/div>\n\t\n\n\t\n\t\t<div class=\"content\">\n\n\t\t\t<div class=\"post-meta post-meta-a post-meta-left has-below\"><h4 class=\"is-title post-title\"><a href=\"https:\/\/adf-magazine.com\/pt-pt\/2026\/08\/turquia-cria-lacos-atraves-da-formacao\/\">Turquia Cria La\u00e7os Atrav\u00e9s da Forma\u00e7\u00e3o<\/a><\/h4><div class=\"post-meta-items meta-below\"><span class=\"meta-item date\"><span class=\"date-link\"><time class=\"post-date\" datetime=\"2026-08-25T14:51:05-04:00\">25 de Agosto, 2026<\/time><\/span><\/span><\/div><\/div>\t\t\t\n\t\t\t\n\t\t\t\n\t\t<\/div>\n\n\t\n<\/article>\t\n\t\t\t\t\t\n<article class=\"l-post small-post m-pos-left\">\n\n\t\n\t\t\t<div class=\"media\">\n\n\t\t\n\t\t\t<a href=\"https:\/\/adf-magazine.com\/pt-pt\/2026\/08\/gana-enfrenta-uma-crise-iminente-ao-evitar-o-conflito-com-o-jnim\/\" class=\"image-link media-ratio ar-bunyad-thumb\" title=\"Gana Enfrenta Uma \u2018Crise Iminente\u2019 ao Evitar o Conflito Com o JNIM\"><img loading=\"lazy\" decoding=\"async\" width=\"119\" height=\"82\" src=\"https:\/\/adf-magazine.com\/wp-content\/uploads\/2026\/08\/SOVEREIGN-GAP-1-1-300x200.jpg\" class=\"attachment-medium size-medium wp-post-image\" alt=\"\" sizes=\"(max-width: 119px) 100vw, 119px\" title=\"Gana Enfrenta Uma \u2018Crise Iminente\u2019 ao Evitar o Conflito Com o JNIM\" srcset=\"https:\/\/adf-magazine.com\/wp-content\/uploads\/2026\/08\/SOVEREIGN-GAP-1-1-300x200.jpg 300w, https:\/\/adf-magazine.com\/wp-content\/uploads\/2026\/08\/SOVEREIGN-GAP-1-1-1024x683.jpg 1024w, https:\/\/adf-magazine.com\/wp-content\/uploads\/2026\/08\/SOVEREIGN-GAP-1-1-768x512.jpg 768w, https:\/\/adf-magazine.com\/wp-content\/uploads\/2026\/08\/SOVEREIGN-GAP-1-1-150x100.jpg 150w, https:\/\/adf-magazine.com\/wp-content\/uploads\/2026\/08\/SOVEREIGN-GAP-1-1-450x300.jpg 450w, https:\/\/adf-magazine.com\/wp-content\/uploads\/2026\/08\/SOVEREIGN-GAP-1-1.jpg 1080w\" \/><\/a>\t\t\t\n\t\t\t\n\t\t\t\n\t\t\t\n\t\t\n\t\t<\/div>\n\t\n\n\t\n\t\t<div class=\"content\">\n\n\t\t\t<div class=\"post-meta post-meta-a post-meta-left has-below\"><h4 class=\"is-title post-title\"><a href=\"https:\/\/adf-magazine.com\/pt-pt\/2026\/08\/gana-enfrenta-uma-crise-iminente-ao-evitar-o-conflito-com-o-jnim\/\">Gana Enfrenta Uma \u2018Crise Iminente\u2019 ao Evitar o Conflito Com o JNIM<\/a><\/h4><div class=\"post-meta-items meta-below\"><span class=\"meta-item date\"><span class=\"date-link\"><time class=\"post-date\" datetime=\"2026-08-25T14:43:59-04:00\">25 de Agosto, 2026<\/time><\/span><\/span><\/div><\/div>\t\t\t\n\t\t\t\n\t\t\t\n\t\t<\/div>\n\n\t\n<\/article>\t\n\t\t\t\t\t\n<article class=\"l-post small-post m-pos-left\">\n\n\t\n\t\t\t<div class=\"media\">\n\n\t\t\n\t\t\t<a href=\"https:\/\/adf-magazine.com\/pt-pt\/2026\/08\/russia-visa-a-costa-da-africa-ocidental-com-a-perda-de-terreno-no-sahel\/\" class=\"image-link media-ratio ar-bunyad-thumb\" title=\"R\u00fassia Visa a Costa da \u00c1frica Ocidental Com a Perda de Terreno no Sahel\"><img loading=\"lazy\" decoding=\"async\" width=\"119\" height=\"82\" src=\"https:\/\/adf-magazine.com\/wp-content\/uploads\/2026\/08\/NEW-FRONTIER1-1-300x169.jpg\" class=\"attachment-medium size-medium wp-post-image\" alt=\"\" sizes=\"(max-width: 119px) 100vw, 119px\" title=\"R\u00fassia Visa a Costa da \u00c1frica Ocidental Com a Perda de Terreno no Sahel\" srcset=\"https:\/\/adf-magazine.com\/wp-content\/uploads\/2026\/08\/NEW-FRONTIER1-1-300x169.jpg 300w, https:\/\/adf-magazine.com\/wp-content\/uploads\/2026\/08\/NEW-FRONTIER1-1-1024x576.jpg 1024w, https:\/\/adf-magazine.com\/wp-content\/uploads\/2026\/08\/NEW-FRONTIER1-1-768x432.jpg 768w, https:\/\/adf-magazine.com\/wp-content\/uploads\/2026\/08\/NEW-FRONTIER1-1-150x84.jpg 150w, https:\/\/adf-magazine.com\/wp-content\/uploads\/2026\/08\/NEW-FRONTIER1-1-450x253.jpg 450w, https:\/\/adf-magazine.com\/wp-content\/uploads\/2026\/08\/NEW-FRONTIER1-1.jpg 1080w\" \/><\/a>\t\t\t\n\t\t\t\n\t\t\t\n\t\t\t\n\t\t\n\t\t<\/div>\n\t\n\n\t\n\t\t<div class=\"content\">\n\n\t\t\t<div class=\"post-meta post-meta-a post-meta-left has-below\"><h4 class=\"is-title post-title\"><a href=\"https:\/\/adf-magazine.com\/pt-pt\/2026\/08\/russia-visa-a-costa-da-africa-ocidental-com-a-perda-de-terreno-no-sahel\/\">R\u00fassia Visa a Costa da \u00c1frica Ocidental Com a Perda de Terreno no Sahel<\/a><\/h4><div class=\"post-meta-items meta-below\"><span class=\"meta-item date\"><span class=\"date-link\"><time class=\"post-date\" datetime=\"2026-08-25T14:36:57-04:00\">25 de Agosto, 2026<\/time><\/span><\/span><\/div><\/div>\t\t\t\n\t\t\t\n\t\t\t\n\t\t<\/div>\n\n\t\n<\/article>\t\n\t\t\t\t\t\n<article class=\"l-post small-post m-pos-left\">\n\n\t\n\t\t\t<div class=\"media\">\n\n\t\t\n\t\t\t<a href=\"https:\/\/adf-magazine.com\/pt-pt\/2026\/08\/ameaca-da-galamsey-vai-alem-das-fronteiras-do-gana\/\" class=\"image-link media-ratio ar-bunyad-thumb\" title=\"Amea\u00e7a da Galamsey Vai Al\u00e9m das Fronteiras do Gana\"><img loading=\"lazy\" decoding=\"async\" width=\"119\" height=\"82\" src=\"https:\/\/adf-magazine.com\/wp-content\/uploads\/2026\/08\/GALAMSEY-THREAT2-1-300x225.jpg\" class=\"attachment-medium size-medium wp-post-image\" alt=\"\" sizes=\"(max-width: 119px) 100vw, 119px\" title=\"Amea\u00e7a da Galamsey Vai Al\u00e9m das Fronteiras do Gana\" srcset=\"https:\/\/adf-magazine.com\/wp-content\/uploads\/2026\/08\/GALAMSEY-THREAT2-1-300x225.jpg 300w, https:\/\/adf-magazine.com\/wp-content\/uploads\/2026\/08\/GALAMSEY-THREAT2-1-1024x768.jpg 1024w, https:\/\/adf-magazine.com\/wp-content\/uploads\/2026\/08\/GALAMSEY-THREAT2-1-768x576.jpg 768w, https:\/\/adf-magazine.com\/wp-content\/uploads\/2026\/08\/GALAMSEY-THREAT2-1-150x113.jpg 150w, https:\/\/adf-magazine.com\/wp-content\/uploads\/2026\/08\/GALAMSEY-THREAT2-1-450x338.jpg 450w, https:\/\/adf-magazine.com\/wp-content\/uploads\/2026\/08\/GALAMSEY-THREAT2-1.jpg 1080w\" \/><\/a>\t\t\t\n\t\t\t\n\t\t\t\n\t\t\t\n\t\t\n\t\t<\/div>\n\t\n\n\t\n\t\t<div class=\"content\">\n\n\t\t\t<div class=\"post-meta post-meta-a post-meta-left has-below\"><h4 class=\"is-title post-title\"><a href=\"https:\/\/adf-magazine.com\/pt-pt\/2026\/08\/ameaca-da-galamsey-vai-alem-das-fronteiras-do-gana\/\">Amea\u00e7a da Galamsey Vai Al\u00e9m das Fronteiras do Gana<\/a><\/h4><div class=\"post-meta-items meta-below\"><span class=\"meta-item date\"><span class=\"date-link\"><time class=\"post-date\" datetime=\"2026-08-25T14:29:33-04:00\">25 de Agosto, 2026<\/time><\/span><\/span><\/div><\/div>\t\t\t\n\t\t\t\n\t\t\t\n\t\t<\/div>\n\n\t\n<\/article>\t\n\t\t\t\t\t\n<article class=\"l-post small-post m-pos-left\">\n\n\t\n\t\t\t<div class=\"media\">\n\n\t\t\n\t\t\t<a href=\"https:\/\/adf-magazine.com\/pt-pt\/2026\/08\/carteis-mexicanos-enviam-fabricantes-de-metanfetamina-para-africa\/\" class=\"image-link media-ratio ar-bunyad-thumb\" title=\"Cart\u00e9is Mexicanos Enviam Fabricantes de Metanfetamina para \u00c1frica\"><img loading=\"lazy\" decoding=\"async\" width=\"119\" height=\"82\" src=\"https:\/\/adf-magazine.com\/wp-content\/uploads\/2026\/08\/EXPERT-SPREAD-1-300x229.jpg\" class=\"attachment-medium size-medium wp-post-image\" alt=\"\" sizes=\"(max-width: 119px) 100vw, 119px\" title=\"Cart\u00e9is Mexicanos Enviam Fabricantes de Metanfetamina para \u00c1frica\" srcset=\"https:\/\/adf-magazine.com\/wp-content\/uploads\/2026\/08\/EXPERT-SPREAD-1-300x229.jpg 300w, https:\/\/adf-magazine.com\/wp-content\/uploads\/2026\/08\/EXPERT-SPREAD-1-1024x780.jpg 1024w, https:\/\/adf-magazine.com\/wp-content\/uploads\/2026\/08\/EXPERT-SPREAD-1-768x585.jpg 768w, https:\/\/adf-magazine.com\/wp-content\/uploads\/2026\/08\/EXPERT-SPREAD-1-150x114.jpg 150w, https:\/\/adf-magazine.com\/wp-content\/uploads\/2026\/08\/EXPERT-SPREAD-1-450x343.jpg 450w, https:\/\/adf-magazine.com\/wp-content\/uploads\/2026\/08\/EXPERT-SPREAD-1.jpg 1080w\" \/><\/a>\t\t\t\n\t\t\t\n\t\t\t\n\t\t\t\n\t\t\n\t\t<\/div>\n\t\n\n\t\n\t\t<div class=\"content\">\n\n\t\t\t<div class=\"post-meta post-meta-a post-meta-left has-below\"><h4 class=\"is-title post-title\"><a href=\"https:\/\/adf-magazine.com\/pt-pt\/2026\/08\/carteis-mexicanos-enviam-fabricantes-de-metanfetamina-para-africa\/\">Cart\u00e9is Mexicanos Enviam Fabricantes de Metanfetamina para \u00c1frica<\/a><\/h4><div class=\"post-meta-items meta-below\"><span class=\"meta-item date\"><span class=\"date-link\"><time class=\"post-date\" datetime=\"2026-08-25T14:22:43-04:00\">25 de Agosto, 2026<\/time><\/span><\/span><\/div><\/div>\t\t\t\n\t\t\t\n\t\t\t\n\t\t<\/div>\n\n\t\n<\/article>\t\n\t\t\t\t\t\n<article class=\"l-post small-post m-pos-left\">\n\n\t\n\t\t\t<div class=\"media\">\n\n\t\t\n\t\t\t<a href=\"https:\/\/adf-magazine.com\/pt-pt\/2026\/08\/vidas-de-coaccao-e-privacao\/\" class=\"image-link media-ratio ar-bunyad-thumb\" title=\"Vidas de Coac\u00e7\u00e3o e Priva\u00e7\u00e3o\"><img loading=\"lazy\" decoding=\"async\" width=\"119\" height=\"82\" src=\"https:\/\/adf-magazine.com\/wp-content\/uploads\/2026\/08\/BRIDE1a-1-300x200.jpg\" class=\"attachment-medium size-medium wp-post-image\" alt=\"\" sizes=\"(max-width: 119px) 100vw, 119px\" title=\"Vidas de Coac\u00e7\u00e3o e Priva\u00e7\u00e3o\" srcset=\"https:\/\/adf-magazine.com\/wp-content\/uploads\/2026\/08\/BRIDE1a-1-300x200.jpg 300w, https:\/\/adf-magazine.com\/wp-content\/uploads\/2026\/08\/BRIDE1a-1-1024x683.jpg 1024w, https:\/\/adf-magazine.com\/wp-content\/uploads\/2026\/08\/BRIDE1a-1-768x512.jpg 768w, https:\/\/adf-magazine.com\/wp-content\/uploads\/2026\/08\/BRIDE1a-1-150x100.jpg 150w, https:\/\/adf-magazine.com\/wp-content\/uploads\/2026\/08\/BRIDE1a-1-450x300.jpg 450w, https:\/\/adf-magazine.com\/wp-content\/uploads\/2026\/08\/BRIDE1a-1.jpg 1080w\" \/><\/a>\t\t\t\n\t\t\t\n\t\t\t\n\t\t\t\n\t\t\n\t\t<\/div>\n\t\n\n\t\n\t\t<div class=\"content\">\n\n\t\t\t<div class=\"post-meta post-meta-a post-meta-left has-below\"><h4 class=\"is-title post-title\"><a href=\"https:\/\/adf-magazine.com\/pt-pt\/2026\/08\/vidas-de-coaccao-e-privacao\/\">Vidas de Coac\u00e7\u00e3o e Priva\u00e7\u00e3o<\/a><\/h4><div class=\"post-meta-items meta-below\"><span class=\"meta-item date\"><span class=\"date-link\"><time class=\"post-date\" datetime=\"2026-08-25T14:14:28-04:00\">25 de Agosto, 2026<\/time><\/span><\/span><\/div><\/div>\t\t\t\n\t\t\t\n\t\t\t\n\t\t<\/div>\n\n\t\n<\/article>\t\n\t\t\t\t\t\n<article class=\"l-post small-post m-pos-left\">\n\n\t\n\t\t\t<div class=\"media\">\n\n\t\t\n\t\t\t<a href=\"https:\/\/adf-magazine.com\/pt-pt\/2026\/08\/ia-usada-para-propagar-e-combater-o-odio\/\" class=\"image-link media-ratio ar-bunyad-thumb\" title=\"IA Usada para Propagar e Combater o \u00d3dio\"><img loading=\"lazy\" decoding=\"async\" width=\"119\" height=\"82\" src=\"https:\/\/adf-magazine.com\/wp-content\/uploads\/2026\/08\/AI-PROPAGANDA-1-300x200.jpg\" class=\"attachment-medium size-medium wp-post-image\" alt=\"\" sizes=\"(max-width: 119px) 100vw, 119px\" title=\"IA Usada para Propagar e Combater o \u00d3dio\" srcset=\"https:\/\/adf-magazine.com\/wp-content\/uploads\/2026\/08\/AI-PROPAGANDA-1-300x200.jpg 300w, https:\/\/adf-magazine.com\/wp-content\/uploads\/2026\/08\/AI-PROPAGANDA-1-1024x683.jpg 1024w, https:\/\/adf-magazine.com\/wp-content\/uploads\/2026\/08\/AI-PROPAGANDA-1-768x512.jpg 768w, https:\/\/adf-magazine.com\/wp-content\/uploads\/2026\/08\/AI-PROPAGANDA-1-150x100.jpg 150w, https:\/\/adf-magazine.com\/wp-content\/uploads\/2026\/08\/AI-PROPAGANDA-1-450x300.jpg 450w, https:\/\/adf-magazine.com\/wp-content\/uploads\/2026\/08\/AI-PROPAGANDA-1.jpg 1080w\" \/><\/a>\t\t\t\n\t\t\t\n\t\t\t\n\t\t\t\n\t\t\n\t\t<\/div>\n\t\n\n\t\n\t\t<div class=\"content\">\n\n\t\t\t<div class=\"post-meta post-meta-a post-meta-left has-below\"><h4 class=\"is-title post-title\"><a href=\"https:\/\/adf-magazine.com\/pt-pt\/2026\/08\/ia-usada-para-propagar-e-combater-o-odio\/\">IA Usada para Propagar e Combater o \u00d3dio<\/a><\/h4><div class=\"post-meta-items meta-below\"><span class=\"meta-item date\"><span class=\"date-link\"><time class=\"post-date\" datetime=\"2026-08-25T13:31:02-04:00\">25 de Agosto, 2026<\/time><\/span><\/span><\/div><\/div>\t\t\t\n\t\t\t\n\t\t\t\n\t\t<\/div>\n\n\t\n<\/article>\t\n\t\t\t\t\t\n<article class=\"l-post small-post m-pos-left\">\n\n\t\n\t\t\t<div class=\"media\">\n\n\t\t\n\t\t\t<a href=\"https:\/\/adf-magazine.com\/pt-pt\/2026\/08\/camaroes-combatem-abuso-de-registos-de-navios\/\" class=\"image-link media-ratio ar-bunyad-thumb\" title=\"Camar\u00f5es Combatem Abuso de Registos de Navios\"><img loading=\"lazy\" decoding=\"async\" width=\"119\" height=\"82\" src=\"https:\/\/adf-magazine.com\/wp-content\/uploads\/2026\/08\/CAM-FLAG1-300x200.webp\" class=\"attachment-medium size-medium wp-post-image\" alt=\"\" sizes=\"(max-width: 119px) 100vw, 119px\" title=\"Camar\u00f5es Combatem Abuso de Registos de Navios\" srcset=\"https:\/\/adf-magazine.com\/wp-content\/uploads\/2026\/08\/CAM-FLAG1-300x200.webp 300w, https:\/\/adf-magazine.com\/wp-content\/uploads\/2026\/08\/CAM-FLAG1-1024x683.webp 1024w, https:\/\/adf-magazine.com\/wp-content\/uploads\/2026\/08\/CAM-FLAG1-768x512.webp 768w, https:\/\/adf-magazine.com\/wp-content\/uploads\/2026\/08\/CAM-FLAG1-150x100.webp 150w, https:\/\/adf-magazine.com\/wp-content\/uploads\/2026\/08\/CAM-FLAG1-450x300.webp 450w, https:\/\/adf-magazine.com\/wp-content\/uploads\/2026\/08\/CAM-FLAG1.webp 1080w\" \/><\/a>\t\t\t\n\t\t\t\n\t\t\t\n\t\t\t\n\t\t\n\t\t<\/div>\n\t\n\n\t\n\t\t<div class=\"content\">\n\n\t\t\t<div class=\"post-meta post-meta-a post-meta-left has-below\"><h4 class=\"is-title post-title\"><a href=\"https:\/\/adf-magazine.com\/pt-pt\/2026\/08\/camaroes-combatem-abuso-de-registos-de-navios\/\">Camar\u00f5es Combatem Abuso de Registos de Navios<\/a><\/h4><div class=\"post-meta-items meta-below\"><span class=\"meta-item date\"><span class=\"date-link\"><time class=\"post-date\" datetime=\"2026-08-18T15:20:56-04:00\">18 de Agosto, 2026<\/time><\/span><\/span><\/div><\/div>\t\t\t\n\t\t\t\n\t\t\t\n\t\t<\/div>\n\n\t\n<\/article>\t\n\t\t\t\t\t\n<article class=\"l-post small-post m-pos-left\">\n\n\t\n\t\t\t<div class=\"media\">\n\n\t\t\n\t\t\t<a href=\"https:\/\/adf-magazine.com\/pt-pt\/2026\/08\/forcas-armadas-ficam-para-tras-na-tecnologia-de-combate-a-drones\/\" class=\"image-link media-ratio ar-bunyad-thumb\" title=\"For\u00e7as Armadas Ficam Para Tr\u00e1s na Tecnologia de Combate a Drones\"><img loading=\"lazy\" decoding=\"async\" width=\"119\" height=\"82\" src=\"https:\/\/adf-magazine.com\/wp-content\/uploads\/2026\/08\/DRONE-DEFENSE-1-300x200.webp\" class=\"attachment-medium size-medium wp-post-image\" alt=\"\" sizes=\"(max-width: 119px) 100vw, 119px\" title=\"For\u00e7as Armadas Ficam Para Tr\u00e1s na Tecnologia de Combate a Drones\" srcset=\"https:\/\/adf-magazine.com\/wp-content\/uploads\/2026\/08\/DRONE-DEFENSE-1-300x200.webp 300w, https:\/\/adf-magazine.com\/wp-content\/uploads\/2026\/08\/DRONE-DEFENSE-1-1024x683.webp 1024w, https:\/\/adf-magazine.com\/wp-content\/uploads\/2026\/08\/DRONE-DEFENSE-1-768x512.webp 768w, https:\/\/adf-magazine.com\/wp-content\/uploads\/2026\/08\/DRONE-DEFENSE-1-150x100.webp 150w, https:\/\/adf-magazine.com\/wp-content\/uploads\/2026\/08\/DRONE-DEFENSE-1-450x300.webp 450w, https:\/\/adf-magazine.com\/wp-content\/uploads\/2026\/08\/DRONE-DEFENSE-1.webp 1080w\" \/><\/a>\t\t\t\n\t\t\t\n\t\t\t\n\t\t\t\n\t\t\n\t\t<\/div>\n\t\n\n\t\n\t\t<div class=\"content\">\n\n\t\t\t<div class=\"post-meta post-meta-a post-meta-left has-below\"><h4 class=\"is-title post-title\"><a href=\"https:\/\/adf-magazine.com\/pt-pt\/2026\/08\/forcas-armadas-ficam-para-tras-na-tecnologia-de-combate-a-drones\/\">For\u00e7as Armadas Ficam Para Tr\u00e1s na Tecnologia de Combate a Drones<\/a><\/h4><div class=\"post-meta-items meta-below\"><span class=\"meta-item date\"><span class=\"date-link\"><time class=\"post-date\" datetime=\"2026-08-18T15:17:03-04:00\">18 de Agosto, 2026<\/time><\/span><\/span><\/div><\/div>\t\t\t\n\t\t\t\n\t\t\t\n\t\t<\/div>\n\n\t\n<\/article>\t\n\t\t\t\t\t\n<article class=\"l-post small-post m-pos-left\">\n\n\t\n\t\t\t<div class=\"media\">\n\n\t\t\n\t\t\t<a href=\"https:\/\/adf-magazine.com\/pt-pt\/2026\/08\/corrida-ao-ouro-abre-portas-aos-terroristas-na-africa-austral\/\" class=\"image-link media-ratio ar-bunyad-thumb\" title=\"Corrida ao Ouro Abre Portas aos Terroristas na \u00c1frica Austral\"><img loading=\"lazy\" decoding=\"async\" width=\"119\" height=\"82\" src=\"https:\/\/adf-magazine.com\/wp-content\/uploads\/2026\/08\/JIHADI-GOLD1-300x201.webp\" class=\"attachment-medium size-medium wp-post-image\" alt=\"\" sizes=\"(max-width: 119px) 100vw, 119px\" title=\"Corrida ao Ouro Abre Portas aos Terroristas na \u00c1frica Austral\" srcset=\"https:\/\/adf-magazine.com\/wp-content\/uploads\/2026\/08\/JIHADI-GOLD1-300x201.webp 300w, https:\/\/adf-magazine.com\/wp-content\/uploads\/2026\/08\/JIHADI-GOLD1-1024x685.webp 1024w, https:\/\/adf-magazine.com\/wp-content\/uploads\/2026\/08\/JIHADI-GOLD1-768x513.webp 768w, https:\/\/adf-magazine.com\/wp-content\/uploads\/2026\/08\/JIHADI-GOLD1-150x100.webp 150w, https:\/\/adf-magazine.com\/wp-content\/uploads\/2026\/08\/JIHADI-GOLD1-450x301.webp 450w, https:\/\/adf-magazine.com\/wp-content\/uploads\/2026\/08\/JIHADI-GOLD1.webp 1080w\" \/><\/a>\t\t\t\n\t\t\t\n\t\t\t\n\t\t\t\n\t\t\n\t\t<\/div>\n\t\n\n\t\n\t\t<div class=\"content\">\n\n\t\t\t<div class=\"post-meta post-meta-a post-meta-left has-below\"><h4 class=\"is-title post-title\"><a href=\"https:\/\/adf-magazine.com\/pt-pt\/2026\/08\/corrida-ao-ouro-abre-portas-aos-terroristas-na-africa-austral\/\">Corrida ao Ouro Abre Portas aos Terroristas na \u00c1frica Austral<\/a><\/h4><div class=\"post-meta-items meta-below\"><span class=\"meta-item date\"><span class=\"date-link\"><time class=\"post-date\" datetime=\"2026-08-18T15:13:02-04:00\">18 de Agosto, 2026<\/time><\/span><\/span><\/div><\/div>\t\t\t\n\t\t\t\n\t\t\t\n\t\t<\/div>\n\n\t\n<\/article>\t\n\t\t\t\t\t\n<article class=\"l-post small-post m-pos-left\">\n\n\t\n\t\t\t<div class=\"media\">\n\n\t\t\n\t\t\t<a href=\"https:\/\/adf-magazine.com\/pt-pt\/2026\/08\/dominio-terrorista-no-mali-ameaca-abalar-a-regiao\/\" class=\"image-link media-ratio ar-bunyad-thumb\" title=\"Dom\u00ednio Terrorista no Mali Amea\u00e7a Abalar a Regi\u00e3o\"><img loading=\"lazy\" decoding=\"async\" width=\"119\" height=\"82\" src=\"https:\/\/adf-magazine.com\/wp-content\/uploads\/2026\/08\/JNIM-RISK-2-300x200.webp\" class=\"attachment-medium size-medium wp-post-image\" alt=\"\" sizes=\"(max-width: 119px) 100vw, 119px\" title=\"Dom\u00ednio Terrorista no Mali Amea\u00e7a Abalar a Regi\u00e3o\" srcset=\"https:\/\/adf-magazine.com\/wp-content\/uploads\/2026\/08\/JNIM-RISK-2-300x200.webp 300w, https:\/\/adf-magazine.com\/wp-content\/uploads\/2026\/08\/JNIM-RISK-2-1024x683.webp 1024w, https:\/\/adf-magazine.com\/wp-content\/uploads\/2026\/08\/JNIM-RISK-2-768x512.webp 768w, https:\/\/adf-magazine.com\/wp-content\/uploads\/2026\/08\/JNIM-RISK-2-150x100.webp 150w, https:\/\/adf-magazine.com\/wp-content\/uploads\/2026\/08\/JNIM-RISK-2-450x300.webp 450w, https:\/\/adf-magazine.com\/wp-content\/uploads\/2026\/08\/JNIM-RISK-2.webp 1080w\" \/><\/a>\t\t\t\n\t\t\t\n\t\t\t\n\t\t\t\n\t\t\n\t\t<\/div>\n\t\n\n\t\n\t\t<div class=\"content\">\n\n\t\t\t<div class=\"post-meta post-meta-a post-meta-left has-below\"><h4 class=\"is-title post-title\"><a href=\"https:\/\/adf-magazine.com\/pt-pt\/2026\/08\/dominio-terrorista-no-mali-ameaca-abalar-a-regiao\/\">Dom\u00ednio Terrorista no Mali Amea\u00e7a Abalar a Regi\u00e3o<\/a><\/h4><div class=\"post-meta-items meta-below\"><span class=\"meta-item date\"><span class=\"date-link\"><time class=\"post-date\" datetime=\"2026-08-18T15:09:00-04:00\">18 de Agosto, 2026<\/time><\/span><\/span><\/div><\/div>\t\t\t\n\t\t\t\n\t\t\t\n\t\t<\/div>\n\n\t\n<\/article>\t\n\t\t\n\t<\/div>\n\n\t\n\n\t\n\t\t\n\t<div class=\"main-pagination pagination-more\" data-type=\"load-more\">\n\t\t<a href=\"https:\/\/adf-magazine.com\/pt-pt\/wp-json\/wp\/v2\/pages\/105807\/page\/2\/\" class=\"ts-button load-button load-button-a ts-button-alt\" data-page=\"1\">\n\t\t\t\tLoad More \n\t\t\t\t<i class=\"icon tsi tsi-repeat\"><\/i>\n\t\t<\/a>\n\t<\/div>\t\n\t\n\t\n\n\t\t\t\t<\/div>\n\n\t\t<\/section>\n\t\t\t\t\t\t<\/div>\n\t\t\t\t<\/div>\n\t\t\t\t\t<\/div>\n\t\t<\/div>\n\t\t\t\t\t<\/div>\n\t\t<\/section>\n\t\t\t\t<\/div>\n\t\t","protected":false},"excerpt":{"rendered":"<p>NOT\u00cdCIAS DIARIES Not\u00edcias diaries For\u00e7as Malianas e Russas Regressam a Tinzawaten Depois de Derrota Brutal ADFNovembro 12, 2024 Not\u00edcias diaries Turquia Espera que a Pacifica\u00e7\u00e3o Possa Aumentar a Sua Influ\u00eancia no Corno de \u00c1frica ADFNovembro 12, 2024 Not\u00edcias diaries Apoio dos Emirados \u00c1rabes Unidos \u00e0s RSF Acusado de Prolongar Guerra no Sud\u00e3o ADFNovembro 12, 2024<\/p>\n","protected":false},"author":1,"featured_media":0,"parent":0,"menu_order":0,"comment_status":"closed","ping_status":"closed","template":"page-templates\/no-wrapper.php","meta":{"_acf_changed":false,"_monsterinsights_skip_tracking":false,"_uf_show_specific_survey":0,"_uf_disable_surveys":false,"footnotes":""},"class_list":["post-105807","page","type-page","status-publish"],"acf":[],"yoast_head":"<!-- This site is optimized with the Yoast SEO plugin v28.4 - https:\/\/yoast.com\/product\/yoast-seo-wordpress\/ -->\n<title>Not\u00edcias diaries - Africa Defense Forum<\/title>\n<meta name=\"robots\" content=\"index, follow, max-snippet:-1, max-image-preview:large, max-video-preview:-1\" \/>\n<link rel=\"canonical\" href=\"https:\/\/adf-magazine.com\/daily-news\/\" \/>\n<meta property=\"og:locale\" content=\"pt_PT\" \/>\n<meta property=\"og:type\" content=\"article\" \/>\n<meta property=\"og:title\" content=\"Not\u00edcias diaries - Africa Defense Forum\" \/>\n<meta property=\"og:description\" content=\"NOT\u00cdCIAS DIARIES Not\u00edcias diaries For\u00e7as Malianas e Russas Regressam a Tinzawaten Depois de Derrota Brutal ADFNovembro 12, 2024 Not\u00edcias diaries Turquia Espera que a Pacifica\u00e7\u00e3o Possa Aumentar a Sua Influ\u00eancia no Corno de \u00c1frica ADFNovembro 12, 2024 Not\u00edcias diaries Apoio dos Emirados \u00c1rabes Unidos \u00e0s RSF Acusado de Prolongar Guerra no Sud\u00e3o ADFNovembro 12, 2024\" \/>\n<meta property=\"og:url\" content=\"https:\/\/adf-magazine.com\/daily-news\/\" \/>\n<meta property=\"og:site_name\" content=\"Africa Defense Forum\" \/>\n<meta property=\"article:publisher\" content=\"https:\/\/www.facebook.com\/ADFmagazine\/\" \/>\n<meta property=\"article:modified_time\" content=\"2024-11-20T15:14:12+00:00\" \/>\n<meta property=\"og:image\" content=\"https:\/\/adf-magazine.com\/wp-content\/uploads\/2024\/11\/GettyImages-644140812-768x512.jpg\" \/>\n<meta name=\"twitter:card\" content=\"summary_large_image\" \/>\n<meta name=\"twitter:site\" content=\"@ADFmagazine\" \/>\n<meta name=\"twitter:label1\" content=\"Tempo estimado de leitura\" \/>\n\t<meta name=\"twitter:data1\" content=\"3 minutos\" \/>\n<script type=\"application\/ld+json\" class=\"yoast-schema-graph\">{\"@context\":\"https:\\\/\\\/schema.org\",\"@graph\":[{\"@type\":\"WebPage\",\"@id\":\"https:\\\/\\\/adf-magazine.com\\\/daily-news\\\/\",\"url\":\"https:\\\/\\\/adf-magazine.com\\\/daily-news\\\/\",\"name\":\"Not\u00edcias diaries - Africa Defense Forum\",\"isPartOf\":{\"@id\":\"https:\\\/\\\/adf-magazine.com\\\/#website\"},\"primaryImageOfPage\":{\"@id\":\"https:\\\/\\\/adf-magazine.com\\\/daily-news\\\/#primaryimage\"},\"image\":{\"@id\":\"https:\\\/\\\/adf-magazine.com\\\/daily-news\\\/#primaryimage\"},\"thumbnailUrl\":\"https:\\\/\\\/adf-magazine.com\\\/wp-content\\\/uploads\\\/2024\\\/11\\\/GettyImages-644140812-768x512.jpg\",\"datePublished\":\"2023-05-19T19:17:27+00:00\",\"dateModified\":\"2024-11-20T15:14:12+00:00\",\"breadcrumb\":{\"@id\":\"https:\\\/\\\/adf-magazine.com\\\/daily-news\\\/#breadcrumb\"},\"inLanguage\":\"pt-PT\",\"potentialAction\":[{\"@type\":\"ReadAction\",\"target\":[\"https:\\\/\\\/adf-magazine.com\\\/daily-news\\\/\"]}]},{\"@type\":\"ImageObject\",\"inLanguage\":\"pt-PT\",\"@id\":\"https:\\\/\\\/adf-magazine.com\\\/daily-news\\\/#primaryimage\",\"url\":\"https:\\\/\\\/adf-magazine.com\\\/wp-content\\\/uploads\\\/2024\\\/11\\\/GettyImages-644140812-768x512.jpg\",\"contentUrl\":\"https:\\\/\\\/adf-magazine.com\\\/wp-content\\\/uploads\\\/2024\\\/11\\\/GettyImages-644140812-768x512.jpg\"},{\"@type\":\"BreadcrumbList\",\"@id\":\"https:\\\/\\\/adf-magazine.com\\\/daily-news\\\/#breadcrumb\",\"itemListElement\":[{\"@type\":\"ListItem\",\"position\":1,\"name\":\"Home\",\"item\":\"https:\\\/\\\/adf-magazine.com\\\/pt-pt\\\/\"},{\"@type\":\"ListItem\",\"position\":2,\"name\":\"Not\u00edcias diaries\"}]},{\"@type\":\"WebSite\",\"@id\":\"https:\\\/\\\/adf-magazine.com\\\/#website\",\"url\":\"https:\\\/\\\/adf-magazine.com\\\/\",\"name\":\"Africa Defense Forum\",\"description\":\"Africa Defense Forum\",\"potentialAction\":[{\"@type\":\"SearchAction\",\"target\":{\"@type\":\"EntryPoint\",\"urlTemplate\":\"https:\\\/\\\/adf-magazine.com\\\/?s={search_term_string}\"},\"query-input\":{\"@type\":\"PropertyValueSpecification\",\"valueRequired\":true,\"valueName\":\"search_term_string\"}}],\"inLanguage\":\"pt-PT\"}]}<\/script>\n<!-- \/ Yoast SEO plugin. -->","yoast_head_json":{"title":"Not\u00edcias diaries - Africa Defense Forum","robots":{"index":"index","follow":"follow","max-snippet":"max-snippet:-1","max-image-preview":"max-image-preview:large","max-video-preview":"max-video-preview:-1"},"canonical":"https:\/\/adf-magazine.com\/daily-news\/","og_locale":"pt_PT","og_type":"article","og_title":"Not\u00edcias diaries - Africa Defense Forum","og_description":"NOT\u00cdCIAS DIARIES Not\u00edcias diaries For\u00e7as Malianas e Russas Regressam a Tinzawaten Depois de Derrota Brutal ADFNovembro 12, 2024 Not\u00edcias diaries Turquia Espera que a Pacifica\u00e7\u00e3o Possa Aumentar a Sua Influ\u00eancia no Corno de \u00c1frica ADFNovembro 12, 2024 Not\u00edcias diaries Apoio dos Emirados \u00c1rabes Unidos \u00e0s RSF Acusado de Prolongar Guerra no Sud\u00e3o ADFNovembro 12, 2024","og_url":"https:\/\/adf-magazine.com\/daily-news\/","og_site_name":"Africa Defense Forum","article_publisher":"https:\/\/www.facebook.com\/ADFmagazine\/","article_modified_time":"2024-11-20T15:14:12+00:00","og_image":[{"url":"https:\/\/adf-magazine.com\/wp-content\/uploads\/2024\/11\/GettyImages-644140812-768x512.jpg","type":"","width":"","height":""}],"twitter_card":"summary_large_image","twitter_site":"@ADFmagazine","twitter_misc":{"Tempo estimado de leitura":"3 minutos"},"schema":{"@context":"https:\/\/schema.org","@graph":[{"@type":"WebPage","@id":"https:\/\/adf-magazine.com\/daily-news\/","url":"https:\/\/adf-magazine.com\/daily-news\/","name":"Not\u00edcias diaries - Africa Defense Forum","isPartOf":{"@id":"https:\/\/adf-magazine.com\/#website"},"primaryImageOfPage":{"@id":"https:\/\/adf-magazine.com\/daily-news\/#primaryimage"},"image":{"@id":"https:\/\/adf-magazine.com\/daily-news\/#primaryimage"},"thumbnailUrl":"https:\/\/adf-magazine.com\/wp-content\/uploads\/2024\/11\/GettyImages-644140812-768x512.jpg","datePublished":"2023-05-19T19:17:27+00:00","dateModified":"2024-11-20T15:14:12+00:00","breadcrumb":{"@id":"https:\/\/adf-magazine.com\/daily-news\/#breadcrumb"},"inLanguage":"pt-PT","potentialAction":[{"@type":"ReadAction","target":["https:\/\/adf-magazine.com\/daily-news\/"]}]},{"@type":"ImageObject","inLanguage":"pt-PT","@id":"https:\/\/adf-magazine.com\/daily-news\/#primaryimage","url":"https:\/\/adf-magazine.com\/wp-content\/uploads\/2024\/11\/GettyImages-644140812-768x512.jpg","contentUrl":"https:\/\/adf-magazine.com\/wp-content\/uploads\/2024\/11\/GettyImages-644140812-768x512.jpg"},{"@type":"BreadcrumbList","@id":"https:\/\/adf-magazine.com\/daily-news\/#breadcrumb","itemListElement":[{"@type":"ListItem","position":1,"name":"Home","item":"https:\/\/adf-magazine.com\/pt-pt\/"},{"@type":"ListItem","position":2,"name":"Not\u00edcias diaries"}]},{"@type":"WebSite","@id":"https:\/\/adf-magazine.com\/#website","url":"https:\/\/adf-magazine.com\/","name":"Africa Defense Forum","description":"Africa Defense Forum","potentialAction":[{"@type":"SearchAction","target":{"@type":"EntryPoint","urlTemplate":"https:\/\/adf-magazine.com\/?s={search_term_string}"},"query-input":{"@type":"PropertyValueSpecification","valueRequired":true,"valueName":"search_term_string"}}],"inLanguage":"pt-PT"}]}},"_links":{"self":[{"href":"https:\/\/adf-magazine.com\/pt-pt\/wp-json\/wp\/v2\/pages\/105807","targetHints":{"allow":["GET"]}}],"collection":[{"href":"https:\/\/adf-magazine.com\/pt-pt\/wp-json\/wp\/v2\/pages"}],"about":[{"href":"https:\/\/adf-magazine.com\/pt-pt\/wp-json\/wp\/v2\/types\/page"}],"author":[{"embeddable":true,"href":"https:\/\/adf-magazine.com\/pt-pt\/wp-json\/wp\/v2\/users\/1"}],"replies":[{"embeddable":true,"href":"https:\/\/adf-magazine.com\/pt-pt\/wp-json\/wp\/v2\/comments?post=105807"}],"version-history":[{"count":0,"href":"https:\/\/adf-magazine.com\/pt-pt\/wp-json\/wp\/v2\/pages\/105807\/revisions"}],"wp:attachment":[{"href":"https:\/\/adf-magazine.com\/pt-pt\/wp-json\/wp\/v2\/media?parent=105807"}],"curies":[{"name":"wp","href":"https:\/\/api.w.org\/{rel}","templated":true}]}}