{"id":105802,"date":"2023-05-19T15:15:59","date_gmt":"2023-05-19T19:15:59","guid":{"rendered":"https:\/\/adf-magazine.com\/?page_id=105802"},"modified":"2024-11-20T10:09:42","modified_gmt":"2024-11-20T15:09:42","slug":"actualites-du-jour","status":"publish","type":"page","link":"https:\/\/adf-magazine.com\/fr\/actualites-du-jour\/","title":{"rendered":"Actualit\u00e9s du Jour"},"content":{"rendered":"\t\t<div data-elementor-type=\"wp-page\" data-elementor-id=\"105802\" class=\"elementor elementor-105802 elementor-105800\">\n\t\t\t\t\t\t<section class=\"elementor-section elementor-top-section elementor-element elementor-element-88ace27 elementor-section-boxed elementor-section-height-default elementor-section-height-default\" data-id=\"88ace27\" data-element_type=\"section\" data-e-type=\"section\">\n\t\t\t\t\t\t<div class=\"elementor-container elementor-column-gap-default\">\n\t\t\t\t\t<div class=\"elementor-column elementor-col-100 elementor-top-column elementor-element elementor-element-0c49cad\" data-id=\"0c49cad\" data-element_type=\"column\" data-e-type=\"column\">\n\t\t\t<div class=\"elementor-widget-wrap elementor-element-populated\">\n\t\t\t\t\t\t<div class=\"elementor-element elementor-element-9bf85a6 elementor-widget elementor-widget-smartmag-featgrid\" data-id=\"9bf85a6\" data-element_type=\"widget\" data-e-type=\"widget\" data-widget_type=\"smartmag-featgrid.default\">\n\t\t\t\t<div class=\"elementor-widget-container\">\n\t\t\t\t\t\t\t<section class=\"block-wrap block-feat-grid block-sc\" data-id=\"1\">\n\n\t\t\t\t\t\t\t\t\n\t\t\t\t\t\t\t\n\t\t\t\t<div class=\"block-head block-head-ac block-head-c is-left\">\n\n\t\t\t\t\t<h4 class=\"heading\">ACTUALIT\u00c9S DU JOUR<\/h4>\t\t\t\t\t\n\t\t\t\t\t\t\t\t\t<\/div>\n\t\t\t\t\n\t\t\t\n\t\t\t\n\t\t\t<div class=\"block-content\">\n\t\t\t\t\t\n<section class=\"feat-grid feat-grid-a slider common-slider arrow-hover feat-grid-ratio\">\n\n\t<div class=\"slides\" data-parallax data-slider=\"feat-grid\" data-scroll-num=\"1\" data-scroll-num-md=\"1\">\n\t\n\t\n\t\t\t\t\t<div class=\"items-wrap slide-wrap\">\n\t\t\t\t\t\n\t\t\t\t\t\t\t\n\t\t\t\t<div class=\"item item-large item-main item-1 pos-bot\">\n\n\t\t\t\t\t\n<article class=\"l-post grid-overlay grid-overlay-a hover-zoom\">\n\n\t\n\t\t\t<div class=\"media\">\n\n\t\t\n\t\t\t<a href=\"https:\/\/adf-magazine.com\/fr\/2026\/09\/daech-a-lintention-detablir-des-bastions-au-mozambique\/\" class=\"image-link\" title=\"Daech a l\u2019intention d\u2019\u00e9tablir des bastions au Mozambique\"><img fetchpriority=\"high\" decoding=\"async\" width=\"768\" height=\"562\" src=\"https:\/\/adf-magazine.com\/wp-content\/uploads\/2026\/09\/ISM-STRONGHOLD1-768x562.webp\" class=\"attachment-bunyad-768 size-bunyad-768 wp-post-image\" alt=\"\" sizes=\"(max-width: 634px) 100vw, 634px\" title=\"Daech a l\u2019intention d\u2019\u00e9tablir des bastions au Mozambique\" srcset=\"https:\/\/adf-magazine.com\/wp-content\/uploads\/2026\/09\/ISM-STRONGHOLD1-768x562.webp 768w, https:\/\/adf-magazine.com\/wp-content\/uploads\/2026\/09\/ISM-STRONGHOLD1-300x220.webp 300w, https:\/\/adf-magazine.com\/wp-content\/uploads\/2026\/09\/ISM-STRONGHOLD1-1024x750.webp 1024w, https:\/\/adf-magazine.com\/wp-content\/uploads\/2026\/09\/ISM-STRONGHOLD1-150x110.webp 150w, https:\/\/adf-magazine.com\/wp-content\/uploads\/2026\/09\/ISM-STRONGHOLD1-450x330.webp 450w, https:\/\/adf-magazine.com\/wp-content\/uploads\/2026\/09\/ISM-STRONGHOLD1.webp 1080w\" \/><\/a>\t\t\t\n\t\t\t\n\t\t\t\n\t\t\t\n\t\t\n\t\t<\/div>\n\t\n\n\t\t\t<div class=\"content-wrap\">\n\t\n\t\t<div class=\"content\">\n\n\t\t\t<div class=\"post-meta post-meta-a meta-contrast has-below\"><div class=\"post-meta-items meta-above\"><span class=\"meta-item cat-labels\">\n\t\t\t\t\t\t\n\t\t\t\t\t\t<a href=\"https:\/\/adf-magazine.com\/fr\/category\/dernieres-nouvelles\/\" class=\"category term-color-331\" rel=\"category\" tabindex=\"-1\">Actualit\u00e9s du Jour<\/a>\n\t\t\t\t\t<\/span>\n\t\t\t\t\t<\/div><h2 class=\"is-title post-title\"><a href=\"https:\/\/adf-magazine.com\/fr\/2026\/09\/daech-a-lintention-detablir-des-bastions-au-mozambique\/\">Daech a l\u2019intention d\u2019\u00e9tablir des bastions au Mozambique<\/a><\/h2><div class=\"post-meta-items meta-below\"><span class=\"meta-item post-author\"><a href=\"https:\/\/adf-magazine.com\/fr\/author\/adf\/\" rel=\"author\" class=\"molongui-author-link\" data-author-id=\"1\">ADF<\/a><\/span><span class=\"meta-item date\"><span class=\"date-link\"><time class=\"post-date\" datetime=\"2026-09-01T14:03:45-04:00\">1 septembre 2026<\/time><\/span><\/span><\/div><\/div>\t\t\t\n\t\t\t\n\t\t\t\n\t\t<\/div>\n\n\t\t\t<\/div>\n\t\n<\/article>\n\t\t\t\t<\/div>\n\t\t\t\t\t\t\t\n\t\t\t\t\t\t\t\n\t\t\t\t<div class=\"item item-small item-2 pos-bot\">\n\n\t\t\t\t\t\n<article class=\"l-post grid-overlay grid-overlay-a hover-zoom\">\n\n\t\n\t\t\t<div class=\"media\">\n\n\t\t\n\t\t\t<a href=\"https:\/\/adf-magazine.com\/fr\/2026\/09\/lia-aide-les-groupes-terroristes-a-planifier-et-executer-les-attaques\/\" class=\"image-link\" title=\"L\u2019IA aide les groupes terroristes \u00e0 planifier et ex\u00e9cuter les attaques\"><img decoding=\"async\" width=\"450\" height=\"300\" src=\"https:\/\/adf-magazine.com\/wp-content\/uploads\/2026\/09\/JIHAD-AI-1-450x300.webp\" class=\"attachment-bunyad-medium size-bunyad-medium wp-post-image\" alt=\"\" sizes=\"(max-width: 768px) 50vw, 316px\" title=\"L\u2019IA aide les groupes terroristes \u00e0 planifier et ex\u00e9cuter les attaques\" srcset=\"https:\/\/adf-magazine.com\/wp-content\/uploads\/2026\/09\/JIHAD-AI-1-450x300.webp 450w, https:\/\/adf-magazine.com\/wp-content\/uploads\/2026\/09\/JIHAD-AI-1-300x200.webp 300w, https:\/\/adf-magazine.com\/wp-content\/uploads\/2026\/09\/JIHAD-AI-1-1024x683.webp 1024w, https:\/\/adf-magazine.com\/wp-content\/uploads\/2026\/09\/JIHAD-AI-1-768x512.webp 768w, https:\/\/adf-magazine.com\/wp-content\/uploads\/2026\/09\/JIHAD-AI-1-150x100.webp 150w, https:\/\/adf-magazine.com\/wp-content\/uploads\/2026\/09\/JIHAD-AI-1.webp 1080w\" \/><\/a>\t\t\t\n\t\t\t\n\t\t\t\n\t\t\t\n\t\t\n\t\t<\/div>\n\t\n\n\t\t\t<div class=\"content-wrap\">\n\t\n\t\t<div class=\"content\">\n\n\t\t\t<div class=\"post-meta post-meta-a meta-contrast has-below\"><div class=\"post-meta-items meta-above\"><span class=\"meta-item cat-labels\">\n\t\t\t\t\t\t\n\t\t\t\t\t\t<a href=\"https:\/\/adf-magazine.com\/fr\/category\/dernieres-nouvelles\/\" class=\"category term-color-331\" rel=\"category\" tabindex=\"-1\">Actualit\u00e9s du Jour<\/a>\n\t\t\t\t\t<\/span>\n\t\t\t\t\t<\/div><h2 class=\"is-title post-title\"><a href=\"https:\/\/adf-magazine.com\/fr\/2026\/09\/lia-aide-les-groupes-terroristes-a-planifier-et-executer-les-attaques\/\">L\u2019IA aide les groupes terroristes \u00e0 planifier et ex\u00e9cuter les attaques<\/a><\/h2><div class=\"post-meta-items meta-below\"><span class=\"meta-item post-author\"><a href=\"https:\/\/adf-magazine.com\/fr\/author\/adf\/\" rel=\"author\" class=\"molongui-author-link\" data-author-id=\"1\">ADF<\/a><\/span><span class=\"meta-item date\"><span class=\"date-link\"><time class=\"post-date\" datetime=\"2026-09-01T13:49:30-04:00\">1 septembre 2026<\/time><\/span><\/span><\/div><\/div>\t\t\t\n\t\t\t\n\t\t\t\n\t\t<\/div>\n\n\t\t\t<\/div>\n\t\n<\/article>\n\t\t\t\t<\/div>\n\t\t\t\t\t\t\t\n\t\t\t\t\t\t\t\n\t\t\t\t<div class=\"item item-small item-3 pos-bot\">\n\n\t\t\t\t\t\n<article class=\"l-post grid-overlay grid-overlay-a hover-zoom\">\n\n\t\n\t\t\t<div class=\"media\">\n\n\t\t\n\t\t\t<a href=\"https:\/\/adf-magazine.com\/fr\/2026\/09\/les-terroristes-du-nigeria-ont-recours-a-tiktok\/\" class=\"image-link\" title=\"Les terroristes du Nigeria ont recours \u00e0 TikTok\"><img decoding=\"async\" width=\"450\" height=\"300\" src=\"https:\/\/adf-magazine.com\/wp-content\/uploads\/2026\/09\/JIHADI-TIKTOK3-450x300.webp\" class=\"attachment-bunyad-medium size-bunyad-medium wp-post-image\" alt=\"\" sizes=\"(max-width: 768px) 50vw, 316px\" title=\"Les terroristes du Nigeria ont recours \u00e0 TikTok\" srcset=\"https:\/\/adf-magazine.com\/wp-content\/uploads\/2026\/09\/JIHADI-TIKTOK3-450x300.webp 450w, https:\/\/adf-magazine.com\/wp-content\/uploads\/2026\/09\/JIHADI-TIKTOK3-300x200.webp 300w, https:\/\/adf-magazine.com\/wp-content\/uploads\/2026\/09\/JIHADI-TIKTOK3-1024x683.webp 1024w, https:\/\/adf-magazine.com\/wp-content\/uploads\/2026\/09\/JIHADI-TIKTOK3-768x512.webp 768w, https:\/\/adf-magazine.com\/wp-content\/uploads\/2026\/09\/JIHADI-TIKTOK3-150x100.webp 150w, https:\/\/adf-magazine.com\/wp-content\/uploads\/2026\/09\/JIHADI-TIKTOK3.webp 1080w\" \/><\/a>\t\t\t\n\t\t\t\n\t\t\t\n\t\t\t\n\t\t\n\t\t<\/div>\n\t\n\n\t\t\t<div class=\"content-wrap\">\n\t\n\t\t<div class=\"content\">\n\n\t\t\t<div class=\"post-meta post-meta-a meta-contrast has-below\"><div class=\"post-meta-items meta-above\"><span class=\"meta-item cat-labels\">\n\t\t\t\t\t\t\n\t\t\t\t\t\t<a href=\"https:\/\/adf-magazine.com\/fr\/category\/dernieres-nouvelles\/\" class=\"category term-color-331\" rel=\"category\" tabindex=\"-1\">Actualit\u00e9s du Jour<\/a>\n\t\t\t\t\t<\/span>\n\t\t\t\t\t<\/div><h2 class=\"is-title post-title\"><a href=\"https:\/\/adf-magazine.com\/fr\/2026\/09\/les-terroristes-du-nigeria-ont-recours-a-tiktok\/\">Les terroristes du Nigeria ont recours \u00e0 TikTok<\/a><\/h2><div class=\"post-meta-items meta-below\"><span class=\"meta-item post-author\"><a href=\"https:\/\/adf-magazine.com\/fr\/author\/adf\/\" rel=\"author\" class=\"molongui-author-link\" data-author-id=\"1\">ADF<\/a><\/span><span class=\"meta-item date\"><span class=\"date-link\"><time class=\"post-date\" datetime=\"2026-09-01T13:41:44-04:00\">1 septembre 2026<\/time><\/span><\/span><\/div><\/div>\t\t\t\n\t\t\t\n\t\t\t\n\t\t<\/div>\n\n\t\t\t<\/div>\n\t\n<\/article>\n\t\t\t\t<\/div>\n\t\t\t\t\t\t\t\n\t\t\t\t\t\t\t\n\t\t\t\t<div class=\"item item-small item-4 pos-bot\">\n\n\t\t\t\t\t\n<article class=\"l-post grid-overlay grid-overlay-a hover-zoom\">\n\n\t\n\t\t\t<div class=\"media\">\n\n\t\t\n\t\t\t<a href=\"https:\/\/adf-magazine.com\/fr\/2026\/09\/la-flotte-fantome-russe-se-dissimule-dans-les-registres-de-navires-africains\/\" class=\"image-link\" title=\"La \u00ab flotte fant\u00f4me \u00bb russe se dissimule dans les registres de navires africains\"><img loading=\"lazy\" decoding=\"async\" width=\"450\" height=\"300\" src=\"https:\/\/adf-magazine.com\/wp-content\/uploads\/2026\/09\/SEA-COVER-ONE-450x300.webp\" class=\"attachment-bunyad-medium size-bunyad-medium wp-post-image\" alt=\"\" sizes=\"(max-width: 768px) 50vw, 316px\" title=\"La \u00ab flotte fant\u00f4me \u00bb russe se dissimule dans les registres de navires africains\" srcset=\"https:\/\/adf-magazine.com\/wp-content\/uploads\/2026\/09\/SEA-COVER-ONE-450x300.webp 450w, https:\/\/adf-magazine.com\/wp-content\/uploads\/2026\/09\/SEA-COVER-ONE-300x200.webp 300w, https:\/\/adf-magazine.com\/wp-content\/uploads\/2026\/09\/SEA-COVER-ONE-1024x683.webp 1024w, https:\/\/adf-magazine.com\/wp-content\/uploads\/2026\/09\/SEA-COVER-ONE-768x512.webp 768w, https:\/\/adf-magazine.com\/wp-content\/uploads\/2026\/09\/SEA-COVER-ONE-150x100.webp 150w, https:\/\/adf-magazine.com\/wp-content\/uploads\/2026\/09\/SEA-COVER-ONE.webp 1080w\" \/><\/a>\t\t\t\n\t\t\t\n\t\t\t\n\t\t\t\n\t\t\n\t\t<\/div>\n\t\n\n\t\t\t<div class=\"content-wrap\">\n\t\n\t\t<div class=\"content\">\n\n\t\t\t<div class=\"post-meta post-meta-a meta-contrast has-below\"><div class=\"post-meta-items meta-above\"><span class=\"meta-item cat-labels\">\n\t\t\t\t\t\t\n\t\t\t\t\t\t<a href=\"https:\/\/adf-magazine.com\/fr\/category\/dernieres-nouvelles\/\" class=\"category term-color-331\" rel=\"category\" tabindex=\"-1\">Actualit\u00e9s du Jour<\/a>\n\t\t\t\t\t<\/span>\n\t\t\t\t\t<\/div><h2 class=\"is-title post-title\"><a href=\"https:\/\/adf-magazine.com\/fr\/2026\/09\/la-flotte-fantome-russe-se-dissimule-dans-les-registres-de-navires-africains\/\">La \u00ab flotte fant\u00f4me \u00bb russe se dissimule dans les registres de navires africains<\/a><\/h2><div class=\"post-meta-items meta-below\"><span class=\"meta-item post-author\"><a href=\"https:\/\/adf-magazine.com\/fr\/author\/adf\/\" rel=\"author\" class=\"molongui-author-link\" data-author-id=\"1\">ADF<\/a><\/span><span class=\"meta-item date\"><span class=\"date-link\"><time class=\"post-date\" datetime=\"2026-09-01T13:36:50-04:00\">1 septembre 2026<\/time><\/span><\/span><\/div><\/div>\t\t\t\n\t\t\t\n\t\t\t\n\t\t<\/div>\n\n\t\t\t<\/div>\n\t\n<\/article>\n\t\t\t\t<\/div>\n\t\t\t\t\t\t\t\n\t\t\t\t\t\t\t\n\t\t\t\t<div class=\"item item-small item-5 pos-bot\">\n\n\t\t\t\t\t\n<article class=\"l-post grid-overlay grid-overlay-a hover-zoom\">\n\n\t\n\t\t\t<div class=\"media\">\n\n\t\t\n\t\t\t<a href=\"https:\/\/adf-magazine.com\/fr\/2026\/09\/les-petites-embarcations-non-enregistrees-rendent-possibles-les-crimes-en-mer\/\" class=\"image-link\" title=\"Les petites embarcations non enregistr\u00e9es rendent possibles les crimes en mer\"><img loading=\"lazy\" decoding=\"async\" width=\"450\" height=\"300\" src=\"https:\/\/adf-magazine.com\/wp-content\/uploads\/2026\/09\/SMALL-VESSELS-I-450x300.webp\" class=\"attachment-bunyad-medium size-bunyad-medium wp-post-image\" alt=\"\" sizes=\"(max-width: 768px) 50vw, 316px\" title=\"Les petites embarcations non enregistr\u00e9es rendent possibles les crimes en mer\" srcset=\"https:\/\/adf-magazine.com\/wp-content\/uploads\/2026\/09\/SMALL-VESSELS-I-450x300.webp 450w, https:\/\/adf-magazine.com\/wp-content\/uploads\/2026\/09\/SMALL-VESSELS-I-300x200.webp 300w, https:\/\/adf-magazine.com\/wp-content\/uploads\/2026\/09\/SMALL-VESSELS-I-1024x683.webp 1024w, https:\/\/adf-magazine.com\/wp-content\/uploads\/2026\/09\/SMALL-VESSELS-I-768x512.webp 768w, https:\/\/adf-magazine.com\/wp-content\/uploads\/2026\/09\/SMALL-VESSELS-I-150x100.webp 150w, https:\/\/adf-magazine.com\/wp-content\/uploads\/2026\/09\/SMALL-VESSELS-I.webp 1080w\" \/><\/a>\t\t\t\n\t\t\t\n\t\t\t\n\t\t\t\n\t\t\n\t\t<\/div>\n\t\n\n\t\t\t<div class=\"content-wrap\">\n\t\n\t\t<div class=\"content\">\n\n\t\t\t<div class=\"post-meta post-meta-a meta-contrast has-below\"><div class=\"post-meta-items meta-above\"><span class=\"meta-item cat-labels\">\n\t\t\t\t\t\t\n\t\t\t\t\t\t<a href=\"https:\/\/adf-magazine.com\/fr\/category\/dernieres-nouvelles\/\" class=\"category term-color-331\" rel=\"category\" tabindex=\"-1\">Actualit\u00e9s du Jour<\/a>\n\t\t\t\t\t<\/span>\n\t\t\t\t\t<\/div><h2 class=\"is-title post-title\"><a href=\"https:\/\/adf-magazine.com\/fr\/2026\/09\/les-petites-embarcations-non-enregistrees-rendent-possibles-les-crimes-en-mer\/\">Les petites embarcations non enregistr\u00e9es rendent possibles les crimes en mer<\/a><\/h2><div class=\"post-meta-items meta-below\"><span class=\"meta-item post-author\"><a href=\"https:\/\/adf-magazine.com\/fr\/author\/adf\/\" rel=\"author\" class=\"molongui-author-link\" data-author-id=\"1\">ADF<\/a><\/span><span class=\"meta-item date\"><span class=\"date-link\"><time class=\"post-date\" datetime=\"2026-09-01T13:18:03-04:00\">1 septembre 2026<\/time><\/span><\/span><\/div><\/div>\t\t\t\n\t\t\t\n\t\t\t\n\t\t<\/div>\n\n\t\t\t<\/div>\n\t\n<\/article>\n\t\t\t\t<\/div>\n\t\t\t\t\t\t\t\n\t\t\t\t\t\t\t\n\t\t\t\t\t<\/div>\n\t\t\n\t\n\t\t\t\t\t<div class=\"items-wrap slide-wrap\">\n\t\t\t\t\t\n\t\t\t\t\t\t\t\n\t\t\t\t<div class=\"item item-large item-main item-1 pos-bot\">\n\n\t\t\t\t\t\n<article class=\"l-post grid-overlay grid-overlay-a hover-zoom\">\n\n\t\n\t\t\t<div class=\"media\">\n\n\t\t\n\t\t\t<a href=\"https:\/\/adf-magazine.com\/fr\/2026\/08\/construction-dune-protection-contre-les-menaces-nrbc\/\" class=\"image-link\" title=\"Construction d\u2019une protection contre les menaces NRBC\"><img loading=\"lazy\" decoding=\"async\" width=\"768\" height=\"432\" src=\"https:\/\/adf-magazine.com\/wp-content\/uploads\/2026\/08\/WRONG-HANDS1-1-768x432.jpg\" class=\"attachment-bunyad-768 size-bunyad-768 wp-post-image\" alt=\"\" sizes=\"(max-width: 634px) 100vw, 634px\" title=\"Construction d\u2019une protection contre les menaces NRBC\" srcset=\"https:\/\/adf-magazine.com\/wp-content\/uploads\/2026\/08\/WRONG-HANDS1-1-768x432.jpg 768w, https:\/\/adf-magazine.com\/wp-content\/uploads\/2026\/08\/WRONG-HANDS1-1-1024x576.jpg 1024w, https:\/\/adf-magazine.com\/wp-content\/uploads\/2026\/08\/WRONG-HANDS1-1.jpg 1080w\" \/><\/a>\t\t\t\n\t\t\t\n\t\t\t\n\t\t\t\n\t\t\n\t\t<\/div>\n\t\n\n\t\t\t<div class=\"content-wrap\">\n\t\n\t\t<div class=\"content\">\n\n\t\t\t<div class=\"post-meta post-meta-a meta-contrast has-below\"><div class=\"post-meta-items meta-above\"><span class=\"meta-item cat-labels\">\n\t\t\t\t\t\t\n\t\t\t\t\t\t<a href=\"https:\/\/adf-magazine.com\/fr\/category\/dernieres-nouvelles\/\" class=\"category term-color-331\" rel=\"category\" tabindex=\"-1\">Actualit\u00e9s du Jour<\/a>\n\t\t\t\t\t<\/span>\n\t\t\t\t\t<\/div><h2 class=\"is-title post-title\"><a href=\"https:\/\/adf-magazine.com\/fr\/2026\/08\/construction-dune-protection-contre-les-menaces-nrbc\/\">Construction d\u2019une protection contre les menaces NRBC<\/a><\/h2><div class=\"post-meta-items meta-below\"><span class=\"meta-item post-author\"><a href=\"https:\/\/adf-magazine.com\/fr\/author\/adf\/\" rel=\"author\" class=\"molongui-author-link\" data-author-id=\"1\">ADF<\/a><\/span><span class=\"meta-item date\"><span class=\"date-link\"><time class=\"post-date\" datetime=\"2026-08-25T14:58:32-04:00\">25 ao\u00fbt 2026<\/time><\/span><\/span><\/div><\/div>\t\t\t\n\t\t\t\n\t\t\t\n\t\t<\/div>\n\n\t\t\t<\/div>\n\t\n<\/article>\n\t\t\t\t<\/div>\n\t\t\t\t\t\t\t\n\t\t\t\t\t\t\t\n\t\t\t\t<div class=\"item item-small item-2 pos-bot\">\n\n\t\t\t\t\t\n<article class=\"l-post grid-overlay grid-overlay-a hover-zoom\">\n\n\t\n\t\t\t<div class=\"media\">\n\n\t\t\n\t\t\t<a href=\"https:\/\/adf-magazine.com\/fr\/2026\/08\/la-turquie-tisse-des-liens-par-le-biais-de-lentrainement\/\" class=\"image-link\" title=\"La Turquie tisse des liens par le biais de l\u2019entra\u00eenement\"><img loading=\"lazy\" decoding=\"async\" width=\"450\" height=\"282\" src=\"https:\/\/adf-magazine.com\/wp-content\/uploads\/2026\/08\/TURKEY-TRAINS-1-1-450x282.jpg\" class=\"attachment-bunyad-medium size-bunyad-medium wp-post-image\" alt=\"\" sizes=\"(max-width: 768px) 50vw, 316px\" title=\"La Turquie tisse des liens par le biais de l\u2019entra\u00eenement\" srcset=\"https:\/\/adf-magazine.com\/wp-content\/uploads\/2026\/08\/TURKEY-TRAINS-1-1-450x282.jpg 450w, https:\/\/adf-magazine.com\/wp-content\/uploads\/2026\/08\/TURKEY-TRAINS-1-1-300x188.jpg 300w, https:\/\/adf-magazine.com\/wp-content\/uploads\/2026\/08\/TURKEY-TRAINS-1-1-1024x641.jpg 1024w, https:\/\/adf-magazine.com\/wp-content\/uploads\/2026\/08\/TURKEY-TRAINS-1-1-768x481.jpg 768w, https:\/\/adf-magazine.com\/wp-content\/uploads\/2026\/08\/TURKEY-TRAINS-1-1-150x94.jpg 150w, https:\/\/adf-magazine.com\/wp-content\/uploads\/2026\/08\/TURKEY-TRAINS-1-1.jpg 1080w\" \/><\/a>\t\t\t\n\t\t\t\n\t\t\t\n\t\t\t\n\t\t\n\t\t<\/div>\n\t\n\n\t\t\t<div class=\"content-wrap\">\n\t\n\t\t<div class=\"content\">\n\n\t\t\t<div class=\"post-meta post-meta-a meta-contrast has-below\"><div class=\"post-meta-items meta-above\"><span class=\"meta-item cat-labels\">\n\t\t\t\t\t\t\n\t\t\t\t\t\t<a href=\"https:\/\/adf-magazine.com\/fr\/category\/dernieres-nouvelles\/\" class=\"category term-color-331\" rel=\"category\" tabindex=\"-1\">Actualit\u00e9s du Jour<\/a>\n\t\t\t\t\t<\/span>\n\t\t\t\t\t<\/div><h2 class=\"is-title post-title\"><a href=\"https:\/\/adf-magazine.com\/fr\/2026\/08\/la-turquie-tisse-des-liens-par-le-biais-de-lentrainement\/\">La Turquie tisse des liens par le biais de l\u2019entra\u00eenement<\/a><\/h2><div class=\"post-meta-items meta-below\"><span class=\"meta-item post-author\"><a href=\"https:\/\/adf-magazine.com\/fr\/author\/adf\/\" rel=\"author\" class=\"molongui-author-link\" data-author-id=\"1\">ADF<\/a><\/span><span class=\"meta-item date\"><span class=\"date-link\"><time class=\"post-date\" datetime=\"2026-08-25T14:48:46-04:00\">25 ao\u00fbt 2026<\/time><\/span><\/span><\/div><\/div>\t\t\t\n\t\t\t\n\t\t\t\n\t\t<\/div>\n\n\t\t\t<\/div>\n\t\n<\/article>\n\t\t\t\t<\/div>\n\t\t\t\t\t\t\t\n\t\t\t\t\t\t\t\n\t\t\t\t<div class=\"item item-small item-3 pos-bot\">\n\n\t\t\t\t\t\n<article class=\"l-post grid-overlay grid-overlay-a hover-zoom\">\n\n\t\n\t\t\t<div class=\"media\">\n\n\t\t\n\t\t\t<a href=\"https:\/\/adf-magazine.com\/fr\/2026\/08\/le-ghana-fait-face-a-une-crise-latente-alors-quil-evite-les-conflits-avec-le-gsim\/\" class=\"image-link\" title=\"Le Ghana fait face \u00e0 une \u00ab crise latente \u00bb alors qu\u2019il \u00e9vite les conflits avec le GSIM\"><img loading=\"lazy\" decoding=\"async\" width=\"450\" height=\"300\" src=\"https:\/\/adf-magazine.com\/wp-content\/uploads\/2026\/08\/SOVEREIGN-GAP-1-1-450x300.jpg\" class=\"attachment-bunyad-medium size-bunyad-medium wp-post-image\" alt=\"\" sizes=\"(max-width: 768px) 50vw, 316px\" title=\"Le Ghana fait face \u00e0 une \u00ab crise latente \u00bb alors qu\u2019il \u00e9vite les conflits avec le GSIM\" srcset=\"https:\/\/adf-magazine.com\/wp-content\/uploads\/2026\/08\/SOVEREIGN-GAP-1-1-450x300.jpg 450w, https:\/\/adf-magazine.com\/wp-content\/uploads\/2026\/08\/SOVEREIGN-GAP-1-1-300x200.jpg 300w, https:\/\/adf-magazine.com\/wp-content\/uploads\/2026\/08\/SOVEREIGN-GAP-1-1-1024x683.jpg 1024w, https:\/\/adf-magazine.com\/wp-content\/uploads\/2026\/08\/SOVEREIGN-GAP-1-1-768x512.jpg 768w, https:\/\/adf-magazine.com\/wp-content\/uploads\/2026\/08\/SOVEREIGN-GAP-1-1-150x100.jpg 150w, https:\/\/adf-magazine.com\/wp-content\/uploads\/2026\/08\/SOVEREIGN-GAP-1-1.jpg 1080w\" \/><\/a>\t\t\t\n\t\t\t\n\t\t\t\n\t\t\t\n\t\t\n\t\t<\/div>\n\t\n\n\t\t\t<div class=\"content-wrap\">\n\t\n\t\t<div class=\"content\">\n\n\t\t\t<div class=\"post-meta post-meta-a meta-contrast has-below\"><div class=\"post-meta-items meta-above\"><span class=\"meta-item cat-labels\">\n\t\t\t\t\t\t\n\t\t\t\t\t\t<a href=\"https:\/\/adf-magazine.com\/fr\/category\/dernieres-nouvelles\/\" class=\"category term-color-331\" rel=\"category\" tabindex=\"-1\">Actualit\u00e9s du Jour<\/a>\n\t\t\t\t\t<\/span>\n\t\t\t\t\t<\/div><h2 class=\"is-title post-title\"><a href=\"https:\/\/adf-magazine.com\/fr\/2026\/08\/le-ghana-fait-face-a-une-crise-latente-alors-quil-evite-les-conflits-avec-le-gsim\/\">Le Ghana fait face \u00e0 une \u00ab crise latente \u00bb alors qu\u2019il \u00e9vite les conflits avec le GSIM<\/a><\/h2><div class=\"post-meta-items meta-below\"><span class=\"meta-item post-author\"><a href=\"https:\/\/adf-magazine.com\/fr\/author\/adf\/\" rel=\"author\" class=\"molongui-author-link\" data-author-id=\"1\">ADF<\/a><\/span><span class=\"meta-item date\"><span class=\"date-link\"><time class=\"post-date\" datetime=\"2026-08-25T14:41:57-04:00\">25 ao\u00fbt 2026<\/time><\/span><\/span><\/div><\/div>\t\t\t\n\t\t\t\n\t\t\t\n\t\t<\/div>\n\n\t\t\t<\/div>\n\t\n<\/article>\n\t\t\t\t<\/div>\n\t\t\t\t\t\t\t\n\t\t\t\t\t\t\t\n\t\t\t\t<div class=\"item item-small item-4 pos-bot\">\n\n\t\t\t\t\t\n<article class=\"l-post grid-overlay grid-overlay-a hover-zoom\">\n\n\t\n\t\t\t<div class=\"media\">\n\n\t\t\n\t\t\t<a href=\"https:\/\/adf-magazine.com\/fr\/2026\/08\/la-russie-prend-pour-cible-le-littoral-ouest-africain-alors-quelle-perd-du-terrain-au-sahel\/\" class=\"image-link\" title=\"La Russie prend pour cible le littoral ouest-africain alors qu\u2019elle perd du terrain au Sahel\"><img loading=\"lazy\" decoding=\"async\" width=\"450\" height=\"253\" src=\"https:\/\/adf-magazine.com\/wp-content\/uploads\/2026\/08\/NEW-FRONTIER1-1-450x253.jpg\" class=\"attachment-bunyad-medium size-bunyad-medium wp-post-image\" alt=\"\" sizes=\"(max-width: 768px) 50vw, 316px\" title=\"La Russie prend pour cible le littoral ouest-africain alors qu\u2019elle perd du terrain au Sahel\" srcset=\"https:\/\/adf-magazine.com\/wp-content\/uploads\/2026\/08\/NEW-FRONTIER1-1-450x253.jpg 450w, https:\/\/adf-magazine.com\/wp-content\/uploads\/2026\/08\/NEW-FRONTIER1-1-1024x576.jpg 1024w, https:\/\/adf-magazine.com\/wp-content\/uploads\/2026\/08\/NEW-FRONTIER1-1-768x432.jpg 768w, https:\/\/adf-magazine.com\/wp-content\/uploads\/2026\/08\/NEW-FRONTIER1-1.jpg 1080w\" \/><\/a>\t\t\t\n\t\t\t\n\t\t\t\n\t\t\t\n\t\t\n\t\t<\/div>\n\t\n\n\t\t\t<div class=\"content-wrap\">\n\t\n\t\t<div class=\"content\">\n\n\t\t\t<div class=\"post-meta post-meta-a meta-contrast has-below\"><div class=\"post-meta-items meta-above\"><span class=\"meta-item cat-labels\">\n\t\t\t\t\t\t\n\t\t\t\t\t\t<a href=\"https:\/\/adf-magazine.com\/fr\/category\/dernieres-nouvelles\/\" class=\"category term-color-331\" rel=\"category\" tabindex=\"-1\">Actualit\u00e9s du Jour<\/a>\n\t\t\t\t\t<\/span>\n\t\t\t\t\t<\/div><h2 class=\"is-title post-title\"><a href=\"https:\/\/adf-magazine.com\/fr\/2026\/08\/la-russie-prend-pour-cible-le-littoral-ouest-africain-alors-quelle-perd-du-terrain-au-sahel\/\">La Russie prend pour cible le littoral ouest-africain alors qu\u2019elle perd du terrain au Sahel<\/a><\/h2><div class=\"post-meta-items meta-below\"><span class=\"meta-item post-author\"><a href=\"https:\/\/adf-magazine.com\/fr\/author\/adf\/\" rel=\"author\" class=\"molongui-author-link\" data-author-id=\"1\">ADF<\/a><\/span><span class=\"meta-item date\"><span class=\"date-link\"><time class=\"post-date\" datetime=\"2026-08-25T14:34:45-04:00\">25 ao\u00fbt 2026<\/time><\/span><\/span><\/div><\/div>\t\t\t\n\t\t\t\n\t\t\t\n\t\t<\/div>\n\n\t\t\t<\/div>\n\t\n<\/article>\n\t\t\t\t<\/div>\n\t\t\t\t\t\t\t\n\t\t\t\t\t\t\t\n\t\t\t\t<div class=\"item item-small item-5 pos-bot\">\n\n\t\t\t\t\t\n<article class=\"l-post grid-overlay grid-overlay-a hover-zoom\">\n\n\t\n\t\t\t<div class=\"media\">\n\n\t\t\n\t\t\t<a href=\"https:\/\/adf-magazine.com\/fr\/2026\/08\/la-menace-du-galamsey-depasse-les-frontieres-du-ghana\/\" class=\"image-link\" title=\"La menace du galamsey d\u00e9passe les fronti\u00e8res du Ghana\"><img loading=\"lazy\" decoding=\"async\" width=\"450\" height=\"338\" src=\"https:\/\/adf-magazine.com\/wp-content\/uploads\/2026\/08\/GALAMSEY-THREAT2-1-450x338.jpg\" class=\"attachment-bunyad-medium size-bunyad-medium wp-post-image\" alt=\"\" sizes=\"(max-width: 768px) 50vw, 316px\" title=\"La menace du galamsey d\u00e9passe les fronti\u00e8res du Ghana\" srcset=\"https:\/\/adf-magazine.com\/wp-content\/uploads\/2026\/08\/GALAMSEY-THREAT2-1-450x338.jpg 450w, https:\/\/adf-magazine.com\/wp-content\/uploads\/2026\/08\/GALAMSEY-THREAT2-1-300x225.jpg 300w, https:\/\/adf-magazine.com\/wp-content\/uploads\/2026\/08\/GALAMSEY-THREAT2-1-1024x768.jpg 1024w, https:\/\/adf-magazine.com\/wp-content\/uploads\/2026\/08\/GALAMSEY-THREAT2-1-768x576.jpg 768w, https:\/\/adf-magazine.com\/wp-content\/uploads\/2026\/08\/GALAMSEY-THREAT2-1-150x113.jpg 150w, https:\/\/adf-magazine.com\/wp-content\/uploads\/2026\/08\/GALAMSEY-THREAT2-1.jpg 1080w\" \/><\/a>\t\t\t\n\t\t\t\n\t\t\t\n\t\t\t\n\t\t\n\t\t<\/div>\n\t\n\n\t\t\t<div class=\"content-wrap\">\n\t\n\t\t<div class=\"content\">\n\n\t\t\t<div class=\"post-meta post-meta-a meta-contrast has-below\"><div class=\"post-meta-items meta-above\"><span class=\"meta-item cat-labels\">\n\t\t\t\t\t\t\n\t\t\t\t\t\t<a href=\"https:\/\/adf-magazine.com\/fr\/category\/dernieres-nouvelles\/\" class=\"category term-color-331\" rel=\"category\" tabindex=\"-1\">Actualit\u00e9s du Jour<\/a>\n\t\t\t\t\t<\/span>\n\t\t\t\t\t<\/div><h2 class=\"is-title post-title\"><a href=\"https:\/\/adf-magazine.com\/fr\/2026\/08\/la-menace-du-galamsey-depasse-les-frontieres-du-ghana\/\">La menace du galamsey d\u00e9passe les fronti\u00e8res du Ghana<\/a><\/h2><div class=\"post-meta-items meta-below\"><span class=\"meta-item post-author\"><a href=\"https:\/\/adf-magazine.com\/fr\/author\/adf\/\" rel=\"author\" class=\"molongui-author-link\" data-author-id=\"1\">ADF<\/a><\/span><span class=\"meta-item date\"><span class=\"date-link\"><time class=\"post-date\" datetime=\"2026-08-25T14:27:45-04:00\">25 ao\u00fbt 2026<\/time><\/span><\/span><\/div><\/div>\t\t\t\n\t\t\t\n\t\t\t\n\t\t<\/div>\n\n\t\t\t<\/div>\n\t\n<\/article>\n\t\t\t\t<\/div>\n\t\t\t\t\t\t\t\n\t\t\t\t\t\t\t\n\t\t\t\t\t<\/div>\n\t\t\n\t\n\t\t\t\t\t<div class=\"items-wrap slide-wrap\">\n\t\t\t\t\t\n\t\t\t\t\t\t\t\n\t\t\t\t<div class=\"item item-large item-main item-1 pos-bot\">\n\n\t\t\t\t\t\n<article class=\"l-post grid-overlay grid-overlay-a hover-zoom\">\n\n\t\n\t\t\t<div class=\"media\">\n\n\t\t\n\t\t\t<a href=\"https:\/\/adf-magazine.com\/fr\/2026\/08\/les-cartels-mexicains-envoient-des-preparateurs-de-meth-en-afrique\/\" class=\"image-link\" title=\"Les cartels mexicains envoient des pr\u00e9parateurs de \u00ab meth \u00bb en Afrique\"><img loading=\"lazy\" decoding=\"async\" width=\"768\" height=\"585\" src=\"https:\/\/adf-magazine.com\/wp-content\/uploads\/2026\/08\/EXPERT-SPREAD-1-768x585.jpg\" class=\"attachment-bunyad-768 size-bunyad-768 wp-post-image\" alt=\"\" sizes=\"(max-width: 634px) 100vw, 634px\" title=\"Les cartels mexicains envoient des pr\u00e9parateurs de \u00ab meth \u00bb en Afrique\" srcset=\"https:\/\/adf-magazine.com\/wp-content\/uploads\/2026\/08\/EXPERT-SPREAD-1-768x585.jpg 768w, https:\/\/adf-magazine.com\/wp-content\/uploads\/2026\/08\/EXPERT-SPREAD-1-300x229.jpg 300w, https:\/\/adf-magazine.com\/wp-content\/uploads\/2026\/08\/EXPERT-SPREAD-1-1024x780.jpg 1024w, https:\/\/adf-magazine.com\/wp-content\/uploads\/2026\/08\/EXPERT-SPREAD-1-150x114.jpg 150w, https:\/\/adf-magazine.com\/wp-content\/uploads\/2026\/08\/EXPERT-SPREAD-1-450x343.jpg 450w, https:\/\/adf-magazine.com\/wp-content\/uploads\/2026\/08\/EXPERT-SPREAD-1.jpg 1080w\" \/><\/a>\t\t\t\n\t\t\t\n\t\t\t\n\t\t\t\n\t\t\n\t\t<\/div>\n\t\n\n\t\t\t<div class=\"content-wrap\">\n\t\n\t\t<div class=\"content\">\n\n\t\t\t<div class=\"post-meta post-meta-a meta-contrast has-below\"><div class=\"post-meta-items meta-above\"><span class=\"meta-item cat-labels\">\n\t\t\t\t\t\t\n\t\t\t\t\t\t<a href=\"https:\/\/adf-magazine.com\/fr\/category\/dernieres-nouvelles\/\" class=\"category term-color-331\" rel=\"category\" tabindex=\"-1\">Actualit\u00e9s du Jour<\/a>\n\t\t\t\t\t<\/span>\n\t\t\t\t\t<\/div><h2 class=\"is-title post-title\"><a href=\"https:\/\/adf-magazine.com\/fr\/2026\/08\/les-cartels-mexicains-envoient-des-preparateurs-de-meth-en-afrique\/\">Les cartels mexicains envoient des pr\u00e9parateurs de \u00ab meth \u00bb en Afrique<\/a><\/h2><div class=\"post-meta-items meta-below\"><span class=\"meta-item post-author\"><a href=\"https:\/\/adf-magazine.com\/fr\/author\/adf\/\" rel=\"author\" class=\"molongui-author-link\" data-author-id=\"1\">ADF<\/a><\/span><span class=\"meta-item date\"><span class=\"date-link\"><time class=\"post-date\" datetime=\"2026-08-25T14:20:19-04:00\">25 ao\u00fbt 2026<\/time><\/span><\/span><\/div><\/div>\t\t\t\n\t\t\t\n\t\t\t\n\t\t<\/div>\n\n\t\t\t<\/div>\n\t\n<\/article>\n\t\t\t\t<\/div>\n\t\t\t\t\t\t\t\n\t\t\t\t\t\t\t\n\t\t\t\t<div class=\"item item-small item-2 pos-bot\">\n\n\t\t\t\t\t\n<article class=\"l-post grid-overlay grid-overlay-a hover-zoom\">\n\n\t\n\t\t\t<div class=\"media\">\n\n\t\t\n\t\t\t<a href=\"https:\/\/adf-magazine.com\/fr\/2026\/08\/des-vies-soumises-a-la-force-et-aux-privations\/\" class=\"image-link\" title=\"Des vies soumises \u00e0 la force et aux privations\"><img loading=\"lazy\" decoding=\"async\" width=\"450\" height=\"300\" src=\"https:\/\/adf-magazine.com\/wp-content\/uploads\/2026\/08\/BRIDE1a-1-450x300.jpg\" class=\"attachment-bunyad-medium size-bunyad-medium wp-post-image\" alt=\"\" sizes=\"(max-width: 768px) 50vw, 316px\" title=\"Des vies soumises \u00e0 la force et aux privations\" srcset=\"https:\/\/adf-magazine.com\/wp-content\/uploads\/2026\/08\/BRIDE1a-1-450x300.jpg 450w, https:\/\/adf-magazine.com\/wp-content\/uploads\/2026\/08\/BRIDE1a-1-300x200.jpg 300w, https:\/\/adf-magazine.com\/wp-content\/uploads\/2026\/08\/BRIDE1a-1-1024x683.jpg 1024w, https:\/\/adf-magazine.com\/wp-content\/uploads\/2026\/08\/BRIDE1a-1-768x512.jpg 768w, https:\/\/adf-magazine.com\/wp-content\/uploads\/2026\/08\/BRIDE1a-1-150x100.jpg 150w, https:\/\/adf-magazine.com\/wp-content\/uploads\/2026\/08\/BRIDE1a-1.jpg 1080w\" \/><\/a>\t\t\t\n\t\t\t\n\t\t\t\n\t\t\t\n\t\t\n\t\t<\/div>\n\t\n\n\t\t\t<div class=\"content-wrap\">\n\t\n\t\t<div class=\"content\">\n\n\t\t\t<div class=\"post-meta post-meta-a meta-contrast has-below\"><div class=\"post-meta-items meta-above\"><span class=\"meta-item cat-labels\">\n\t\t\t\t\t\t\n\t\t\t\t\t\t<a href=\"https:\/\/adf-magazine.com\/fr\/category\/dernieres-nouvelles\/\" class=\"category term-color-331\" rel=\"category\" tabindex=\"-1\">Actualit\u00e9s du Jour<\/a>\n\t\t\t\t\t<\/span>\n\t\t\t\t\t<\/div><h2 class=\"is-title post-title\"><a href=\"https:\/\/adf-magazine.com\/fr\/2026\/08\/des-vies-soumises-a-la-force-et-aux-privations\/\">Des vies soumises \u00e0 la force et aux privations<\/a><\/h2><div class=\"post-meta-items meta-below\"><span class=\"meta-item post-author\"><a href=\"https:\/\/adf-magazine.com\/fr\/author\/adf\/\" rel=\"author\" class=\"molongui-author-link\" data-author-id=\"1\">ADF<\/a><\/span><span class=\"meta-item date\"><span class=\"date-link\"><time class=\"post-date\" datetime=\"2026-08-25T14:11:53-04:00\">25 ao\u00fbt 2026<\/time><\/span><\/span><\/div><\/div>\t\t\t\n\t\t\t\n\t\t\t\n\t\t<\/div>\n\n\t\t\t<\/div>\n\t\n<\/article>\n\t\t\t\t<\/div>\n\t\t\t\t\t\t\t\n\t\t\t\t\t\t\t\n\t\t\t\t<div class=\"item item-small item-3 pos-bot\">\n\n\t\t\t\t\t\n<article class=\"l-post grid-overlay grid-overlay-a hover-zoom\">\n\n\t\n\t\t\t<div class=\"media\">\n\n\t\t\n\t\t\t<a href=\"https:\/\/adf-magazine.com\/fr\/2026\/08\/lia-est-utilisee-pour-propager-la-haine-mais-aussi-pour-larreter\/\" class=\"image-link\" title=\"L\u2019IA est utilis\u00e9e pour propager la haine, mais aussi pour l\u2019arr\u00eater\"><img loading=\"lazy\" decoding=\"async\" width=\"450\" height=\"300\" src=\"https:\/\/adf-magazine.com\/wp-content\/uploads\/2026\/08\/AI-PROPAGANDA-1-450x300.jpg\" class=\"attachment-bunyad-medium size-bunyad-medium wp-post-image\" alt=\"\" sizes=\"(max-width: 768px) 50vw, 316px\" title=\"L\u2019IA est utilis\u00e9e pour propager la haine, mais aussi pour l\u2019arr\u00eater\" srcset=\"https:\/\/adf-magazine.com\/wp-content\/uploads\/2026\/08\/AI-PROPAGANDA-1-450x300.jpg 450w, https:\/\/adf-magazine.com\/wp-content\/uploads\/2026\/08\/AI-PROPAGANDA-1-300x200.jpg 300w, https:\/\/adf-magazine.com\/wp-content\/uploads\/2026\/08\/AI-PROPAGANDA-1-1024x683.jpg 1024w, https:\/\/adf-magazine.com\/wp-content\/uploads\/2026\/08\/AI-PROPAGANDA-1-768x512.jpg 768w, https:\/\/adf-magazine.com\/wp-content\/uploads\/2026\/08\/AI-PROPAGANDA-1-150x100.jpg 150w, https:\/\/adf-magazine.com\/wp-content\/uploads\/2026\/08\/AI-PROPAGANDA-1.jpg 1080w\" \/><\/a>\t\t\t\n\t\t\t\n\t\t\t\n\t\t\t\n\t\t\n\t\t<\/div>\n\t\n\n\t\t\t<div class=\"content-wrap\">\n\t\n\t\t<div class=\"content\">\n\n\t\t\t<div class=\"post-meta post-meta-a meta-contrast has-below\"><div class=\"post-meta-items meta-above\"><span class=\"meta-item cat-labels\">\n\t\t\t\t\t\t\n\t\t\t\t\t\t<a href=\"https:\/\/adf-magazine.com\/fr\/category\/dernieres-nouvelles\/\" class=\"category term-color-331\" rel=\"category\" tabindex=\"-1\">Actualit\u00e9s du Jour<\/a>\n\t\t\t\t\t<\/span>\n\t\t\t\t\t<\/div><h2 class=\"is-title post-title\"><a href=\"https:\/\/adf-magazine.com\/fr\/2026\/08\/lia-est-utilisee-pour-propager-la-haine-mais-aussi-pour-larreter\/\">L\u2019IA est utilis\u00e9e pour propager la haine, mais aussi pour l\u2019arr\u00eater<\/a><\/h2><div class=\"post-meta-items meta-below\"><span class=\"meta-item post-author\"><a href=\"https:\/\/adf-magazine.com\/fr\/author\/adf\/\" rel=\"author\" class=\"molongui-author-link\" data-author-id=\"1\">ADF<\/a><\/span><span class=\"meta-item date\"><span class=\"date-link\"><time class=\"post-date\" datetime=\"2026-08-25T13:16:27-04:00\">25 ao\u00fbt 2026<\/time><\/span><\/span><\/div><\/div>\t\t\t\n\t\t\t\n\t\t\t\n\t\t<\/div>\n\n\t\t\t<\/div>\n\t\n<\/article>\n\t\t\t\t<\/div>\n\t\t\t\t\t\t\t\n\t\t\t\t\t\t\t\n\t\t\t\t<div class=\"item item-small item-4 pos-bot\">\n\n\t\t\t\t\t\n<article class=\"l-post grid-overlay grid-overlay-a hover-zoom\">\n\n\t\n\t\t\t<div class=\"media\">\n\n\t\t\n\t\t\t<a href=\"https:\/\/adf-magazine.com\/fr\/2026\/08\/le-cameroun-lutte-contre-labus-des-registres-de-navigation\/\" class=\"image-link\" title=\"Le Cameroun lutte contre l\u2019abus des registres de navigation\"><img loading=\"lazy\" decoding=\"async\" width=\"450\" height=\"300\" src=\"https:\/\/adf-magazine.com\/wp-content\/uploads\/2026\/08\/CAM-FLAG1-450x300.webp\" class=\"attachment-bunyad-medium size-bunyad-medium wp-post-image\" alt=\"\" sizes=\"(max-width: 768px) 50vw, 316px\" title=\"Le Cameroun lutte contre l\u2019abus des registres de navigation\" srcset=\"https:\/\/adf-magazine.com\/wp-content\/uploads\/2026\/08\/CAM-FLAG1-450x300.webp 450w, https:\/\/adf-magazine.com\/wp-content\/uploads\/2026\/08\/CAM-FLAG1-300x200.webp 300w, https:\/\/adf-magazine.com\/wp-content\/uploads\/2026\/08\/CAM-FLAG1-1024x683.webp 1024w, https:\/\/adf-magazine.com\/wp-content\/uploads\/2026\/08\/CAM-FLAG1-768x512.webp 768w, https:\/\/adf-magazine.com\/wp-content\/uploads\/2026\/08\/CAM-FLAG1-150x100.webp 150w, https:\/\/adf-magazine.com\/wp-content\/uploads\/2026\/08\/CAM-FLAG1.webp 1080w\" \/><\/a>\t\t\t\n\t\t\t\n\t\t\t\n\t\t\t\n\t\t\n\t\t<\/div>\n\t\n\n\t\t\t<div class=\"content-wrap\">\n\t\n\t\t<div class=\"content\">\n\n\t\t\t<div class=\"post-meta post-meta-a meta-contrast has-below\"><div class=\"post-meta-items meta-above\"><span class=\"meta-item cat-labels\">\n\t\t\t\t\t\t\n\t\t\t\t\t\t<a href=\"https:\/\/adf-magazine.com\/fr\/category\/dernieres-nouvelles\/\" class=\"category term-color-331\" rel=\"category\" tabindex=\"-1\">Actualit\u00e9s du Jour<\/a>\n\t\t\t\t\t<\/span>\n\t\t\t\t\t<\/div><h2 class=\"is-title post-title\"><a href=\"https:\/\/adf-magazine.com\/fr\/2026\/08\/le-cameroun-lutte-contre-labus-des-registres-de-navigation\/\">Le Cameroun lutte contre l\u2019abus des registres de navigation<\/a><\/h2><div class=\"post-meta-items meta-below\"><span class=\"meta-item post-author\"><a href=\"https:\/\/adf-magazine.com\/fr\/author\/adf\/\" rel=\"author\" class=\"molongui-author-link\" data-author-id=\"1\">ADF<\/a><\/span><span class=\"meta-item date\"><span class=\"date-link\"><time class=\"post-date\" datetime=\"2026-08-18T15:21:50-04:00\">18 ao\u00fbt 2026<\/time><\/span><\/span><\/div><\/div>\t\t\t\n\t\t\t\n\t\t\t\n\t\t<\/div>\n\n\t\t\t<\/div>\n\t\n<\/article>\n\t\t\t\t<\/div>\n\t\t\t\t\t\t\t\n\t\t\t\t\t\t\t\n\t\t\t\t<div class=\"item item-small item-5 pos-bot\">\n\n\t\t\t\t\t\n<article class=\"l-post grid-overlay grid-overlay-a hover-zoom\">\n\n\t\n\t\t\t<div class=\"media\">\n\n\t\t\n\t\t\t<a href=\"https:\/\/adf-magazine.com\/fr\/2026\/08\/les-forces-armees-sont-en-retard-dans-la-technologie-anti-drone\/\" class=\"image-link\" title=\"Les forces arm\u00e9es sont en retard dans la technologie anti-drone\"><img loading=\"lazy\" decoding=\"async\" width=\"450\" height=\"300\" src=\"https:\/\/adf-magazine.com\/wp-content\/uploads\/2026\/08\/DRONE-DEFENSE-1-450x300.webp\" class=\"attachment-bunyad-medium size-bunyad-medium wp-post-image\" alt=\"\" sizes=\"(max-width: 768px) 50vw, 316px\" title=\"Les forces arm\u00e9es sont en retard dans la technologie anti-drone\" srcset=\"https:\/\/adf-magazine.com\/wp-content\/uploads\/2026\/08\/DRONE-DEFENSE-1-450x300.webp 450w, https:\/\/adf-magazine.com\/wp-content\/uploads\/2026\/08\/DRONE-DEFENSE-1-300x200.webp 300w, https:\/\/adf-magazine.com\/wp-content\/uploads\/2026\/08\/DRONE-DEFENSE-1-1024x683.webp 1024w, https:\/\/adf-magazine.com\/wp-content\/uploads\/2026\/08\/DRONE-DEFENSE-1-768x512.webp 768w, https:\/\/adf-magazine.com\/wp-content\/uploads\/2026\/08\/DRONE-DEFENSE-1-150x100.webp 150w, https:\/\/adf-magazine.com\/wp-content\/uploads\/2026\/08\/DRONE-DEFENSE-1.webp 1080w\" \/><\/a>\t\t\t\n\t\t\t\n\t\t\t\n\t\t\t\n\t\t\n\t\t<\/div>\n\t\n\n\t\t\t<div class=\"content-wrap\">\n\t\n\t\t<div class=\"content\">\n\n\t\t\t<div class=\"post-meta post-meta-a meta-contrast has-below\"><div class=\"post-meta-items meta-above\"><span class=\"meta-item cat-labels\">\n\t\t\t\t\t\t\n\t\t\t\t\t\t<a href=\"https:\/\/adf-magazine.com\/fr\/category\/dernieres-nouvelles\/\" class=\"category term-color-331\" rel=\"category\" tabindex=\"-1\">Actualit\u00e9s du Jour<\/a>\n\t\t\t\t\t<\/span>\n\t\t\t\t\t<\/div><h2 class=\"is-title post-title\"><a href=\"https:\/\/adf-magazine.com\/fr\/2026\/08\/les-forces-armees-sont-en-retard-dans-la-technologie-anti-drone\/\">Les forces arm\u00e9es sont en retard dans la technologie anti-drone<\/a><\/h2><div class=\"post-meta-items meta-below\"><span class=\"meta-item post-author\"><a href=\"https:\/\/adf-magazine.com\/fr\/author\/adf\/\" rel=\"author\" class=\"molongui-author-link\" data-author-id=\"1\">ADF<\/a><\/span><span class=\"meta-item date\"><span class=\"date-link\"><time class=\"post-date\" datetime=\"2026-08-18T15:17:55-04:00\">18 ao\u00fbt 2026<\/time><\/span><\/span><\/div><\/div>\t\t\t\n\t\t\t\n\t\t\t\n\t\t<\/div>\n\n\t\t\t<\/div>\n\t\n<\/article>\n\t\t\t\t<\/div>\n\t\t\t\t\t\t\t\n\t\t\t\t\t\t\t\n\t\t\t\t\t<\/div>\n\t\t\n\t\n\t\t\t\t\t<div class=\"items-wrap slide-wrap\">\n\t\t\t\t\t\n\t\t\t\t\t\t\t\n\t\t\t\t<div class=\"item item-large item-main item-1 pos-bot\">\n\n\t\t\t\t\t\n<article class=\"l-post grid-overlay grid-overlay-a hover-zoom\">\n\n\t\n\t\t\t<div class=\"media\">\n\n\t\t\n\t\t\t<a href=\"https:\/\/adf-magazine.com\/fr\/2026\/08\/une-ruee-vers-lor-ouvre-la-porte-aux-terroristes-en-afrique-australe\/\" class=\"image-link\" title=\"Une ru\u00e9e vers l\u2019or ouvre la porte aux terroristes en Afrique australe\"><img loading=\"lazy\" decoding=\"async\" width=\"768\" height=\"513\" src=\"https:\/\/adf-magazine.com\/wp-content\/uploads\/2026\/08\/JIHADI-GOLD1-768x513.webp\" class=\"attachment-bunyad-768 size-bunyad-768 wp-post-image\" alt=\"\" sizes=\"(max-width: 634px) 100vw, 634px\" title=\"Une ru\u00e9e vers l\u2019or ouvre la porte aux terroristes en Afrique australe\" srcset=\"https:\/\/adf-magazine.com\/wp-content\/uploads\/2026\/08\/JIHADI-GOLD1-768x513.webp 768w, https:\/\/adf-magazine.com\/wp-content\/uploads\/2026\/08\/JIHADI-GOLD1-1024x685.webp 1024w, https:\/\/adf-magazine.com\/wp-content\/uploads\/2026\/08\/JIHADI-GOLD1.webp 1080w\" \/><\/a>\t\t\t\n\t\t\t\n\t\t\t\n\t\t\t\n\t\t\n\t\t<\/div>\n\t\n\n\t\t\t<div class=\"content-wrap\">\n\t\n\t\t<div class=\"content\">\n\n\t\t\t<div class=\"post-meta post-meta-a meta-contrast has-below\"><div class=\"post-meta-items meta-above\"><span class=\"meta-item cat-labels\">\n\t\t\t\t\t\t\n\t\t\t\t\t\t<a href=\"https:\/\/adf-magazine.com\/fr\/category\/dernieres-nouvelles\/\" class=\"category term-color-331\" rel=\"category\" tabindex=\"-1\">Actualit\u00e9s du Jour<\/a>\n\t\t\t\t\t<\/span>\n\t\t\t\t\t<\/div><h2 class=\"is-title post-title\"><a href=\"https:\/\/adf-magazine.com\/fr\/2026\/08\/une-ruee-vers-lor-ouvre-la-porte-aux-terroristes-en-afrique-australe\/\">Une ru\u00e9e vers l\u2019or ouvre la porte aux terroristes en Afrique australe<\/a><\/h2><div class=\"post-meta-items meta-below\"><span class=\"meta-item post-author\"><a href=\"https:\/\/adf-magazine.com\/fr\/author\/adf\/\" rel=\"author\" class=\"molongui-author-link\" data-author-id=\"1\">ADF<\/a><\/span><span class=\"meta-item date\"><span class=\"date-link\"><time class=\"post-date\" datetime=\"2026-08-18T15:14:02-04:00\">18 ao\u00fbt 2026<\/time><\/span><\/span><\/div><\/div>\t\t\t\n\t\t\t\n\t\t\t\n\t\t<\/div>\n\n\t\t\t<\/div>\n\t\n<\/article>\n\t\t\t\t<\/div>\n\t\t\t\t\t\t\t\n\t\t\t\t\t\t\t\n\t\t\t\t<div class=\"item item-small item-2 pos-bot\">\n\n\t\t\t\t\t\n<article class=\"l-post grid-overlay grid-overlay-a hover-zoom\">\n\n\t\n\t\t\t<div class=\"media\">\n\n\t\t\n\t\t\t<a href=\"https:\/\/adf-magazine.com\/fr\/2026\/08\/un-regime-terroriste-au-mali-compromettrait-la-region\/\" class=\"image-link\" title=\"Un r\u00e9gime terroriste au Mali compromettrait la r\u00e9gion\"><img loading=\"lazy\" decoding=\"async\" width=\"450\" height=\"300\" src=\"https:\/\/adf-magazine.com\/wp-content\/uploads\/2026\/08\/JNIM-RISK-2-450x300.webp\" class=\"attachment-bunyad-medium size-bunyad-medium wp-post-image\" alt=\"\" sizes=\"(max-width: 768px) 50vw, 316px\" title=\"Un r\u00e9gime terroriste au Mali compromettrait la r\u00e9gion\" srcset=\"https:\/\/adf-magazine.com\/wp-content\/uploads\/2026\/08\/JNIM-RISK-2-450x300.webp 450w, https:\/\/adf-magazine.com\/wp-content\/uploads\/2026\/08\/JNIM-RISK-2-300x200.webp 300w, https:\/\/adf-magazine.com\/wp-content\/uploads\/2026\/08\/JNIM-RISK-2-1024x683.webp 1024w, https:\/\/adf-magazine.com\/wp-content\/uploads\/2026\/08\/JNIM-RISK-2-768x512.webp 768w, https:\/\/adf-magazine.com\/wp-content\/uploads\/2026\/08\/JNIM-RISK-2-150x100.webp 150w, https:\/\/adf-magazine.com\/wp-content\/uploads\/2026\/08\/JNIM-RISK-2.webp 1080w\" \/><\/a>\t\t\t\n\t\t\t\n\t\t\t\n\t\t\t\n\t\t\n\t\t<\/div>\n\t\n\n\t\t\t<div class=\"content-wrap\">\n\t\n\t\t<div class=\"content\">\n\n\t\t\t<div class=\"post-meta post-meta-a meta-contrast has-below\"><div class=\"post-meta-items meta-above\"><span class=\"meta-item cat-labels\">\n\t\t\t\t\t\t\n\t\t\t\t\t\t<a href=\"https:\/\/adf-magazine.com\/fr\/category\/dernieres-nouvelles\/\" class=\"category term-color-331\" rel=\"category\" tabindex=\"-1\">Actualit\u00e9s du Jour<\/a>\n\t\t\t\t\t<\/span>\n\t\t\t\t\t<\/div><h2 class=\"is-title post-title\"><a href=\"https:\/\/adf-magazine.com\/fr\/2026\/08\/un-regime-terroriste-au-mali-compromettrait-la-region\/\">Un r\u00e9gime terroriste au Mali compromettrait la r\u00e9gion<\/a><\/h2><div class=\"post-meta-items meta-below\"><span class=\"meta-item post-author\"><a href=\"https:\/\/adf-magazine.com\/fr\/author\/adf\/\" rel=\"author\" class=\"molongui-author-link\" data-author-id=\"1\">ADF<\/a><\/span><span class=\"meta-item date\"><span class=\"date-link\"><time class=\"post-date\" datetime=\"2026-08-18T15:09:47-04:00\">18 ao\u00fbt 2026<\/time><\/span><\/span><\/div><\/div>\t\t\t\n\t\t\t\n\t\t\t\n\t\t<\/div>\n\n\t\t\t<\/div>\n\t\n<\/article>\n\t\t\t\t<\/div>\n\t\t\t\t\t\t\t\n\t\t\t\t\t\t\t\n\t\t\t\t<div class=\"item item-small item-3 pos-bot\">\n\n\t\t\t\t\t\n<article class=\"l-post grid-overlay grid-overlay-a hover-zoom\">\n\n\t\n\t\t\t<div class=\"media\">\n\n\t\t\n\t\t\t<a href=\"https:\/\/adf-magazine.com\/fr\/2026\/08\/les-armes-chinoises-sont-utilisees-par-les-deux-belligerants-du-conflit-en-rdc\/\" class=\"image-link\" title=\"Les armes chinoises sont utilis\u00e9es par les deux bellig\u00e9rants du conflit en RDC\"><img loading=\"lazy\" decoding=\"async\" width=\"450\" height=\"338\" src=\"https:\/\/adf-magazine.com\/wp-content\/uploads\/2026\/08\/KIVU-WEAPONS1-450x338.webp\" class=\"attachment-bunyad-medium size-bunyad-medium wp-post-image\" alt=\"\" sizes=\"(max-width: 768px) 50vw, 316px\" title=\"Les armes chinoises sont utilis\u00e9es par les deux bellig\u00e9rants du conflit en RDC\" srcset=\"https:\/\/adf-magazine.com\/wp-content\/uploads\/2026\/08\/KIVU-WEAPONS1-450x338.webp 450w, https:\/\/adf-magazine.com\/wp-content\/uploads\/2026\/08\/KIVU-WEAPONS1-300x225.webp 300w, https:\/\/adf-magazine.com\/wp-content\/uploads\/2026\/08\/KIVU-WEAPONS1-1024x768.webp 1024w, https:\/\/adf-magazine.com\/wp-content\/uploads\/2026\/08\/KIVU-WEAPONS1-768x576.webp 768w, https:\/\/adf-magazine.com\/wp-content\/uploads\/2026\/08\/KIVU-WEAPONS1-150x113.webp 150w, https:\/\/adf-magazine.com\/wp-content\/uploads\/2026\/08\/KIVU-WEAPONS1.webp 1080w\" \/><\/a>\t\t\t\n\t\t\t\n\t\t\t\n\t\t\t\n\t\t\n\t\t<\/div>\n\t\n\n\t\t\t<div class=\"content-wrap\">\n\t\n\t\t<div class=\"content\">\n\n\t\t\t<div class=\"post-meta post-meta-a meta-contrast has-below\"><div class=\"post-meta-items meta-above\"><span class=\"meta-item cat-labels\">\n\t\t\t\t\t\t\n\t\t\t\t\t\t<a href=\"https:\/\/adf-magazine.com\/fr\/category\/dernieres-nouvelles\/\" class=\"category term-color-331\" rel=\"category\" tabindex=\"-1\">Actualit\u00e9s du Jour<\/a>\n\t\t\t\t\t<\/span>\n\t\t\t\t\t<\/div><h2 class=\"is-title post-title\"><a href=\"https:\/\/adf-magazine.com\/fr\/2026\/08\/les-armes-chinoises-sont-utilisees-par-les-deux-belligerants-du-conflit-en-rdc\/\">Les armes chinoises sont utilis\u00e9es par les deux bellig\u00e9rants du conflit en RDC<\/a><\/h2><div class=\"post-meta-items meta-below\"><span class=\"meta-item post-author\"><a href=\"https:\/\/adf-magazine.com\/fr\/author\/adf\/\" rel=\"author\" class=\"molongui-author-link\" data-author-id=\"1\">ADF<\/a><\/span><span class=\"meta-item date\"><span class=\"date-link\"><time class=\"post-date\" datetime=\"2026-08-18T15:05:10-04:00\">18 ao\u00fbt 2026<\/time><\/span><\/span><\/div><\/div>\t\t\t\n\t\t\t\n\t\t\t\n\t\t<\/div>\n\n\t\t\t<\/div>\n\t\n<\/article>\n\t\t\t\t<\/div>\n\t\t\t\t\t\t\t\n\t\t\t\t\t\t\t\n\t\t\t\t<div class=\"item item-small item-4 pos-bot\">\n\n\t\t\t\t\t\n<article class=\"l-post grid-overlay grid-overlay-a hover-zoom\">\n\n\t\n\t\t\t<div class=\"media\">\n\n\t\t\n\t\t\t<a href=\"https:\/\/adf-magazine.com\/fr\/2026\/08\/loperation-safe-corridor-couloir-de-securite-laisse-la-porte-ouverte-a-la-reddition\/\" class=\"image-link\" title=\"L\u2019op\u00e9ration Safe Corridor [Couloir de s\u00e9curit\u00e9] \u00ab laisse la porte ouverte \u00bb \u00e0 la reddition\"><img loading=\"lazy\" decoding=\"async\" width=\"450\" height=\"253\" src=\"https:\/\/adf-magazine.com\/wp-content\/uploads\/2026\/08\/NGR-DDR1-450x253.webp\" class=\"attachment-bunyad-medium size-bunyad-medium wp-post-image\" alt=\"\" sizes=\"(max-width: 768px) 50vw, 316px\" title=\"L\u2019op\u00e9ration Safe Corridor [Couloir de s\u00e9curit\u00e9] \u00ab laisse la porte ouverte \u00bb \u00e0 la reddition\" srcset=\"https:\/\/adf-magazine.com\/wp-content\/uploads\/2026\/08\/NGR-DDR1-450x253.webp 450w, https:\/\/adf-magazine.com\/wp-content\/uploads\/2026\/08\/NGR-DDR1-768x432.webp 768w, https:\/\/adf-magazine.com\/wp-content\/uploads\/2026\/08\/NGR-DDR1.webp 1008w\" \/><\/a>\t\t\t\n\t\t\t\n\t\t\t\n\t\t\t\n\t\t\n\t\t<\/div>\n\t\n\n\t\t\t<div class=\"content-wrap\">\n\t\n\t\t<div class=\"content\">\n\n\t\t\t<div class=\"post-meta post-meta-a meta-contrast has-below\"><div class=\"post-meta-items meta-above\"><span class=\"meta-item cat-labels\">\n\t\t\t\t\t\t\n\t\t\t\t\t\t<a href=\"https:\/\/adf-magazine.com\/fr\/category\/dernieres-nouvelles\/\" class=\"category term-color-331\" rel=\"category\" tabindex=\"-1\">Actualit\u00e9s du Jour<\/a>\n\t\t\t\t\t<\/span>\n\t\t\t\t\t<\/div><h2 class=\"is-title post-title\"><a href=\"https:\/\/adf-magazine.com\/fr\/2026\/08\/loperation-safe-corridor-couloir-de-securite-laisse-la-porte-ouverte-a-la-reddition\/\">L\u2019op\u00e9ration Safe Corridor [Couloir de s\u00e9curit\u00e9] \u00ab laisse la porte ouverte \u00bb \u00e0 la reddition<\/a><\/h2><div class=\"post-meta-items meta-below\"><span class=\"meta-item post-author\"><a href=\"https:\/\/adf-magazine.com\/fr\/author\/adf\/\" rel=\"author\" class=\"molongui-author-link\" data-author-id=\"1\">ADF<\/a><\/span><span class=\"meta-item date\"><span class=\"date-link\"><time class=\"post-date\" datetime=\"2026-08-18T14:38:57-04:00\">18 ao\u00fbt 2026<\/time><\/span><\/span><\/div><\/div>\t\t\t\n\t\t\t\n\t\t\t\n\t\t<\/div>\n\n\t\t\t<\/div>\n\t\n<\/article>\n\t\t\t\t<\/div>\n\t\t\t\t\t\t\t\n\t\t\t\t\t\t\t\n\t\t\t\t<div class=\"item item-small item-5 pos-bot\">\n\n\t\t\t\t\t\n<article class=\"l-post grid-overlay grid-overlay-a hover-zoom\">\n\n\t\n\t\t\t<div class=\"media\">\n\n\t\t\n\t\t\t<a href=\"https:\/\/adf-magazine.com\/fr\/2026\/08\/les-combattants-de-wagner-organisent-un-reseau-dopiaces-gigantesque-en-centrafrique\/\" class=\"image-link\" title=\"Les combattants de Wagner organisent un r\u00e9seau d\u2019opiac\u00e9s gigantesque en Centrafrique\"><img loading=\"lazy\" decoding=\"async\" width=\"450\" height=\"300\" src=\"https:\/\/adf-magazine.com\/wp-content\/uploads\/2026\/08\/OPIOID1-450x300.webp\" class=\"attachment-bunyad-medium size-bunyad-medium wp-post-image\" alt=\"\" sizes=\"(max-width: 768px) 50vw, 316px\" title=\"Les combattants de Wagner organisent un r\u00e9seau d\u2019opiac\u00e9s gigantesque en Centrafrique\" srcset=\"https:\/\/adf-magazine.com\/wp-content\/uploads\/2026\/08\/OPIOID1-450x300.webp 450w, https:\/\/adf-magazine.com\/wp-content\/uploads\/2026\/08\/OPIOID1-300x200.webp 300w, https:\/\/adf-magazine.com\/wp-content\/uploads\/2026\/08\/OPIOID1-1024x683.webp 1024w, https:\/\/adf-magazine.com\/wp-content\/uploads\/2026\/08\/OPIOID1-768x512.webp 768w, https:\/\/adf-magazine.com\/wp-content\/uploads\/2026\/08\/OPIOID1-150x100.webp 150w, https:\/\/adf-magazine.com\/wp-content\/uploads\/2026\/08\/OPIOID1.webp 1080w\" \/><\/a>\t\t\t\n\t\t\t\n\t\t\t\n\t\t\t\n\t\t\n\t\t<\/div>\n\t\n\n\t\t\t<div class=\"content-wrap\">\n\t\n\t\t<div class=\"content\">\n\n\t\t\t<div class=\"post-meta post-meta-a meta-contrast has-below\"><div class=\"post-meta-items meta-above\"><span class=\"meta-item cat-labels\">\n\t\t\t\t\t\t\n\t\t\t\t\t\t<a href=\"https:\/\/adf-magazine.com\/fr\/category\/dernieres-nouvelles\/\" class=\"category term-color-331\" rel=\"category\" tabindex=\"-1\">Actualit\u00e9s du Jour<\/a>\n\t\t\t\t\t<\/span>\n\t\t\t\t\t<\/div><h2 class=\"is-title post-title\"><a href=\"https:\/\/adf-magazine.com\/fr\/2026\/08\/les-combattants-de-wagner-organisent-un-reseau-dopiaces-gigantesque-en-centrafrique\/\">Les combattants de Wagner organisent un r\u00e9seau d\u2019opiac\u00e9s gigantesque en Centrafrique<\/a><\/h2><div class=\"post-meta-items meta-below\"><span class=\"meta-item post-author\"><a href=\"https:\/\/adf-magazine.com\/fr\/author\/adf\/\" rel=\"author\" class=\"molongui-author-link\" data-author-id=\"1\">ADF<\/a><\/span><span class=\"meta-item date\"><span class=\"date-link\"><time class=\"post-date\" datetime=\"2026-08-18T14:34:49-04:00\">18 ao\u00fbt 2026<\/time><\/span><\/span><\/div><\/div>\t\t\t\n\t\t\t\n\t\t\t\n\t\t<\/div>\n\n\t\t\t<\/div>\n\t\n<\/article>\n\t\t\t\t<\/div>\n\t\t\t\t\t\t\t\n\t\t\t\t\t\t\t\n\t\t\t\t\t<\/div>\n\t\t\n\t\t<\/div>\n\n<\/section>\n\t\t\t<\/div>\n\n\t\t<\/section>\n\t\t\t\t\t\t<\/div>\n\t\t\t\t<\/div>\n\t\t\t\t\t<\/div>\n\t\t<\/div>\n\t\t\t\t\t<\/div>\n\t\t<\/section>\n\t\t\t\t<section class=\"elementor-section elementor-top-section elementor-element elementor-element-a4a54e7 elementor-section-boxed elementor-section-height-default elementor-section-height-default\" data-id=\"a4a54e7\" data-element_type=\"section\" data-e-type=\"section\">\n\t\t\t\t\t\t<div class=\"elementor-container elementor-column-gap-default\">\n\t\t\t\t\t<div class=\"elementor-column elementor-col-100 elementor-top-column elementor-element elementor-element-aab00fd\" data-id=\"aab00fd\" data-element_type=\"column\" data-e-type=\"column\">\n\t\t\t<div class=\"elementor-widget-wrap elementor-element-populated\">\n\t\t\t\t\t\t<div class=\"elementor-element elementor-element-c1f5811 elementor-widget elementor-widget-smartmag-postssmall\" data-id=\"c1f5811\" data-element_type=\"widget\" data-e-type=\"widget\" data-widget_type=\"smartmag-postssmall.default\">\n\t\t\t\t<div class=\"elementor-widget-container\">\n\t\t\t\t\t\t\t<section class=\"block-wrap block-posts-small block-sc\" data-id=\"2\" data-block=\"{&quot;id&quot;:&quot;posts-small&quot;,&quot;props&quot;:{&quot;cat_labels&quot;:false,&quot;cat_labels_pos&quot;:&quot;bot-left&quot;,&quot;reviews&quot;:&quot;bars&quot;,&quot;post_formats_pos&quot;:&quot;center&quot;,&quot;load_more_style&quot;:&quot;a&quot;,&quot;meta_cat_style&quot;:&quot;text&quot;,&quot;media_style_shadow&quot;:0,&quot;meta_sponsor&quot;:1,&quot;meta_sponsor_logo&quot;:0,&quot;meta_sponsor_label&quot;:&quot;Sponsor: {sponsor}&quot;,&quot;meta_above&quot;:[],&quot;meta_below&quot;:[&quot;date&quot;],&quot;meta_sponsor_above&quot;:[],&quot;meta_sponsor_below&quot;:[&quot;sponsor&quot;,&quot;date&quot;],&quot;media_ratio&quot;:&quot;&quot;,&quot;media_ratio_custom&quot;:&quot;&quot;,&quot;media_width&quot;:&quot;&quot;,&quot;excerpts&quot;:false,&quot;excerpt_length&quot;:0,&quot;read_more&quot;:&quot;&quot;,&quot;posts&quot;:12,&quot;pagination&quot;:&quot;1&quot;,&quot;pagination_type&quot;:&quot;load-more&quot;,&quot;columns&quot;:&quot;3&quot;,&quot;container_width&quot;:100,&quot;terms&quot;:[&quot;327&quot;],&quot;offset&quot;:5,&quot;meta_sponsor_items_default&quot;:true,&quot;query_type&quot;:&quot;custom&quot;,&quot;sort_days&quot;:null,&quot;carousel_dots&quot;:null,&quot;is_sc_call&quot;:true,&quot;meta_items_default&quot;:true}}\">\n\n\t\t\t\t\n\t\t\t<div class=\"block-content\">\n\t\t\t\t\n\t<div class=\"loop loop-small loop-small- loop-sep loop-small-sep grid grid-3 md:grid-2 sm:grid-2 xs:grid-1\">\n\n\t\t\t\t\t\n<article class=\"l-post small-post m-pos-left\">\n\n\t\n\t\t\t<div class=\"media\">\n\n\t\t\n\t\t\t<a href=\"https:\/\/adf-magazine.com\/fr\/2026\/08\/construction-dune-protection-contre-les-menaces-nrbc\/\" class=\"image-link media-ratio ar-bunyad-thumb\" title=\"Construction d\u2019une protection contre les menaces NRBC\"><img loading=\"lazy\" decoding=\"async\" width=\"119\" height=\"82\" src=\"https:\/\/adf-magazine.com\/wp-content\/uploads\/2026\/08\/WRONG-HANDS1-1-300x169.jpg\" class=\"attachment-medium size-medium wp-post-image\" alt=\"\" sizes=\"(max-width: 119px) 100vw, 119px\" title=\"Construction d\u2019une protection contre les menaces NRBC\" srcset=\"https:\/\/adf-magazine.com\/wp-content\/uploads\/2026\/08\/WRONG-HANDS1-1-300x169.jpg 300w, https:\/\/adf-magazine.com\/wp-content\/uploads\/2026\/08\/WRONG-HANDS1-1-1024x576.jpg 1024w, https:\/\/adf-magazine.com\/wp-content\/uploads\/2026\/08\/WRONG-HANDS1-1-768x432.jpg 768w, https:\/\/adf-magazine.com\/wp-content\/uploads\/2026\/08\/WRONG-HANDS1-1-150x84.jpg 150w, https:\/\/adf-magazine.com\/wp-content\/uploads\/2026\/08\/WRONG-HANDS1-1-450x253.jpg 450w, https:\/\/adf-magazine.com\/wp-content\/uploads\/2026\/08\/WRONG-HANDS1-1.jpg 1080w\" \/><\/a>\t\t\t\n\t\t\t\n\t\t\t\n\t\t\t\n\t\t\n\t\t<\/div>\n\t\n\n\t\n\t\t<div class=\"content\">\n\n\t\t\t<div class=\"post-meta post-meta-a post-meta-left has-below\"><h4 class=\"is-title post-title\"><a href=\"https:\/\/adf-magazine.com\/fr\/2026\/08\/construction-dune-protection-contre-les-menaces-nrbc\/\">Construction d\u2019une protection contre les menaces NRBC<\/a><\/h4><div class=\"post-meta-items meta-below\"><span class=\"meta-item date\"><span class=\"date-link\"><time class=\"post-date\" datetime=\"2026-08-25T14:58:32-04:00\">25 ao\u00fbt 2026<\/time><\/span><\/span><\/div><\/div>\t\t\t\n\t\t\t\n\t\t\t\n\t\t<\/div>\n\n\t\n<\/article>\t\n\t\t\t\t\t\n<article class=\"l-post small-post m-pos-left\">\n\n\t\n\t\t\t<div class=\"media\">\n\n\t\t\n\t\t\t<a href=\"https:\/\/adf-magazine.com\/fr\/2026\/08\/la-turquie-tisse-des-liens-par-le-biais-de-lentrainement\/\" class=\"image-link media-ratio ar-bunyad-thumb\" title=\"La Turquie tisse des liens par le biais de l\u2019entra\u00eenement\"><img loading=\"lazy\" decoding=\"async\" width=\"119\" height=\"82\" src=\"https:\/\/adf-magazine.com\/wp-content\/uploads\/2026\/08\/TURKEY-TRAINS-1-1-300x188.jpg\" class=\"attachment-medium size-medium wp-post-image\" alt=\"\" sizes=\"(max-width: 119px) 100vw, 119px\" title=\"La Turquie tisse des liens par le biais de l\u2019entra\u00eenement\" srcset=\"https:\/\/adf-magazine.com\/wp-content\/uploads\/2026\/08\/TURKEY-TRAINS-1-1-300x188.jpg 300w, https:\/\/adf-magazine.com\/wp-content\/uploads\/2026\/08\/TURKEY-TRAINS-1-1-1024x641.jpg 1024w, https:\/\/adf-magazine.com\/wp-content\/uploads\/2026\/08\/TURKEY-TRAINS-1-1-768x481.jpg 768w, https:\/\/adf-magazine.com\/wp-content\/uploads\/2026\/08\/TURKEY-TRAINS-1-1-150x94.jpg 150w, https:\/\/adf-magazine.com\/wp-content\/uploads\/2026\/08\/TURKEY-TRAINS-1-1-450x282.jpg 450w, https:\/\/adf-magazine.com\/wp-content\/uploads\/2026\/08\/TURKEY-TRAINS-1-1.jpg 1080w\" \/><\/a>\t\t\t\n\t\t\t\n\t\t\t\n\t\t\t\n\t\t\n\t\t<\/div>\n\t\n\n\t\n\t\t<div class=\"content\">\n\n\t\t\t<div class=\"post-meta post-meta-a post-meta-left has-below\"><h4 class=\"is-title post-title\"><a href=\"https:\/\/adf-magazine.com\/fr\/2026\/08\/la-turquie-tisse-des-liens-par-le-biais-de-lentrainement\/\">La Turquie tisse des liens par le biais de l\u2019entra\u00eenement<\/a><\/h4><div class=\"post-meta-items meta-below\"><span class=\"meta-item date\"><span class=\"date-link\"><time class=\"post-date\" datetime=\"2026-08-25T14:48:46-04:00\">25 ao\u00fbt 2026<\/time><\/span><\/span><\/div><\/div>\t\t\t\n\t\t\t\n\t\t\t\n\t\t<\/div>\n\n\t\n<\/article>\t\n\t\t\t\t\t\n<article class=\"l-post small-post m-pos-left\">\n\n\t\n\t\t\t<div class=\"media\">\n\n\t\t\n\t\t\t<a href=\"https:\/\/adf-magazine.com\/fr\/2026\/08\/le-ghana-fait-face-a-une-crise-latente-alors-quil-evite-les-conflits-avec-le-gsim\/\" class=\"image-link media-ratio ar-bunyad-thumb\" title=\"Le Ghana fait face \u00e0 une \u00ab crise latente \u00bb alors qu\u2019il \u00e9vite les conflits avec le GSIM\"><img loading=\"lazy\" decoding=\"async\" width=\"119\" height=\"82\" src=\"https:\/\/adf-magazine.com\/wp-content\/uploads\/2026\/08\/SOVEREIGN-GAP-1-1-300x200.jpg\" class=\"attachment-medium size-medium wp-post-image\" alt=\"\" sizes=\"(max-width: 119px) 100vw, 119px\" title=\"Le Ghana fait face \u00e0 une \u00ab crise latente \u00bb alors qu\u2019il \u00e9vite les conflits avec le GSIM\" srcset=\"https:\/\/adf-magazine.com\/wp-content\/uploads\/2026\/08\/SOVEREIGN-GAP-1-1-300x200.jpg 300w, https:\/\/adf-magazine.com\/wp-content\/uploads\/2026\/08\/SOVEREIGN-GAP-1-1-1024x683.jpg 1024w, https:\/\/adf-magazine.com\/wp-content\/uploads\/2026\/08\/SOVEREIGN-GAP-1-1-768x512.jpg 768w, https:\/\/adf-magazine.com\/wp-content\/uploads\/2026\/08\/SOVEREIGN-GAP-1-1-150x100.jpg 150w, https:\/\/adf-magazine.com\/wp-content\/uploads\/2026\/08\/SOVEREIGN-GAP-1-1-450x300.jpg 450w, https:\/\/adf-magazine.com\/wp-content\/uploads\/2026\/08\/SOVEREIGN-GAP-1-1.jpg 1080w\" \/><\/a>\t\t\t\n\t\t\t\n\t\t\t\n\t\t\t\n\t\t\n\t\t<\/div>\n\t\n\n\t\n\t\t<div class=\"content\">\n\n\t\t\t<div class=\"post-meta post-meta-a post-meta-left has-below\"><h4 class=\"is-title post-title\"><a href=\"https:\/\/adf-magazine.com\/fr\/2026\/08\/le-ghana-fait-face-a-une-crise-latente-alors-quil-evite-les-conflits-avec-le-gsim\/\">Le Ghana fait face \u00e0 une \u00ab crise latente \u00bb alors qu\u2019il \u00e9vite les conflits avec le GSIM<\/a><\/h4><div class=\"post-meta-items meta-below\"><span class=\"meta-item date\"><span class=\"date-link\"><time class=\"post-date\" datetime=\"2026-08-25T14:41:57-04:00\">25 ao\u00fbt 2026<\/time><\/span><\/span><\/div><\/div>\t\t\t\n\t\t\t\n\t\t\t\n\t\t<\/div>\n\n\t\n<\/article>\t\n\t\t\t\t\t\n<article class=\"l-post small-post m-pos-left\">\n\n\t\n\t\t\t<div class=\"media\">\n\n\t\t\n\t\t\t<a href=\"https:\/\/adf-magazine.com\/fr\/2026\/08\/la-russie-prend-pour-cible-le-littoral-ouest-africain-alors-quelle-perd-du-terrain-au-sahel\/\" class=\"image-link media-ratio ar-bunyad-thumb\" title=\"La Russie prend pour cible le littoral ouest-africain alors qu\u2019elle perd du terrain au Sahel\"><img loading=\"lazy\" decoding=\"async\" width=\"119\" height=\"82\" src=\"https:\/\/adf-magazine.com\/wp-content\/uploads\/2026\/08\/NEW-FRONTIER1-1-300x169.jpg\" class=\"attachment-medium size-medium wp-post-image\" alt=\"\" sizes=\"(max-width: 119px) 100vw, 119px\" title=\"La Russie prend pour cible le littoral ouest-africain alors qu\u2019elle perd du terrain au Sahel\" srcset=\"https:\/\/adf-magazine.com\/wp-content\/uploads\/2026\/08\/NEW-FRONTIER1-1-300x169.jpg 300w, https:\/\/adf-magazine.com\/wp-content\/uploads\/2026\/08\/NEW-FRONTIER1-1-1024x576.jpg 1024w, https:\/\/adf-magazine.com\/wp-content\/uploads\/2026\/08\/NEW-FRONTIER1-1-768x432.jpg 768w, https:\/\/adf-magazine.com\/wp-content\/uploads\/2026\/08\/NEW-FRONTIER1-1-150x84.jpg 150w, https:\/\/adf-magazine.com\/wp-content\/uploads\/2026\/08\/NEW-FRONTIER1-1-450x253.jpg 450w, https:\/\/adf-magazine.com\/wp-content\/uploads\/2026\/08\/NEW-FRONTIER1-1.jpg 1080w\" \/><\/a>\t\t\t\n\t\t\t\n\t\t\t\n\t\t\t\n\t\t\n\t\t<\/div>\n\t\n\n\t\n\t\t<div class=\"content\">\n\n\t\t\t<div class=\"post-meta post-meta-a post-meta-left has-below\"><h4 class=\"is-title post-title\"><a href=\"https:\/\/adf-magazine.com\/fr\/2026\/08\/la-russie-prend-pour-cible-le-littoral-ouest-africain-alors-quelle-perd-du-terrain-au-sahel\/\">La Russie prend pour cible le littoral ouest-africain alors qu\u2019elle perd du terrain au Sahel<\/a><\/h4><div class=\"post-meta-items meta-below\"><span class=\"meta-item date\"><span class=\"date-link\"><time class=\"post-date\" datetime=\"2026-08-25T14:34:45-04:00\">25 ao\u00fbt 2026<\/time><\/span><\/span><\/div><\/div>\t\t\t\n\t\t\t\n\t\t\t\n\t\t<\/div>\n\n\t\n<\/article>\t\n\t\t\t\t\t\n<article class=\"l-post small-post m-pos-left\">\n\n\t\n\t\t\t<div class=\"media\">\n\n\t\t\n\t\t\t<a href=\"https:\/\/adf-magazine.com\/fr\/2026\/08\/la-menace-du-galamsey-depasse-les-frontieres-du-ghana\/\" class=\"image-link media-ratio ar-bunyad-thumb\" title=\"La menace du galamsey d\u00e9passe les fronti\u00e8res du Ghana\"><img loading=\"lazy\" decoding=\"async\" width=\"119\" height=\"82\" src=\"https:\/\/adf-magazine.com\/wp-content\/uploads\/2026\/08\/GALAMSEY-THREAT2-1-300x225.jpg\" class=\"attachment-medium size-medium wp-post-image\" alt=\"\" sizes=\"(max-width: 119px) 100vw, 119px\" title=\"La menace du galamsey d\u00e9passe les fronti\u00e8res du Ghana\" srcset=\"https:\/\/adf-magazine.com\/wp-content\/uploads\/2026\/08\/GALAMSEY-THREAT2-1-300x225.jpg 300w, https:\/\/adf-magazine.com\/wp-content\/uploads\/2026\/08\/GALAMSEY-THREAT2-1-1024x768.jpg 1024w, https:\/\/adf-magazine.com\/wp-content\/uploads\/2026\/08\/GALAMSEY-THREAT2-1-768x576.jpg 768w, https:\/\/adf-magazine.com\/wp-content\/uploads\/2026\/08\/GALAMSEY-THREAT2-1-150x113.jpg 150w, https:\/\/adf-magazine.com\/wp-content\/uploads\/2026\/08\/GALAMSEY-THREAT2-1-450x338.jpg 450w, https:\/\/adf-magazine.com\/wp-content\/uploads\/2026\/08\/GALAMSEY-THREAT2-1.jpg 1080w\" \/><\/a>\t\t\t\n\t\t\t\n\t\t\t\n\t\t\t\n\t\t\n\t\t<\/div>\n\t\n\n\t\n\t\t<div class=\"content\">\n\n\t\t\t<div class=\"post-meta post-meta-a post-meta-left has-below\"><h4 class=\"is-title post-title\"><a href=\"https:\/\/adf-magazine.com\/fr\/2026\/08\/la-menace-du-galamsey-depasse-les-frontieres-du-ghana\/\">La menace du galamsey d\u00e9passe les fronti\u00e8res du Ghana<\/a><\/h4><div class=\"post-meta-items meta-below\"><span class=\"meta-item date\"><span class=\"date-link\"><time class=\"post-date\" datetime=\"2026-08-25T14:27:45-04:00\">25 ao\u00fbt 2026<\/time><\/span><\/span><\/div><\/div>\t\t\t\n\t\t\t\n\t\t\t\n\t\t<\/div>\n\n\t\n<\/article>\t\n\t\t\t\t\t\n<article class=\"l-post small-post m-pos-left\">\n\n\t\n\t\t\t<div class=\"media\">\n\n\t\t\n\t\t\t<a href=\"https:\/\/adf-magazine.com\/fr\/2026\/08\/les-cartels-mexicains-envoient-des-preparateurs-de-meth-en-afrique\/\" class=\"image-link media-ratio ar-bunyad-thumb\" title=\"Les cartels mexicains envoient des pr\u00e9parateurs de \u00ab meth \u00bb en Afrique\"><img loading=\"lazy\" decoding=\"async\" width=\"119\" height=\"82\" src=\"https:\/\/adf-magazine.com\/wp-content\/uploads\/2026\/08\/EXPERT-SPREAD-1-300x229.jpg\" class=\"attachment-medium size-medium wp-post-image\" alt=\"\" sizes=\"(max-width: 119px) 100vw, 119px\" title=\"Les cartels mexicains envoient des pr\u00e9parateurs de \u00ab meth \u00bb en Afrique\" srcset=\"https:\/\/adf-magazine.com\/wp-content\/uploads\/2026\/08\/EXPERT-SPREAD-1-300x229.jpg 300w, https:\/\/adf-magazine.com\/wp-content\/uploads\/2026\/08\/EXPERT-SPREAD-1-1024x780.jpg 1024w, https:\/\/adf-magazine.com\/wp-content\/uploads\/2026\/08\/EXPERT-SPREAD-1-768x585.jpg 768w, https:\/\/adf-magazine.com\/wp-content\/uploads\/2026\/08\/EXPERT-SPREAD-1-150x114.jpg 150w, https:\/\/adf-magazine.com\/wp-content\/uploads\/2026\/08\/EXPERT-SPREAD-1-450x343.jpg 450w, https:\/\/adf-magazine.com\/wp-content\/uploads\/2026\/08\/EXPERT-SPREAD-1.jpg 1080w\" \/><\/a>\t\t\t\n\t\t\t\n\t\t\t\n\t\t\t\n\t\t\n\t\t<\/div>\n\t\n\n\t\n\t\t<div class=\"content\">\n\n\t\t\t<div class=\"post-meta post-meta-a post-meta-left has-below\"><h4 class=\"is-title post-title\"><a href=\"https:\/\/adf-magazine.com\/fr\/2026\/08\/les-cartels-mexicains-envoient-des-preparateurs-de-meth-en-afrique\/\">Les cartels mexicains envoient des pr\u00e9parateurs de \u00ab meth \u00bb en Afrique<\/a><\/h4><div class=\"post-meta-items meta-below\"><span class=\"meta-item date\"><span class=\"date-link\"><time class=\"post-date\" datetime=\"2026-08-25T14:20:19-04:00\">25 ao\u00fbt 2026<\/time><\/span><\/span><\/div><\/div>\t\t\t\n\t\t\t\n\t\t\t\n\t\t<\/div>\n\n\t\n<\/article>\t\n\t\t\t\t\t\n<article class=\"l-post small-post m-pos-left\">\n\n\t\n\t\t\t<div class=\"media\">\n\n\t\t\n\t\t\t<a href=\"https:\/\/adf-magazine.com\/fr\/2026\/08\/des-vies-soumises-a-la-force-et-aux-privations\/\" class=\"image-link media-ratio ar-bunyad-thumb\" title=\"Des vies soumises \u00e0 la force et aux privations\"><img loading=\"lazy\" decoding=\"async\" width=\"119\" height=\"82\" src=\"https:\/\/adf-magazine.com\/wp-content\/uploads\/2026\/08\/BRIDE1a-1-300x200.jpg\" class=\"attachment-medium size-medium wp-post-image\" alt=\"\" sizes=\"(max-width: 119px) 100vw, 119px\" title=\"Des vies soumises \u00e0 la force et aux privations\" srcset=\"https:\/\/adf-magazine.com\/wp-content\/uploads\/2026\/08\/BRIDE1a-1-300x200.jpg 300w, https:\/\/adf-magazine.com\/wp-content\/uploads\/2026\/08\/BRIDE1a-1-1024x683.jpg 1024w, https:\/\/adf-magazine.com\/wp-content\/uploads\/2026\/08\/BRIDE1a-1-768x512.jpg 768w, https:\/\/adf-magazine.com\/wp-content\/uploads\/2026\/08\/BRIDE1a-1-150x100.jpg 150w, https:\/\/adf-magazine.com\/wp-content\/uploads\/2026\/08\/BRIDE1a-1-450x300.jpg 450w, https:\/\/adf-magazine.com\/wp-content\/uploads\/2026\/08\/BRIDE1a-1.jpg 1080w\" \/><\/a>\t\t\t\n\t\t\t\n\t\t\t\n\t\t\t\n\t\t\n\t\t<\/div>\n\t\n\n\t\n\t\t<div class=\"content\">\n\n\t\t\t<div class=\"post-meta post-meta-a post-meta-left has-below\"><h4 class=\"is-title post-title\"><a href=\"https:\/\/adf-magazine.com\/fr\/2026\/08\/des-vies-soumises-a-la-force-et-aux-privations\/\">Des vies soumises \u00e0 la force et aux privations<\/a><\/h4><div class=\"post-meta-items meta-below\"><span class=\"meta-item date\"><span class=\"date-link\"><time class=\"post-date\" datetime=\"2026-08-25T14:11:53-04:00\">25 ao\u00fbt 2026<\/time><\/span><\/span><\/div><\/div>\t\t\t\n\t\t\t\n\t\t\t\n\t\t<\/div>\n\n\t\n<\/article>\t\n\t\t\t\t\t\n<article class=\"l-post small-post m-pos-left\">\n\n\t\n\t\t\t<div class=\"media\">\n\n\t\t\n\t\t\t<a href=\"https:\/\/adf-magazine.com\/fr\/2026\/08\/lia-est-utilisee-pour-propager-la-haine-mais-aussi-pour-larreter\/\" class=\"image-link media-ratio ar-bunyad-thumb\" title=\"L\u2019IA est utilis\u00e9e pour propager la haine, mais aussi pour l\u2019arr\u00eater\"><img loading=\"lazy\" decoding=\"async\" width=\"119\" height=\"82\" src=\"https:\/\/adf-magazine.com\/wp-content\/uploads\/2026\/08\/AI-PROPAGANDA-1-300x200.jpg\" class=\"attachment-medium size-medium wp-post-image\" alt=\"\" sizes=\"(max-width: 119px) 100vw, 119px\" title=\"L\u2019IA est utilis\u00e9e pour propager la haine, mais aussi pour l\u2019arr\u00eater\" srcset=\"https:\/\/adf-magazine.com\/wp-content\/uploads\/2026\/08\/AI-PROPAGANDA-1-300x200.jpg 300w, https:\/\/adf-magazine.com\/wp-content\/uploads\/2026\/08\/AI-PROPAGANDA-1-1024x683.jpg 1024w, https:\/\/adf-magazine.com\/wp-content\/uploads\/2026\/08\/AI-PROPAGANDA-1-768x512.jpg 768w, https:\/\/adf-magazine.com\/wp-content\/uploads\/2026\/08\/AI-PROPAGANDA-1-150x100.jpg 150w, https:\/\/adf-magazine.com\/wp-content\/uploads\/2026\/08\/AI-PROPAGANDA-1-450x300.jpg 450w, https:\/\/adf-magazine.com\/wp-content\/uploads\/2026\/08\/AI-PROPAGANDA-1.jpg 1080w\" \/><\/a>\t\t\t\n\t\t\t\n\t\t\t\n\t\t\t\n\t\t\n\t\t<\/div>\n\t\n\n\t\n\t\t<div class=\"content\">\n\n\t\t\t<div class=\"post-meta post-meta-a post-meta-left has-below\"><h4 class=\"is-title post-title\"><a href=\"https:\/\/adf-magazine.com\/fr\/2026\/08\/lia-est-utilisee-pour-propager-la-haine-mais-aussi-pour-larreter\/\">L\u2019IA est utilis\u00e9e pour propager la haine, mais aussi pour l\u2019arr\u00eater<\/a><\/h4><div class=\"post-meta-items meta-below\"><span class=\"meta-item date\"><span class=\"date-link\"><time class=\"post-date\" datetime=\"2026-08-25T13:16:27-04:00\">25 ao\u00fbt 2026<\/time><\/span><\/span><\/div><\/div>\t\t\t\n\t\t\t\n\t\t\t\n\t\t<\/div>\n\n\t\n<\/article>\t\n\t\t\t\t\t\n<article class=\"l-post small-post m-pos-left\">\n\n\t\n\t\t\t<div class=\"media\">\n\n\t\t\n\t\t\t<a href=\"https:\/\/adf-magazine.com\/fr\/2026\/08\/le-cameroun-lutte-contre-labus-des-registres-de-navigation\/\" class=\"image-link media-ratio ar-bunyad-thumb\" title=\"Le Cameroun lutte contre l\u2019abus des registres de navigation\"><img loading=\"lazy\" decoding=\"async\" width=\"119\" height=\"82\" src=\"https:\/\/adf-magazine.com\/wp-content\/uploads\/2026\/08\/CAM-FLAG1-300x200.webp\" class=\"attachment-medium size-medium wp-post-image\" alt=\"\" sizes=\"(max-width: 119px) 100vw, 119px\" title=\"Le Cameroun lutte contre l\u2019abus des registres de navigation\" srcset=\"https:\/\/adf-magazine.com\/wp-content\/uploads\/2026\/08\/CAM-FLAG1-300x200.webp 300w, https:\/\/adf-magazine.com\/wp-content\/uploads\/2026\/08\/CAM-FLAG1-1024x683.webp 1024w, https:\/\/adf-magazine.com\/wp-content\/uploads\/2026\/08\/CAM-FLAG1-768x512.webp 768w, https:\/\/adf-magazine.com\/wp-content\/uploads\/2026\/08\/CAM-FLAG1-150x100.webp 150w, https:\/\/adf-magazine.com\/wp-content\/uploads\/2026\/08\/CAM-FLAG1-450x300.webp 450w, https:\/\/adf-magazine.com\/wp-content\/uploads\/2026\/08\/CAM-FLAG1.webp 1080w\" \/><\/a>\t\t\t\n\t\t\t\n\t\t\t\n\t\t\t\n\t\t\n\t\t<\/div>\n\t\n\n\t\n\t\t<div class=\"content\">\n\n\t\t\t<div class=\"post-meta post-meta-a post-meta-left has-below\"><h4 class=\"is-title post-title\"><a href=\"https:\/\/adf-magazine.com\/fr\/2026\/08\/le-cameroun-lutte-contre-labus-des-registres-de-navigation\/\">Le Cameroun lutte contre l\u2019abus des registres de navigation<\/a><\/h4><div class=\"post-meta-items meta-below\"><span class=\"meta-item date\"><span class=\"date-link\"><time class=\"post-date\" datetime=\"2026-08-18T15:21:50-04:00\">18 ao\u00fbt 2026<\/time><\/span><\/span><\/div><\/div>\t\t\t\n\t\t\t\n\t\t\t\n\t\t<\/div>\n\n\t\n<\/article>\t\n\t\t\t\t\t\n<article class=\"l-post small-post m-pos-left\">\n\n\t\n\t\t\t<div class=\"media\">\n\n\t\t\n\t\t\t<a href=\"https:\/\/adf-magazine.com\/fr\/2026\/08\/les-forces-armees-sont-en-retard-dans-la-technologie-anti-drone\/\" class=\"image-link media-ratio ar-bunyad-thumb\" title=\"Les forces arm\u00e9es sont en retard dans la technologie anti-drone\"><img loading=\"lazy\" decoding=\"async\" width=\"119\" height=\"82\" src=\"https:\/\/adf-magazine.com\/wp-content\/uploads\/2026\/08\/DRONE-DEFENSE-1-300x200.webp\" class=\"attachment-medium size-medium wp-post-image\" alt=\"\" sizes=\"(max-width: 119px) 100vw, 119px\" title=\"Les forces arm\u00e9es sont en retard dans la technologie anti-drone\" srcset=\"https:\/\/adf-magazine.com\/wp-content\/uploads\/2026\/08\/DRONE-DEFENSE-1-300x200.webp 300w, https:\/\/adf-magazine.com\/wp-content\/uploads\/2026\/08\/DRONE-DEFENSE-1-1024x683.webp 1024w, https:\/\/adf-magazine.com\/wp-content\/uploads\/2026\/08\/DRONE-DEFENSE-1-768x512.webp 768w, https:\/\/adf-magazine.com\/wp-content\/uploads\/2026\/08\/DRONE-DEFENSE-1-150x100.webp 150w, https:\/\/adf-magazine.com\/wp-content\/uploads\/2026\/08\/DRONE-DEFENSE-1-450x300.webp 450w, https:\/\/adf-magazine.com\/wp-content\/uploads\/2026\/08\/DRONE-DEFENSE-1.webp 1080w\" \/><\/a>\t\t\t\n\t\t\t\n\t\t\t\n\t\t\t\n\t\t\n\t\t<\/div>\n\t\n\n\t\n\t\t<div class=\"content\">\n\n\t\t\t<div class=\"post-meta post-meta-a post-meta-left has-below\"><h4 class=\"is-title post-title\"><a href=\"https:\/\/adf-magazine.com\/fr\/2026\/08\/les-forces-armees-sont-en-retard-dans-la-technologie-anti-drone\/\">Les forces arm\u00e9es sont en retard dans la technologie anti-drone<\/a><\/h4><div class=\"post-meta-items meta-below\"><span class=\"meta-item date\"><span class=\"date-link\"><time class=\"post-date\" datetime=\"2026-08-18T15:17:55-04:00\">18 ao\u00fbt 2026<\/time><\/span><\/span><\/div><\/div>\t\t\t\n\t\t\t\n\t\t\t\n\t\t<\/div>\n\n\t\n<\/article>\t\n\t\t\t\t\t\n<article class=\"l-post small-post m-pos-left\">\n\n\t\n\t\t\t<div class=\"media\">\n\n\t\t\n\t\t\t<a href=\"https:\/\/adf-magazine.com\/fr\/2026\/08\/une-ruee-vers-lor-ouvre-la-porte-aux-terroristes-en-afrique-australe\/\" class=\"image-link media-ratio ar-bunyad-thumb\" title=\"Une ru\u00e9e vers l\u2019or ouvre la porte aux terroristes en Afrique australe\"><img loading=\"lazy\" decoding=\"async\" width=\"119\" height=\"82\" src=\"https:\/\/adf-magazine.com\/wp-content\/uploads\/2026\/08\/JIHADI-GOLD1-300x201.webp\" class=\"attachment-medium size-medium wp-post-image\" alt=\"\" sizes=\"(max-width: 119px) 100vw, 119px\" title=\"Une ru\u00e9e vers l\u2019or ouvre la porte aux terroristes en Afrique australe\" srcset=\"https:\/\/adf-magazine.com\/wp-content\/uploads\/2026\/08\/JIHADI-GOLD1-300x201.webp 300w, https:\/\/adf-magazine.com\/wp-content\/uploads\/2026\/08\/JIHADI-GOLD1-1024x685.webp 1024w, https:\/\/adf-magazine.com\/wp-content\/uploads\/2026\/08\/JIHADI-GOLD1-768x513.webp 768w, https:\/\/adf-magazine.com\/wp-content\/uploads\/2026\/08\/JIHADI-GOLD1-150x100.webp 150w, https:\/\/adf-magazine.com\/wp-content\/uploads\/2026\/08\/JIHADI-GOLD1-450x301.webp 450w, https:\/\/adf-magazine.com\/wp-content\/uploads\/2026\/08\/JIHADI-GOLD1.webp 1080w\" \/><\/a>\t\t\t\n\t\t\t\n\t\t\t\n\t\t\t\n\t\t\n\t\t<\/div>\n\t\n\n\t\n\t\t<div class=\"content\">\n\n\t\t\t<div class=\"post-meta post-meta-a post-meta-left has-below\"><h4 class=\"is-title post-title\"><a href=\"https:\/\/adf-magazine.com\/fr\/2026\/08\/une-ruee-vers-lor-ouvre-la-porte-aux-terroristes-en-afrique-australe\/\">Une ru\u00e9e vers l\u2019or ouvre la porte aux terroristes en Afrique australe<\/a><\/h4><div class=\"post-meta-items meta-below\"><span class=\"meta-item date\"><span class=\"date-link\"><time class=\"post-date\" datetime=\"2026-08-18T15:14:02-04:00\">18 ao\u00fbt 2026<\/time><\/span><\/span><\/div><\/div>\t\t\t\n\t\t\t\n\t\t\t\n\t\t<\/div>\n\n\t\n<\/article>\t\n\t\t\t\t\t\n<article class=\"l-post small-post m-pos-left\">\n\n\t\n\t\t\t<div class=\"media\">\n\n\t\t\n\t\t\t<a href=\"https:\/\/adf-magazine.com\/fr\/2026\/08\/un-regime-terroriste-au-mali-compromettrait-la-region\/\" class=\"image-link media-ratio ar-bunyad-thumb\" title=\"Un r\u00e9gime terroriste au Mali compromettrait la r\u00e9gion\"><img loading=\"lazy\" decoding=\"async\" width=\"119\" height=\"82\" src=\"https:\/\/adf-magazine.com\/wp-content\/uploads\/2026\/08\/JNIM-RISK-2-300x200.webp\" class=\"attachment-medium size-medium wp-post-image\" alt=\"\" sizes=\"(max-width: 119px) 100vw, 119px\" title=\"Un r\u00e9gime terroriste au Mali compromettrait la r\u00e9gion\" srcset=\"https:\/\/adf-magazine.com\/wp-content\/uploads\/2026\/08\/JNIM-RISK-2-300x200.webp 300w, https:\/\/adf-magazine.com\/wp-content\/uploads\/2026\/08\/JNIM-RISK-2-1024x683.webp 1024w, https:\/\/adf-magazine.com\/wp-content\/uploads\/2026\/08\/JNIM-RISK-2-768x512.webp 768w, https:\/\/adf-magazine.com\/wp-content\/uploads\/2026\/08\/JNIM-RISK-2-150x100.webp 150w, https:\/\/adf-magazine.com\/wp-content\/uploads\/2026\/08\/JNIM-RISK-2-450x300.webp 450w, https:\/\/adf-magazine.com\/wp-content\/uploads\/2026\/08\/JNIM-RISK-2.webp 1080w\" \/><\/a>\t\t\t\n\t\t\t\n\t\t\t\n\t\t\t\n\t\t\n\t\t<\/div>\n\t\n\n\t\n\t\t<div class=\"content\">\n\n\t\t\t<div class=\"post-meta post-meta-a post-meta-left has-below\"><h4 class=\"is-title post-title\"><a href=\"https:\/\/adf-magazine.com\/fr\/2026\/08\/un-regime-terroriste-au-mali-compromettrait-la-region\/\">Un r\u00e9gime terroriste au Mali compromettrait la r\u00e9gion<\/a><\/h4><div class=\"post-meta-items meta-below\"><span class=\"meta-item date\"><span class=\"date-link\"><time class=\"post-date\" datetime=\"2026-08-18T15:09:47-04:00\">18 ao\u00fbt 2026<\/time><\/span><\/span><\/div><\/div>\t\t\t\n\t\t\t\n\t\t\t\n\t\t<\/div>\n\n\t\n<\/article>\t\n\t\t\n\t<\/div>\n\n\t\n\n\t\n\t\t\n\t<div class=\"main-pagination pagination-more\" data-type=\"load-more\">\n\t\t<a href=\"https:\/\/adf-magazine.com\/fr\/wp-json\/wp\/v2\/pages\/105802\/page\/2\/\" class=\"ts-button load-button load-button-a ts-button-alt\" data-page=\"1\">\n\t\t\t\tLoad More \n\t\t\t\t<i class=\"icon tsi tsi-repeat\"><\/i>\n\t\t<\/a>\n\t<\/div>\t\n\t\n\t\n\n\t\t\t\t<\/div>\n\n\t\t<\/section>\n\t\t\t\t\t\t<\/div>\n\t\t\t\t<\/div>\n\t\t\t\t\t<\/div>\n\t\t<\/div>\n\t\t\t\t\t<\/div>\n\t\t<\/section>\n\t\t\t\t<\/div>\n\t\t","protected":false},"excerpt":{"rendered":"<p>ACTUALIT\u00c9S DU JOUR Actualit\u00e9s du Jour Les forces maliennes et russes retournent \u00e0 Tin Zaouatine apr\u00e8s une d\u00e9faite brutale ADFnovembre 12, 2024 Actualit\u00e9s du Jour La Turquie esp\u00e8re que la pacification peut accro\u00eetre son influence dans la Corne de l\u2019Afrique ADFnovembre 12, 2024 Actualit\u00e9s du Jour Les cam\u00e9ras de s\u00e9curit\u00e9 visent \u00e0 pr\u00e9venir les attaques<\/p>\n","protected":false},"author":1,"featured_media":0,"parent":0,"menu_order":0,"comment_status":"closed","ping_status":"closed","template":"page-templates\/no-wrapper.php","meta":{"_acf_changed":false,"_monsterinsights_skip_tracking":false,"_uf_show_specific_survey":0,"_uf_disable_surveys":false,"footnotes":""},"class_list":["post-105802","page","type-page","status-publish"],"acf":[],"yoast_head":"<!-- This site is optimized with the Yoast SEO plugin v28.4 - https:\/\/yoast.com\/product\/yoast-seo-wordpress\/ -->\n<title>Actualit\u00e9s du Jour - Africa Defense Forum<\/title>\n<meta name=\"robots\" content=\"index, follow, max-snippet:-1, max-image-preview:large, max-video-preview:-1\" \/>\n<link rel=\"canonical\" href=\"https:\/\/adf-magazine.com\/fr\/actualites-du-jour\/\" \/>\n<meta property=\"og:locale\" content=\"fr_FR\" \/>\n<meta property=\"og:type\" content=\"article\" \/>\n<meta property=\"og:title\" content=\"Actualit\u00e9s du Jour - Africa Defense Forum\" \/>\n<meta property=\"og:description\" content=\"ACTUALIT\u00c9S DU JOUR Actualit\u00e9s du Jour Les forces maliennes et russes retournent \u00e0 Tin Zaouatine apr\u00e8s une d\u00e9faite brutale ADFnovembre 12, 2024 Actualit\u00e9s du Jour La Turquie esp\u00e8re que la pacification peut accro\u00eetre son influence dans la Corne de l\u2019Afrique ADFnovembre 12, 2024 Actualit\u00e9s du Jour Les cam\u00e9ras de s\u00e9curit\u00e9 visent \u00e0 pr\u00e9venir les attaques\" \/>\n<meta property=\"og:url\" content=\"https:\/\/adf-magazine.com\/fr\/actualites-du-jour\/\" \/>\n<meta property=\"og:site_name\" content=\"Africa Defense Forum\" \/>\n<meta property=\"article:publisher\" content=\"https:\/\/www.facebook.com\/ADFmagazine\/\" \/>\n<meta property=\"article:modified_time\" content=\"2024-11-20T15:09:42+00:00\" \/>\n<meta property=\"og:image\" content=\"https:\/\/adf-magazine.com\/wp-content\/uploads\/2024\/11\/GettyImages-644140812-768x512.jpg\" \/>\n<meta name=\"twitter:card\" content=\"summary_large_image\" \/>\n<meta name=\"twitter:site\" content=\"@ADFmagazine\" \/>\n<meta name=\"twitter:label1\" content=\"Dur\u00e9e de lecture estim\u00e9e\" \/>\n\t<meta name=\"twitter:data1\" content=\"3 minutes\" \/>\n<script type=\"application\/ld+json\" class=\"yoast-schema-graph\">{\"@context\":\"https:\\\/\\\/schema.org\",\"@graph\":[{\"@type\":\"WebPage\",\"@id\":\"https:\\\/\\\/adf-magazine.com\\\/fr\\\/actualites-du-jour\\\/\",\"url\":\"https:\\\/\\\/adf-magazine.com\\\/fr\\\/actualites-du-jour\\\/\",\"name\":\"Actualit\u00e9s du Jour - Africa Defense Forum\",\"isPartOf\":{\"@id\":\"https:\\\/\\\/adf-magazine.com\\\/#website\"},\"primaryImageOfPage\":{\"@id\":\"https:\\\/\\\/adf-magazine.com\\\/fr\\\/actualites-du-jour\\\/#primaryimage\"},\"image\":{\"@id\":\"https:\\\/\\\/adf-magazine.com\\\/fr\\\/actualites-du-jour\\\/#primaryimage\"},\"thumbnailUrl\":\"https:\\\/\\\/adf-magazine.com\\\/wp-content\\\/uploads\\\/2024\\\/11\\\/GettyImages-644140812-768x512.jpg\",\"datePublished\":\"2023-05-19T19:15:59+00:00\",\"dateModified\":\"2024-11-20T15:09:42+00:00\",\"breadcrumb\":{\"@id\":\"https:\\\/\\\/adf-magazine.com\\\/fr\\\/actualites-du-jour\\\/#breadcrumb\"},\"inLanguage\":\"fr-FR\",\"potentialAction\":[{\"@type\":\"ReadAction\",\"target\":[\"https:\\\/\\\/adf-magazine.com\\\/fr\\\/actualites-du-jour\\\/\"]}]},{\"@type\":\"ImageObject\",\"inLanguage\":\"fr-FR\",\"@id\":\"https:\\\/\\\/adf-magazine.com\\\/fr\\\/actualites-du-jour\\\/#primaryimage\",\"url\":\"https:\\\/\\\/adf-magazine.com\\\/wp-content\\\/uploads\\\/2024\\\/11\\\/GettyImages-644140812-768x512.jpg\",\"contentUrl\":\"https:\\\/\\\/adf-magazine.com\\\/wp-content\\\/uploads\\\/2024\\\/11\\\/GettyImages-644140812-768x512.jpg\"},{\"@type\":\"BreadcrumbList\",\"@id\":\"https:\\\/\\\/adf-magazine.com\\\/fr\\\/actualites-du-jour\\\/#breadcrumb\",\"itemListElement\":[{\"@type\":\"ListItem\",\"position\":1,\"name\":\"page d\u2019accueil\",\"item\":\"https:\\\/\\\/adf-magazine.com\\\/pt-pt\\\/\"},{\"@type\":\"ListItem\",\"position\":2,\"name\":\"Actualit\u00e9s du Jour\"}]},{\"@type\":\"WebSite\",\"@id\":\"https:\\\/\\\/adf-magazine.com\\\/#website\",\"url\":\"https:\\\/\\\/adf-magazine.com\\\/\",\"name\":\"Africa Defense Forum\",\"description\":\"Africa Defense Forum\",\"potentialAction\":[{\"@type\":\"SearchAction\",\"target\":{\"@type\":\"EntryPoint\",\"urlTemplate\":\"https:\\\/\\\/adf-magazine.com\\\/?s={search_term_string}\"},\"query-input\":{\"@type\":\"PropertyValueSpecification\",\"valueRequired\":true,\"valueName\":\"search_term_string\"}}],\"inLanguage\":\"fr-FR\"}]}<\/script>\n<!-- \/ Yoast SEO plugin. -->","yoast_head_json":{"title":"Actualit\u00e9s du Jour - Africa Defense Forum","robots":{"index":"index","follow":"follow","max-snippet":"max-snippet:-1","max-image-preview":"max-image-preview:large","max-video-preview":"max-video-preview:-1"},"canonical":"https:\/\/adf-magazine.com\/fr\/actualites-du-jour\/","og_locale":"fr_FR","og_type":"article","og_title":"Actualit\u00e9s du Jour - Africa Defense Forum","og_description":"ACTUALIT\u00c9S DU JOUR Actualit\u00e9s du Jour Les forces maliennes et russes retournent \u00e0 Tin Zaouatine apr\u00e8s une d\u00e9faite brutale ADFnovembre 12, 2024 Actualit\u00e9s du Jour La Turquie esp\u00e8re que la pacification peut accro\u00eetre son influence dans la Corne de l\u2019Afrique ADFnovembre 12, 2024 Actualit\u00e9s du Jour Les cam\u00e9ras de s\u00e9curit\u00e9 visent \u00e0 pr\u00e9venir les attaques","og_url":"https:\/\/adf-magazine.com\/fr\/actualites-du-jour\/","og_site_name":"Africa Defense Forum","article_publisher":"https:\/\/www.facebook.com\/ADFmagazine\/","article_modified_time":"2024-11-20T15:09:42+00:00","og_image":[{"url":"https:\/\/adf-magazine.com\/wp-content\/uploads\/2024\/11\/GettyImages-644140812-768x512.jpg","type":"","width":"","height":""}],"twitter_card":"summary_large_image","twitter_site":"@ADFmagazine","twitter_misc":{"Dur\u00e9e de lecture estim\u00e9e":"3 minutes"},"schema":{"@context":"https:\/\/schema.org","@graph":[{"@type":"WebPage","@id":"https:\/\/adf-magazine.com\/fr\/actualites-du-jour\/","url":"https:\/\/adf-magazine.com\/fr\/actualites-du-jour\/","name":"Actualit\u00e9s du Jour - Africa Defense Forum","isPartOf":{"@id":"https:\/\/adf-magazine.com\/#website"},"primaryImageOfPage":{"@id":"https:\/\/adf-magazine.com\/fr\/actualites-du-jour\/#primaryimage"},"image":{"@id":"https:\/\/adf-magazine.com\/fr\/actualites-du-jour\/#primaryimage"},"thumbnailUrl":"https:\/\/adf-magazine.com\/wp-content\/uploads\/2024\/11\/GettyImages-644140812-768x512.jpg","datePublished":"2023-05-19T19:15:59+00:00","dateModified":"2024-11-20T15:09:42+00:00","breadcrumb":{"@id":"https:\/\/adf-magazine.com\/fr\/actualites-du-jour\/#breadcrumb"},"inLanguage":"fr-FR","potentialAction":[{"@type":"ReadAction","target":["https:\/\/adf-magazine.com\/fr\/actualites-du-jour\/"]}]},{"@type":"ImageObject","inLanguage":"fr-FR","@id":"https:\/\/adf-magazine.com\/fr\/actualites-du-jour\/#primaryimage","url":"https:\/\/adf-magazine.com\/wp-content\/uploads\/2024\/11\/GettyImages-644140812-768x512.jpg","contentUrl":"https:\/\/adf-magazine.com\/wp-content\/uploads\/2024\/11\/GettyImages-644140812-768x512.jpg"},{"@type":"BreadcrumbList","@id":"https:\/\/adf-magazine.com\/fr\/actualites-du-jour\/#breadcrumb","itemListElement":[{"@type":"ListItem","position":1,"name":"page d\u2019accueil","item":"https:\/\/adf-magazine.com\/pt-pt\/"},{"@type":"ListItem","position":2,"name":"Actualit\u00e9s du Jour"}]},{"@type":"WebSite","@id":"https:\/\/adf-magazine.com\/#website","url":"https:\/\/adf-magazine.com\/","name":"Africa Defense Forum","description":"Africa Defense Forum","potentialAction":[{"@type":"SearchAction","target":{"@type":"EntryPoint","urlTemplate":"https:\/\/adf-magazine.com\/?s={search_term_string}"},"query-input":{"@type":"PropertyValueSpecification","valueRequired":true,"valueName":"search_term_string"}}],"inLanguage":"fr-FR"}]}},"_links":{"self":[{"href":"https:\/\/adf-magazine.com\/fr\/wp-json\/wp\/v2\/pages\/105802","targetHints":{"allow":["GET"]}}],"collection":[{"href":"https:\/\/adf-magazine.com\/fr\/wp-json\/wp\/v2\/pages"}],"about":[{"href":"https:\/\/adf-magazine.com\/fr\/wp-json\/wp\/v2\/types\/page"}],"author":[{"embeddable":true,"href":"https:\/\/adf-magazine.com\/fr\/wp-json\/wp\/v2\/users\/1"}],"replies":[{"embeddable":true,"href":"https:\/\/adf-magazine.com\/fr\/wp-json\/wp\/v2\/comments?post=105802"}],"version-history":[{"count":0,"href":"https:\/\/adf-magazine.com\/fr\/wp-json\/wp\/v2\/pages\/105802\/revisions"}],"wp:attachment":[{"href":"https:\/\/adf-magazine.com\/fr\/wp-json\/wp\/v2\/media?parent=105802"}],"curies":[{"name":"wp","href":"https:\/\/api.w.org\/{rel}","templated":true}]}}