{"version":"1.0","provider_name":"Africa Defense Forum","provider_url":"https:\/\/adf-magazine.com\/fr\/","title":"Un exercice maritime incarne \u00ab l\u2019esprit de solidarit\u00e9 \u00bb - Africa Defense Forum","type":"rich","width":600,"height":338,"html":"<blockquote class=\"wp-embedded-content\" data-secret=\"ti0mJ7MaXU\"><a href=\"https:\/\/adf-magazine.com\/fr\/2025\/11\/un-exercice-maritime-incarne-lesprit-de-solidarite\/\">Un exercice maritime incarne \u00ab l\u2019esprit de solidarit\u00e9 \u00bb<\/a><\/blockquote><iframe sandbox=\"allow-scripts\" security=\"restricted\" src=\"https:\/\/adf-magazine.com\/fr\/2025\/11\/un-exercice-maritime-incarne-lesprit-de-solidarite\/embed\/#?secret=ti0mJ7MaXU\" width=\"600\" height=\"338\" title=\"\u00ab\u00a0Un exercice maritime incarne \u00ab l\u2019esprit de solidarit\u00e9 \u00bb\u00a0\u00bb &#8212; Africa Defense Forum\" data-secret=\"ti0mJ7MaXU\" frameborder=\"0\" marginwidth=\"0\" marginheight=\"0\" scrolling=\"no\" class=\"wp-embedded-content\"><\/iframe><script type=\"text\/javascript\">\n\/* <![CDATA[ *\/\n\/*! This file is auto-generated *\/\n!function(d,l){\"use strict\";l.querySelector&&d.addEventListener&&\"undefined\"!=typeof URL&&(d.wp=d.wp||{},d.wp.receiveEmbedMessage||(d.wp.receiveEmbedMessage=function(e){var t=e.data;if((t||t.secret||t.message||t.value)&&!\/[^a-zA-Z0-9]\/.test(t.secret)){for(var s,r,n,a=l.querySelectorAll('iframe[data-secret=\"'+t.secret+'\"]'),o=l.querySelectorAll('blockquote[data-secret=\"'+t.secret+'\"]'),c=new RegExp(\"^https?:$\",\"i\"),i=0;i<o.length;i++)o[i].style.display=\"none\";for(i=0;i<a.length;i++)s=a[i],e.source===s.contentWindow&&(s.removeAttribute(\"style\"),\"height\"===t.message?(1e3<(r=parseInt(t.value,10))?r=1e3:~~r<200&&(r=200),s.height=r):\"link\"===t.message&&(r=new URL(s.getAttribute(\"src\")),n=new URL(t.value),c.test(n.protocol))&&n.host===r.host&&l.activeElement===s&&(d.top.location.href=t.value))}},d.addEventListener(\"message\",d.wp.receiveEmbedMessage,!1),l.addEventListener(\"DOMContentLoaded\",function(){for(var e,t,s=l.querySelectorAll(\"iframe.wp-embedded-content\"),r=0;r<s.length;r++)(t=(e=s[r]).getAttribute(\"data-secret\"))||(t=Math.random().toString(36).substring(2,12),e.src+=\"#?secret=\"+t,e.setAttribute(\"data-secret\",t)),e.contentWindow.postMessage({message:\"ready\",secret:t},\"*\")},!1)))}(window,document);\n\/\/# sourceURL=https:\/\/adf-magazine.com\/wp-includes\/js\/wp-embed.min.js\n\/* ]]> *\/\n<\/script>\n","thumbnail_url":"https:\/\/adf-magazine.com\/wp-content\/uploads\/2025\/11\/Perspective_Obangame-Express-Senegal_CMYK.jpg","thumbnail_width":1080,"thumbnail_height":720,"description":"Le contre-amiral Ant\u00f3nio Duarte Monteiro, chef d\u2019\u00e9tat-major des Forces arm\u00e9es du Cap-Vert, s\u2019est exprim\u00e9 \u00e0 Praia le 5 mai 2025 lors de la c\u00e9r\u00e9monie d\u2019ouverture de la 14\u00e8me session d\u2019Obangame Express, exercice maritime multinational auquel participent les pays du golfe de Guin\u00e9e. C\u2019est la premi\u00e8re fois que le Cap-Vert accueille l\u2019exercice. Les remarques de l\u2019amiral"}