{"version":"1.0","provider_name":"Africa Defense Forum","provider_url":"https:\/\/adf-magazine.com\/fr\/","title":"Faites Fleurir La D\u00e9mocratie - Africa Defense Forum","type":"rich","width":600,"height":338,"html":"<blockquote class=\"wp-embedded-content\" data-secret=\"kfa2SvVHVz\"><a href=\"https:\/\/adf-magazine.com\/fr\/2022\/05\/faites-fleurir-la-democratie\/\">Faites Fleurir La D\u00e9mocratie<\/a><\/blockquote><iframe sandbox=\"allow-scripts\" security=\"restricted\" src=\"https:\/\/adf-magazine.com\/fr\/2022\/05\/faites-fleurir-la-democratie\/embed\/#?secret=kfa2SvVHVz\" width=\"600\" height=\"338\" title=\"\u00ab\u00a0Faites Fleurir La D\u00e9mocratie\u00a0\u00bb &#8212; Africa Defense Forum\" data-secret=\"kfa2SvVHVz\" frameborder=\"0\" marginwidth=\"0\" marginheight=\"0\" scrolling=\"no\" class=\"wp-embedded-content\"><\/iframe><script type=\"text\/javascript\">\n\/* <![CDATA[ *\/\n\/*! This file is auto-generated *\/\n!function(d,l){\"use strict\";l.querySelector&&d.addEventListener&&\"undefined\"!=typeof URL&&(d.wp=d.wp||{},d.wp.receiveEmbedMessage||(d.wp.receiveEmbedMessage=function(e){var t=e.data;if((t||t.secret||t.message||t.value)&&!\/[^a-zA-Z0-9]\/.test(t.secret)){for(var s,r,n,a=l.querySelectorAll('iframe[data-secret=\"'+t.secret+'\"]'),o=l.querySelectorAll('blockquote[data-secret=\"'+t.secret+'\"]'),c=new RegExp(\"^https?:$\",\"i\"),i=0;i<o.length;i++)o[i].style.display=\"none\";for(i=0;i<a.length;i++)s=a[i],e.source===s.contentWindow&&(s.removeAttribute(\"style\"),\"height\"===t.message?(1e3<(r=parseInt(t.value,10))?r=1e3:~~r<200&&(r=200),s.height=r):\"link\"===t.message&&(r=new URL(s.getAttribute(\"src\")),n=new URL(t.value),c.test(n.protocol))&&n.host===r.host&&l.activeElement===s&&(d.top.location.href=t.value))}},d.addEventListener(\"message\",d.wp.receiveEmbedMessage,!1),l.addEventListener(\"DOMContentLoaded\",function(){for(var e,t,s=l.querySelectorAll(\"iframe.wp-embedded-content\"),r=0;r<s.length;r++)(t=(e=s[r]).getAttribute(\"data-secret\"))||(t=Math.random().toString(36).substring(2,12),e.src+=\"#?secret=\"+t,e.setAttribute(\"data-secret\",t)),e.contentWindow.postMessage({message:\"ready\",secret:t},\"*\")},!1)))}(window,document);\n\/\/# sourceURL=https:\/\/adf-magazine.com\/wp-includes\/js\/wp-embed.min.js\n\/* ]]> *\/\n<\/script>\n","thumbnail_url":"https:\/\/adf-magazine.com\/wp-content\/uploads\/2022\/04\/GettyImages-904805096_edit.jpg","thumbnail_width":1080,"thumbnail_height":709,"description":"PERSONNEL D\u2019ADF Les manifestations du Printemps arabe ont balay\u00e9 l\u2019Afrique du Nord et le Proche-Orient au d\u00e9but des ann\u00e9es 2010, lorsque les peuples se sont soulev\u00e9s contre des ann\u00e9es d\u2019autocratie. Ces manifestations ont produit tout un \u00e9ventail de r\u00e9sultats, depuis le chaos durable en Libye jusqu\u2019\u00e0 la s\u00e9duction d\u2019un r\u00e9gime d\u00e9mocratique dans l\u2019\u00c9gypte voisine. La"}