{"version":"1.0","provider_name":"Africa Defense Forum","provider_url":"https:\/\/adf-magazine.com\/fr\/","title":"La r\u00e9int\u00e9gration Des Anciens Extr\u00e9mistes - Africa Defense Forum","type":"rich","width":600,"height":338,"html":"<blockquote class=\"wp-embedded-content\" data-secret=\"rpmi8fCudG\"><a href=\"https:\/\/adf-magazine.com\/fr\/2020\/09\/la-reintegration-des-anciens-extremistes\/\">La r\u00e9int\u00e9gration Des Anciens Extr\u00e9mistes<\/a><\/blockquote><iframe sandbox=\"allow-scripts\" security=\"restricted\" src=\"https:\/\/adf-magazine.com\/fr\/2020\/09\/la-reintegration-des-anciens-extremistes\/embed\/#?secret=rpmi8fCudG\" width=\"600\" height=\"338\" title=\"\u00ab\u00a0La r\u00e9int\u00e9gration Des Anciens Extr\u00e9mistes\u00a0\u00bb &#8212; Africa Defense Forum\" data-secret=\"rpmi8fCudG\" frameborder=\"0\" marginwidth=\"0\" marginheight=\"0\" scrolling=\"no\" class=\"wp-embedded-content\"><\/iframe><script type=\"text\/javascript\">\n\/* <![CDATA[ *\/\n\/*! This file is auto-generated *\/\n!function(d,l){\"use strict\";l.querySelector&&d.addEventListener&&\"undefined\"!=typeof URL&&(d.wp=d.wp||{},d.wp.receiveEmbedMessage||(d.wp.receiveEmbedMessage=function(e){var t=e.data;if((t||t.secret||t.message||t.value)&&!\/[^a-zA-Z0-9]\/.test(t.secret)){for(var s,r,n,a=l.querySelectorAll('iframe[data-secret=\"'+t.secret+'\"]'),o=l.querySelectorAll('blockquote[data-secret=\"'+t.secret+'\"]'),c=new RegExp(\"^https?:$\",\"i\"),i=0;i<o.length;i++)o[i].style.display=\"none\";for(i=0;i<a.length;i++)s=a[i],e.source===s.contentWindow&&(s.removeAttribute(\"style\"),\"height\"===t.message?(1e3<(r=parseInt(t.value,10))?r=1e3:~~r<200&&(r=200),s.height=r):\"link\"===t.message&&(r=new URL(s.getAttribute(\"src\")),n=new URL(t.value),c.test(n.protocol))&&n.host===r.host&&l.activeElement===s&&(d.top.location.href=t.value))}},d.addEventListener(\"message\",d.wp.receiveEmbedMessage,!1),l.addEventListener(\"DOMContentLoaded\",function(){for(var e,t,s=l.querySelectorAll(\"iframe.wp-embedded-content\"),r=0;r<s.length;r++)(t=(e=s[r]).getAttribute(\"data-secret\"))||(t=Math.random().toString(36).substring(2,12),e.src+=\"#?secret=\"+t,e.setAttribute(\"data-secret\",t)),e.contentWindow.postMessage({message:\"ready\",secret:t},\"*\")},!1)))}(window,document);\n\/\/# sourceURL=https:\/\/adf-magazine.com\/wp-includes\/js\/wp-embed.min.js\n\/* ]]> *\/\n<\/script>\n","thumbnail_url":"https:\/\/adf-magazine.com\/wp-content\/uploads\/2020\/09\/ddr-kids.jpg","thumbnail_width":1080,"thumbnail_height":717,"description":"PERSONNEL D\u2019ADF | PHOTOS PAR REUTERS S\u2019il existe un pays qui sait ce qu\u2019est le d\u00e9sarmement, la d\u00e9mobilisation et la r\u00e9int\u00e9gration des combattants ennemis, c\u2019est bien l\u2019Ouganda, du fait de son exp\u00e9rience avec l\u2019Arm\u00e9e de r\u00e9sistance du Seigneur. L\u2019Arm\u00e9e de r\u00e9sistance du Seigneur (LRA) de Joseph Kony est essentiellement inactive aujourd\u2019hui, mais pendant ses ann\u00e9es"}