{"version":"1.0","provider_name":"Africa Defense Forum","provider_url":"https:\/\/adf-magazine.com\/fr\/","title":"L\u2019AFRIQUE DE L\u2019EST S\u2019UNIT CONTRE L\u2019EXTR\u00c9MISME - Africa Defense Forum","type":"rich","width":600,"height":338,"html":"<blockquote class=\"wp-embedded-content\" data-secret=\"eEtKuLlsEb\"><a href=\"https:\/\/adf-magazine.com\/fr\/2016\/03\/lafrique-de-lest-sunit-contre-lextremisme\/\">L\u2019AFRIQUE DE L\u2019EST S\u2019UNIT CONTRE L\u2019EXTR\u00c9MISME<\/a><\/blockquote><iframe sandbox=\"allow-scripts\" security=\"restricted\" src=\"https:\/\/adf-magazine.com\/fr\/2016\/03\/lafrique-de-lest-sunit-contre-lextremisme\/embed\/#?secret=eEtKuLlsEb\" width=\"600\" height=\"338\" title=\"\u00ab\u00a0L\u2019AFRIQUE DE L\u2019EST S\u2019UNIT CONTRE L\u2019EXTR\u00c9MISME\u00a0\u00bb &#8212; Africa Defense Forum\" data-secret=\"eEtKuLlsEb\" frameborder=\"0\" marginwidth=\"0\" marginheight=\"0\" scrolling=\"no\" class=\"wp-embedded-content\"><\/iframe><script type=\"text\/javascript\">\n\/* <![CDATA[ *\/\n\/*! This file is auto-generated *\/\n!function(d,l){\"use strict\";l.querySelector&&d.addEventListener&&\"undefined\"!=typeof URL&&(d.wp=d.wp||{},d.wp.receiveEmbedMessage||(d.wp.receiveEmbedMessage=function(e){var t=e.data;if((t||t.secret||t.message||t.value)&&!\/[^a-zA-Z0-9]\/.test(t.secret)){for(var s,r,n,a=l.querySelectorAll('iframe[data-secret=\"'+t.secret+'\"]'),o=l.querySelectorAll('blockquote[data-secret=\"'+t.secret+'\"]'),c=new RegExp(\"^https?:$\",\"i\"),i=0;i<o.length;i++)o[i].style.display=\"none\";for(i=0;i<a.length;i++)s=a[i],e.source===s.contentWindow&&(s.removeAttribute(\"style\"),\"height\"===t.message?(1e3<(r=parseInt(t.value,10))?r=1e3:~~r<200&&(r=200),s.height=r):\"link\"===t.message&&(r=new URL(s.getAttribute(\"src\")),n=new URL(t.value),c.test(n.protocol))&&n.host===r.host&&l.activeElement===s&&(d.top.location.href=t.value))}},d.addEventListener(\"message\",d.wp.receiveEmbedMessage,!1),l.addEventListener(\"DOMContentLoaded\",function(){for(var e,t,s=l.querySelectorAll(\"iframe.wp-embedded-content\"),r=0;r<s.length;r++)(t=(e=s[r]).getAttribute(\"data-secret\"))||(t=Math.random().toString(36).substring(2,12),e.src+=\"#?secret=\"+t,e.setAttribute(\"data-secret\",t)),e.contentWindow.postMessage({message:\"ready\",secret:t},\"*\")},!1)))}(window,document);\n\/\/# sourceURL=https:\/\/adf-magazine.com\/wp-includes\/js\/wp-embed.min.js\n\/* ]]> *\/\n<\/script>\n","thumbnail_url":"https:\/\/adf-magazine.com\/wp-content\/uploads\/2016\/03\/GettyImages-477968520_edit.jpg","thumbnail_width":1080,"thumbnail_height":719,"description":"La r\u00e9gion s\u2019engage \u00e0 cr\u00e9er un Centre d\u2019excellence pour lutter contre la menace terroriste PERSONNEL D\u2019ADF L\u2019Afrique de l\u2019Est est souvent pr\u00e9sent\u00e9e comme un mod\u00e8le de croissance \u00e9conomique et de d\u00e9veloppement de l\u2019infrastructure. Selon la Banque mondiale, la croissance \u00e9conomique de l\u2019\u00c9thiopie a \u00e9t\u00e9 la plus rapide du monde en 2015. Une nouvelle liaison ferroviaire"}