{"version":"1.0","provider_name":"Africa Defense Forum","provider_url":"https:\/\/adf-magazine.com\/fr\/","title":"LE MAROC \u00c9LIMINE UNE CELLULE TERRORISTE - Africa Defense Forum","type":"rich","width":600,"height":338,"html":"<blockquote class=\"wp-embedded-content\" data-secret=\"NNHsuHgaIw\"><a href=\"https:\/\/adf-magazine.com\/fr\/2015\/12\/le-maroc-elimine-une-cellule-terroriste\/\">LE MAROC \u00c9LIMINE UNE CELLULE TERRORISTE<\/a><\/blockquote><iframe sandbox=\"allow-scripts\" security=\"restricted\" src=\"https:\/\/adf-magazine.com\/fr\/2015\/12\/le-maroc-elimine-une-cellule-terroriste\/embed\/#?secret=NNHsuHgaIw\" width=\"600\" height=\"338\" title=\"\u00ab\u00a0LE MAROC \u00c9LIMINE UNE CELLULE TERRORISTE\u00a0\u00bb &#8212; Africa Defense Forum\" data-secret=\"NNHsuHgaIw\" frameborder=\"0\" marginwidth=\"0\" marginheight=\"0\" scrolling=\"no\" class=\"wp-embedded-content\"><\/iframe><script type=\"text\/javascript\">\n\/* <![CDATA[ *\/\n\/*! This file is auto-generated *\/\n!function(d,l){\"use strict\";l.querySelector&&d.addEventListener&&\"undefined\"!=typeof URL&&(d.wp=d.wp||{},d.wp.receiveEmbedMessage||(d.wp.receiveEmbedMessage=function(e){var t=e.data;if((t||t.secret||t.message||t.value)&&!\/[^a-zA-Z0-9]\/.test(t.secret)){for(var s,r,n,a=l.querySelectorAll('iframe[data-secret=\"'+t.secret+'\"]'),o=l.querySelectorAll('blockquote[data-secret=\"'+t.secret+'\"]'),c=new RegExp(\"^https?:$\",\"i\"),i=0;i<o.length;i++)o[i].style.display=\"none\";for(i=0;i<a.length;i++)s=a[i],e.source===s.contentWindow&&(s.removeAttribute(\"style\"),\"height\"===t.message?(1e3<(r=parseInt(t.value,10))?r=1e3:~~r<200&&(r=200),s.height=r):\"link\"===t.message&&(r=new URL(s.getAttribute(\"src\")),n=new URL(t.value),c.test(n.protocol))&&n.host===r.host&&l.activeElement===s&&(d.top.location.href=t.value))}},d.addEventListener(\"message\",d.wp.receiveEmbedMessage,!1),l.addEventListener(\"DOMContentLoaded\",function(){for(var e,t,s=l.querySelectorAll(\"iframe.wp-embedded-content\"),r=0;r<s.length;r++)(t=(e=s[r]).getAttribute(\"data-secret\"))||(t=Math.random().toString(36).substring(2,12),e.src+=\"#?secret=\"+t,e.setAttribute(\"data-secret\",t)),e.contentWindow.postMessage({message:\"ready\",secret:t},\"*\")},!1)))}(window,document);\n\/\/# sourceURL=https:\/\/adf-magazine.com\/wp-includes\/js\/wp-embed.min.js\n\/* ]]> *\/\n<\/script>\n","thumbnail_url":"https:\/\/adf-magazine.com\/wp-content\/uploads\/2015\/12\/GettyImages-467364514_edit.jpg","thumbnail_width":1080,"thumbnail_height":719,"description":"Le Maroc a d\u00e9mantel\u00e9 une cellule terroriste de sept membres li\u00e9e \u00e0 l\u2019\u00c9tat islamique en Irak et en Syrie (EI), qui projetait d\u2019enlever et d\u2019assassiner des touristes, a annonc\u00e9 le minist\u00e8re de l\u2019Int\u00e9rieur. Les suspects, dont les identit\u00e9s n\u2019ont pas \u00e9t\u00e9 r\u00e9v\u00e9l\u00e9es, avaient fait all\u00e9geance \u00e0 l\u2019EI, a pr\u00e9cis\u00e9 le minist\u00e8re dans une d\u00e9claration reprise"}